{"id":6342,"date":"2016-02-05T14:33:19","date_gmt":"2016-02-05T13:33:19","guid":{"rendered":"http:\/\/songkol.com\/WordPress3\/?page_id=6342"},"modified":"2018-05-25T17:41:57","modified_gmt":"2018-05-25T15:41:57","slug":"bons-plans-par-pays","status":"publish","type":"page","link":"http:\/\/songkol.com\/WordPress3\/preparatifs\/bons-plans-par-pays\/","title":{"rendered":"Conseils et bons plans par pays"},"content":{"rendered":"<p>Voici des <span style=\"color: #008000;\">r\u00e9sum\u00e9s<\/span> par pays suivis de quelques id\u00e9es, conseils,\u00a0informations\u00a0assez h\u00e9t\u00e9roclites mais\u00a0tr\u00e8s pratiques. Cette page n&rsquo;a rien d&rsquo;exhaustif : c&rsquo;est une reprise de nos notes et de\u00a0nos\u00a0\u00ab\u00a0bons plans\u00a0\u00bb\u00a0envoy\u00e9s aux deux listes de diffusion <strong>Lien AmSud<\/strong> et <strong>Lien AmNordCentrale<\/strong> (cf page <a href=\"http:\/\/songkol.com\/WordPress3\/preparatifs\/sites-forums-utiles\/\">Sites et forum utiles<\/a>). Toutes ces indications sont de nous, des infos r\u00e9elles, des situations comme nous les avons v\u00e9cues. N\u2019oubliez pas que tout change : l&rsquo;info du jour\u00a0est valable le lendemain\u00a0mais ne le sera\u00a0peut \u00eatre plus la semaine d&rsquo;apr\u00e8s. Cependant cela vous donne une id\u00e9e des tr\u00e9sors qui vous attendent ou \u00e0 quelle sauce vous serez mang\u00e9 aux\u00a0douanes !<\/p>\n<p><em>Derni\u00e8re modification :\u00a0<span class=\"last-modified-timestamp\">Mai 25, 2018 @ 17 h 41 min<\/span><\/em><\/p>\n<h3><span id=\"ARGENTINE\"><span style=\"color: #993300;\">ARGENTINE<\/span><\/span><\/h3><div id=\"toc_container\" class=\"toc_wrap_right no_bullets\"><p class=\"toc_title\">Sommaire<\/p><ul class=\"toc_list\"><li><a href=\"#ARGENTINE\"><span class=\"toc_number toc_depth_1\">1<\/span> ARGENTINE<\/a><\/li><li><a href=\"#CHILI\"><span class=\"toc_number toc_depth_1\">2<\/span> CHILI<\/a><\/li><li><a href=\"#BOLIVIE\"><span class=\"toc_number toc_depth_1\">3<\/span> BOLIVIE<\/a><\/li><li><a href=\"#PEROU\"><span class=\"toc_number toc_depth_1\">4<\/span> PEROU<\/a><\/li><li><a href=\"#EQUATEUR\"><span class=\"toc_number toc_depth_1\">5<\/span> EQUATEUR<\/a><\/li><li><a href=\"#COLOMBIE\"><span class=\"toc_number toc_depth_1\">6<\/span> COLOMBIE<\/a><\/li><li><a href=\"#PANAMA\"><span class=\"toc_number toc_depth_1\">7<\/span> PANAMA<\/a><\/li><li><a href=\"#COSTA_RICA\"><span class=\"toc_number toc_depth_1\">8<\/span> COSTA RICA<\/a><\/li><li><a href=\"#NICARAGUA\"><span class=\"toc_number toc_depth_1\">9<\/span> NICARAGUA<\/a><\/li><li><a href=\"#HONDURAS\"><span class=\"toc_number toc_depth_1\">10<\/span> HONDURAS<\/a><\/li><li><a href=\"#SAN_SALVADOR\"><span class=\"toc_number toc_depth_1\">11<\/span> SAN SALVADOR<\/a><\/li><li><a href=\"#GUATEMALA\"><span class=\"toc_number toc_depth_1\">12<\/span> GUATEMALA<\/a><\/li><li><a href=\"#MEXIQUE\"><span class=\"toc_number toc_depth_1\">13<\/span> MEXIQUE<\/a><\/li><li><a href=\"#USA\"><span class=\"toc_number toc_depth_1\">14<\/span> USA<\/a><\/li><\/ul><\/div>\n\n<p><span style=\"color: #008000;\"><strong>En r\u00e9sum\u00e9 :<\/strong> un pays latino-europ\u00e9en indissociable du Chili tant ils sont \u00e0 la fois diff\u00e9rents et li\u00e9s par une histoire similaire. Des Argentins aux origines diverses qui ont chacun une histoire de famille particuli\u00e8re. <strong>On a aim\u00e9 (dans le d\u00e9sordre)\u00a0\u00a0:<\/strong> le contraste des paysages \u00e0 chaque passage de fronti\u00e8re depuis\/vers le Chili. Les plazas de armas o\u00f9 l\u2019on rencontre tout le village. Les \u00e9l\u00e9gants et solitaires groupes de vicunas dans les hauts plateaux andins. Le couch\u00e9 de soleil depuis le cerro Hornocal face \u00e0 la montagne aux 14 couleurs (Humahuaca). Les caf\u00e9s et belles fa\u00e7ades de Buenos Aires. Les craquements tonitruants du glacier Perito Moreno. Une soir\u00e9e astronomie \u00e0 l\u2019observatoire du parc El Leoncito. Barreal, un oasis enchanteur couvert de saules et peupliers au milieu d\u2019un paysage rocheux. Le paisible Molinos, petit village de pis\u00e9 perdu dans les vall\u00e9es recul\u00e9es Calchaquies. La d\u00e9gustation de torontes dans une bodega de Cafayate. Le paysage creus\u00e9 de la quebrada de Cafayate au coucher du soleil. Les nuits sous tente face au paysage sauvage et aux sommets d\u00e9chiquet\u00e9s du Fitz Roy. Les lions de mer \u00e0 Valdes, les manchots de Magellan \u00e0 Punta Tombo et les dauphins de Commerson \u00e0 Puerto San Julian. Le canal de Beagle qui a vu vivre les Yagan.<\/span><\/p>\n<p><strong>&gt; Cerro Hornocal &#8211; bivouac en montagne<\/strong><\/p>\n<div id=\"attachment_2360\" style=\"width: 160px\" class=\"wp-caption alignright\"><img aria-describedby=\"caption-attachment-2360\" data-attachment-id=\"2360\" data-permalink=\"http:\/\/songkol.com\/WordPress3\/preparatifs\/bons-plans-par-pays\/quebrada04\/\" data-orig-file=\"https:\/\/i0.wp.com\/songkol.com\/WordPress3\/wp-content\/uploads\/2014\/06\/quebrada04.jpg?fit=1280%2C960\" data-orig-size=\"1280,960\" data-comments-opened=\"1\" data-image-meta=\"{&quot;aperture&quot;:&quot;6.3&quot;,&quot;credit&quot;:&quot;&quot;,&quot;camera&quot;:&quot;DSC-HX50V&quot;,&quot;caption&quot;:&quot;&quot;,&quot;created_timestamp&quot;:&quot;1402247497&quot;,&quot;copyright&quot;:&quot;&quot;,&quot;focal_length&quot;:&quot;41.08&quot;,&quot;iso&quot;:&quot;80&quot;,&quot;shutter_speed&quot;:&quot;0.002&quot;,&quot;title&quot;:&quot;&quot;}\" data-image-title=\"quebrada04\" data-image-description=\"\" data-image-caption=\"&lt;p&gt;HUMAHUACA \/ Cerro Hornocal (4400 m)&lt;\/p&gt;\n\" data-medium-file=\"https:\/\/i0.wp.com\/songkol.com\/WordPress3\/wp-content\/uploads\/2014\/06\/quebrada04.jpg?fit=300%2C225\" data-large-file=\"https:\/\/i0.wp.com\/songkol.com\/WordPress3\/wp-content\/uploads\/2014\/06\/quebrada04.jpg?fit=768%2C576\" loading=\"lazy\" class=\"size-thumbnail wp-image-2360\" src=\"https:\/\/i0.wp.com\/songkol.com\/WordPress3\/wp-content\/uploads\/2014\/06\/quebrada04.jpg?resize=150%2C150\" alt=\"HUMAHUACA \/ Cerro Hornocal\" width=\"150\" height=\"150\" srcset=\"https:\/\/i0.wp.com\/songkol.com\/WordPress3\/wp-content\/uploads\/2014\/06\/quebrada04.jpg?resize=150%2C150 150w, https:\/\/i0.wp.com\/songkol.com\/WordPress3\/wp-content\/uploads\/2014\/06\/quebrada04.jpg?zoom=2&amp;resize=150%2C150 300w, https:\/\/i0.wp.com\/songkol.com\/WordPress3\/wp-content\/uploads\/2014\/06\/quebrada04.jpg?zoom=3&amp;resize=150%2C150 450w\" sizes=\"(max-width: 150px) 100vw, 150px\" data-recalc-dims=\"1\" \/><p id=\"caption-attachment-2360\" class=\"wp-caption-text\">HUMAHUACA \/ Cerro Hornocal<\/p><\/div>\n<p>L\u2019un de nos meilleurs souvenirs de bivouac nord-argentin \u00e9tait en face du cerro Hornocal, \u00e0 quelques kilom\u00e8tres \u00e0 l\u2019est de Humahuaca (situ\u00e9 au coeur de la quebrada du m\u00eame nom). Un magnifique coucher de soleil qui met en valeur une dizaine de couleurs de roches diff\u00e9rentes. N\u2019ayant pas trouv\u00e9 d\u2019infos pour y parvenir, voici la route \u00e0 suivre :<br \/>\nA la sortie du pont de Humahuaca (S23.20209 W65.34587), prendre tout de suite tr\u00e8s \u00e0 gauche en direction de Coctaca. Tout droit jusqu\u2019\u00e0 la bifurcation (S23.19289 W65.34272) o\u00f9 il faut prendre \u00e0 droite. Puis suivre cette piste pendant un peu moins d\u2019une heure (plaine puis lacets) jusqu\u2019\u00e0 un col o\u00f9 \u00e0 la bifurcation (S23.18294 W65.19504) il faut prendre la piste la plus \u00e0 droite qui vous emmenera jusqu\u2019au lieu de bivouac (4340m) : S23.19744 W65.19345<br \/>\n<span style=\"color: #993300;\">Des photos sur notre blog ici :<\/span><br \/>\n<a href=\"http:\/\/songkol.com\/WordPress3\/ultime-argentine-au-nord-de-salta-au-paso-de-jama\/\" target=\"_blank\" rel=\"noopener\">http:\/\/songkol.com\/WordPress3\/ultime-argentine-au-nord-de-salta-au-paso-de-jama\/<\/a><\/p>\n<p><strong>&gt; Trelew &#8211; garagiste fran\u00e7ais (d\u00e9c\u00e9d\u00e9 en 2015)<\/strong><br \/>\nD\u00e9but janvier 2014, dans une rue du petit port de Camarones, un conducteur ivre a percut\u00e9 notre camping-car \u00e0 1h du mat\u2019 alors que toute la famille dormait paisiblement. R\u00e9veil plut\u00f4t brutal\u2026 Pas de d\u00e9g\u00e2ts physiques mais des r\u00e9parations \u00e0 faire sur la carrosserie. Apr\u00e8s une petite semaine bloqu\u00e9s \u00e0 Camarones dans l\u2019attente du passage de l\u2019expert d\u2019Allianz Argentine (nous \u00e9tions encore dans les trois mois du contrat d\u2019assurance souscrit en France), nous avons finalement compris que ca ne se passerait pas \u00e0 la fran\u00e7aise et qu\u2019il fallait prendre les choses en main.<br \/>\nSur les conseils d\u2019un couple de fran\u00e7ais, \u00e9leveurs de moules \u00e0 Camarones, nous sommes parti pour Trelew. C\u2019est l\u00e0 que nous avons fait la rencontre de Maurice Plat, plus connu sous le surnom de \u00ab El Frances \u00bb \u00e0 Trelew. Il est m\u00e9cano en Argentine depuis la fin des ann\u00e9es 60. A la belle \u00e9poque il g\u00e9rait un atelier avec une \u00e9quipe de 7 m\u00e9canos. Aujourd\u2019hui \u00e0 la retraite, il continu \u00e0 d\u00e9panner autant les Argentins que les Europ\u00e9ens qui passent par l\u00e0. N\u2019h\u00e9sitez pas \u00e0 faire appel \u00e0 lui parce qu\u2019au del\u00e0 de ses comp\u00e9tences, il continue \u00e0 entretenir un r\u00e9seau de professionnels de qualit\u00e9. Il nous avait ainsi orient\u00e9 vers <em>Juan Pablo Palmero, un sp\u00e9cialiste des elasticos et frenos<\/em> (suspension lame \/ frein) qui nous a reband\u00e9 nos deux paquets de lames arri\u00e8re (mobile 0280 15 4394059).<br \/>\nAu del\u00e0 du m\u00e9cano, Maurice est aussi un homme attachant qui a mille choses \u00e0 raconter.<br \/>\n<strong>Maurice Plat<\/strong><br \/>\n<strong> Hipolito Irigoyen 1575<\/strong><br \/>\n<strong> mobile : 0280 15 4400899<\/strong><br \/>\n<strong> Fixe : 0280 4424276<\/strong><\/p>\n<p><strong>&gt; PN Leoncito : observation des \u00e9toiles<\/strong><br \/>\nIl y a de nombreuses possibilit\u00e9s c\u00f4t\u00e9 chilien mais la soir\u00e9e astronomie qu\u2019on a pr\u00e9f\u00e9r\u00e9 \u00e9tait en espagnol \u00e0 l\u2019observatoire du parc national Leoncito en Argentine.\u00a0Ne manquez pas la route de la vall\u00e9e de Calingasta et Bar\u00e9al \u00e0 l&rsquo;ombre des peupliers.<br \/>\nGPS bivouac :\u00a0S31.79501 W69.33186<br \/>\n<span style=\"color: #993300;\">Des photos sur notre blog :<\/span>\u00a0<a href=\"http:\/\/songkol.com\/WordPress3\/la-vallee-de-calingasta-cest-par-la\/\" rel=\"bookmark\">La vall\u00e9e de Calingasta, c\u2019est par l\u00e0<\/a>\u00a0(PN Leoncito)<\/p>\n<p><strong>&gt; Cordoba : sant\u00e9, gastronomie, divers\u2026<\/strong><\/p>\n<div id=\"attachment_2167\" style=\"width: 160px\" class=\"wp-caption alignright\"><img aria-describedby=\"caption-attachment-2167\" data-attachment-id=\"2167\" data-permalink=\"http:\/\/songkol.com\/WordPress3\/preparatifs\/bons-plans-par-pays\/cordoba05\/\" data-orig-file=\"https:\/\/i0.wp.com\/songkol.com\/WordPress3\/wp-content\/uploads\/2014\/05\/cordoba05.jpg?fit=1024%2C500\" data-orig-size=\"1024,500\" data-comments-opened=\"1\" data-image-meta=\"{&quot;aperture&quot;:&quot;11&quot;,&quot;credit&quot;:&quot;&quot;,&quot;camera&quot;:&quot;Canon EOS 5D&quot;,&quot;caption&quot;:&quot;&quot;,&quot;created_timestamp&quot;:&quot;1399980285&quot;,&quot;copyright&quot;:&quot;&quot;,&quot;focal_length&quot;:&quot;40&quot;,&quot;iso&quot;:&quot;400&quot;,&quot;shutter_speed&quot;:&quot;0.003125&quot;,&quot;title&quot;:&quot;&quot;}\" data-image-title=\"CORDOBA\" data-image-description=\"\" data-image-caption=\"&lt;p&gt;CORDOBA&lt;\/p&gt;\n\" data-medium-file=\"https:\/\/i0.wp.com\/songkol.com\/WordPress3\/wp-content\/uploads\/2014\/05\/cordoba05.jpg?fit=300%2C146\" data-large-file=\"https:\/\/i0.wp.com\/songkol.com\/WordPress3\/wp-content\/uploads\/2014\/05\/cordoba05.jpg?fit=768%2C375\" loading=\"lazy\" class=\"size-thumbnail wp-image-2167\" src=\"https:\/\/i0.wp.com\/songkol.com\/WordPress3\/wp-content\/uploads\/2014\/05\/cordoba05.jpg?resize=150%2C150\" alt=\"Cordoba\" width=\"150\" height=\"150\" srcset=\"https:\/\/i0.wp.com\/songkol.com\/WordPress3\/wp-content\/uploads\/2014\/05\/cordoba05.jpg?resize=150%2C150 150w, https:\/\/i0.wp.com\/songkol.com\/WordPress3\/wp-content\/uploads\/2014\/05\/cordoba05.jpg?zoom=2&amp;resize=150%2C150 300w, https:\/\/i0.wp.com\/songkol.com\/WordPress3\/wp-content\/uploads\/2014\/05\/cordoba05.jpg?zoom=3&amp;resize=150%2C150 450w\" sizes=\"(max-width: 150px) 100vw, 150px\" data-recalc-dims=\"1\" \/><p id=\"caption-attachment-2167\" class=\"wp-caption-text\">Cordoba<\/p><\/div>\n<p>Voici des infos pratiques \u00e0 destination de ceux qui passeront par Cordoba.<br \/>\n<span style=\"color: #993300;\">SANTE<\/span><br \/>\nLe consul honoraire de France, Pablo Sonzini, est aussi le chef du service chirurgie digestive de l\u2019Institut Houlton. Il nous a \u00e9t\u00e9 d\u2019un grand secours quand nous avons compris que notre fils de 18 mois\u00a0devait \u00eatre op\u00e9r\u00e9 d\u2019une hernie inguinale. Nous l\u2019avons fait op\u00e9r\u00e9 \u00e0 l\u2019Hospital Privado (S31.44240 W64.19874) o\u00f9 plusieurs m\u00e9decins parlaient fran\u00e7ais (stages \u00e0 Strasbourg, Marseille,\u2026). L\u2019IMA a tout pris en charge (6 premiers mois du voyage).<br \/>\n&gt; Pablo Sonzini : +54 9 351 550 1605<br \/>\n<span style=\"color: #993300;\">GASTRONOMIE<\/span><br \/>\nJacques Payen, fran\u00e7ais mari\u00e9 \u00e0 une Argentine, est grossiste pour les \u00e9piceries fines de la r\u00e9gion de Cordoba. Il se d\u00e9m\u00e8ne depuis plusieurs dizaines d\u2019ann\u00e9es pour trouver des bons produits (camembert, brie, bleu, ch\u00e8vre, vins, huile d\u2019olive,\u2026) et a d\u00e9j\u00e0 organis\u00e9 des voyages en France pour former des producteurs de fromages aux techniques fran\u00e7aises. Vous retrouverez une partie de ses produits \u00e0 l\u2019\u00e9picerie fine MARIO (S31.41549 W64.18615) situ\u00e9e dans le passage entre les rues Velez-Sarsfield et Obispo Trejo (entr\u00e9e face \u00e0 la basilica Santo Domingo). Cette m\u00eame \u00e9picerie vous recommandera une bonne boulangerie \u00e0 deux pas de l\u00e0. Jacques vend aussi ses produits \u00e0 un Fran\u00e7ais qui tient une \u00e9picerie fine \u00e0 Alta Gracia.<br \/>\n&gt; Jacques Payen : 0351155317204 &#8211; <a href=\"mailto:lepetitcellier@gmail.com\">lepetitcellier@gmail.com<\/a><br \/>\n<span style=\"color: #993300;\">POINTS GPS DIVERS<\/span><br \/>\n&#8211; Parking \u00e0 deux pas du centre-ville adapt\u00e9 aux CC de 3m de haut et 7m de long : S31.41334 W64.18137<br \/>\n&#8211; Camping municipal au coeur d\u2019un parc mais \u00e9loign\u00e9 du centre-ville : S31.36192 W64.26288<br \/>\n&#8211; Magasin \u00ab\u00a0El Rey Del Freino\u00a0\u00bb : S31.40683 W64.19308<br \/>\n&#8211; Magasin \u00ab\u00a0La Casa Del Filtro \u00bb : S31.40725 W64.18337<br \/>\n&#8211; Consulat \/ Alliance Francaise, Ayacucho 46 : S31.41489 W64.18969<br \/>\n&#8211; Magasin pour nettoyer un capteur d\u2019appareil num\u00e9rique : S31.41586 W64.18859<br \/>\n&#8211; Pour les enfants, parc de jeux sensoriels (Las Tejas) : S31.43165 W64.18483<br \/>\n&#8211; Gibert Car &#8211; sp\u00e9cialiste camping-car (r\u00e9paration et modification) : S31.45481 W64.25101<br \/>\n&#8211; Assurance Allianz &#8211; nouveau bureau Mariano Fragueiro 474 : S31.40757 W64.19142<\/p>\n<p><strong>&gt; Cordoba : un r\u00e9parateur\/constructeur de camping-car<br \/>\n<\/strong>Gibert Car est l&rsquo;un des meilleurs\u00a0sp\u00e9cialistes camping-car (r\u00e9paration et modification) sur le continent sud am\u00e9ricain. Il a d\u00e9pann\u00e9 plus d&rsquo;un europ\u00e9en en voyage et lui m\u00eame a d\u00e9j\u00e0 voyag\u00e9 avec ses propres v\u00e9hicules jusqu&rsquo;en Alaska. C&rsquo;est une adresse en or !<br \/>\nVous le trouverez ici :\u00a0S31.45481 W64.25101<br \/>\nWeb :\u00a0<a href=\"http:\/\/www.gibertcar.com\" target=\"_blank\" rel=\"noopener\">www.gibertcar.com<\/a><\/p>\n<div id=\"attachment_2138\" style=\"width: 160px\" class=\"wp-caption alignright\"><img aria-describedby=\"caption-attachment-2138\" data-attachment-id=\"2138\" data-permalink=\"http:\/\/songkol.com\/WordPress3\/preparatifs\/bons-plans-par-pays\/cafayate-chevrebodega03\/\" data-orig-file=\"https:\/\/i0.wp.com\/songkol.com\/WordPress3\/wp-content\/uploads\/2014\/05\/Cafayate-chevreBodega03.jpg?fit=1024%2C683\" data-orig-size=\"1024,683\" data-comments-opened=\"1\" data-image-meta=\"{&quot;aperture&quot;:&quot;16&quot;,&quot;credit&quot;:&quot;&quot;,&quot;camera&quot;:&quot;Canon EOS 5D&quot;,&quot;caption&quot;:&quot;&quot;,&quot;created_timestamp&quot;:&quot;1401018165&quot;,&quot;copyright&quot;:&quot;&quot;,&quot;focal_length&quot;:&quot;17&quot;,&quot;iso&quot;:&quot;400&quot;,&quot;shutter_speed&quot;:&quot;0.002&quot;,&quot;title&quot;:&quot;&quot;}\" data-image-title=\"Cafayate-chevreBodega03\" data-image-description=\"\" data-image-caption=\"\" data-medium-file=\"https:\/\/i0.wp.com\/songkol.com\/WordPress3\/wp-content\/uploads\/2014\/05\/Cafayate-chevreBodega03.jpg?fit=300%2C200\" data-large-file=\"https:\/\/i0.wp.com\/songkol.com\/WordPress3\/wp-content\/uploads\/2014\/05\/Cafayate-chevreBodega03.jpg?fit=768%2C512\" loading=\"lazy\" class=\"wp-image-2138 size-thumbnail\" src=\"https:\/\/i0.wp.com\/songkol.com\/WordPress3\/wp-content\/uploads\/2014\/05\/Cafayate-chevreBodega03.jpg?resize=150%2C150\" alt=\"Ch\u00e8vrerie \u00e0 Cafayate\" width=\"150\" height=\"150\" srcset=\"https:\/\/i0.wp.com\/songkol.com\/WordPress3\/wp-content\/uploads\/2014\/05\/Cafayate-chevreBodega03.jpg?resize=150%2C150 150w, https:\/\/i0.wp.com\/songkol.com\/WordPress3\/wp-content\/uploads\/2014\/05\/Cafayate-chevreBodega03.jpg?zoom=2&amp;resize=150%2C150 300w, https:\/\/i0.wp.com\/songkol.com\/WordPress3\/wp-content\/uploads\/2014\/05\/Cafayate-chevreBodega03.jpg?zoom=3&amp;resize=150%2C150 450w\" sizes=\"(max-width: 150px) 100vw, 150px\" data-recalc-dims=\"1\" \/><p id=\"caption-attachment-2138\" class=\"wp-caption-text\">Ch\u00e8vrerie \u00e0 Cafayate<\/p><\/div>\n<p><strong>&gt; Cafayate : vins et fromages<\/strong><br \/>\nCafayate, au coeur d&rsquo;une des r\u00e9gions viticoles les plus r\u00e9put\u00e9es d\u2019Argentine, est connu pour le c\u00e9page Torrontes. Pour ceux qui veulent sortir de la ville et profiter d\u2019une belle vue panoramique sur la vall\u00e9e, nous vous recommandons la <a href=\"http:\/\/www.domingomolina.com.ar\/index.php\/en\/\" target=\"_blank\" rel=\"noopener\">bodega Molina<\/a> (S26.03793 W66.01784) situ\u00e9e sur les hauteurs du flanc ouest, au nord-ouest de Cafayate. Cette cave produit \u00e0 petit volume de bons petits vins bien agr\u00e9ables \u00e0 d\u00e9guster depuis la terrasse herbeuse. Des cactus poussent entre les rang\u00e9es de vigne. Nous y avons pris notre pique-nique \u00e0 deux reprises \u00e0 l\u2019ombre de leur parasol. Divin !<br \/>\nEt si vous repartez avec une bouteille, ne manquez pas la visite de la chevrerie \u00ab\u00a0Cafayate Queso \u00bb ( S26.07190 W65.95740 ). Le propri\u00e9taire (le m\u00eame que la bodega Molina) a fait venir des ch\u00e8vres depuis la Suisse ! Vous serez comme nous d\u00e9\u00e7u par les fromages propos\u00e9s mais c\u2019est un peu mieux que le plastique qu\u2019on vous sert dans les supermarch\u00e9s\u2026<br \/>\nPour le bivouac, un conseil, ne dormez pas sur le bord sud de la plaza de Armas : une discoth\u00e8que fait un potin du diable jusqu\u2019\u00e0 4h du matin.<br \/>\n<span style=\"color: #993300;\">Des photos sur notre blog ici :<\/span><br \/>\n<a href=\"http:\/\/songkol.com\/WordPress3\/quebrada-de-cafayate-un-decor-de-cinema\/\" target=\"_blank\" rel=\"noopener\">http:\/\/songkol.com\/WordPress3\/quebrada-de-cafayate-un-decor-de-cinema\/<\/a><br \/>\n<a href=\"http:\/\/songkol.com\/WordPress3\/cafayate-des-vignes-et-du-fromage\/\" target=\"_blank\" rel=\"noopener\">http:\/\/songkol.com\/WordPress3\/cafayate-des-vignes-et-du-fromage\/<\/a><\/p>\n<p><strong>&gt; Salta &#8211; Garage Iveco<\/strong><br \/>\nLe garage n&rsquo;est plus\u00a0le long de la voie rapide RN68 (\u00e0 deux pas du camping Xamena)\u00a0mais\u00a0vers la RN51 au point S24.82291 W65.41825<\/p>\n<p><strong>&gt; Terre de feu : travers\u00e9e Est-Ouest par Bellavista<\/strong><br \/>\nIl est possible de traverser la fronti\u00e8re en plein coeur de l&rsquo;Isla Grande au point de passage appel\u00e9 \u00ab Bellavista \u00bb, situ\u00e9 au bout de la ruta b qui part \u00e0 l\u2019ouest de Rio Grande. Je dirais m\u00eame il est FORTEMENT recommand\u00e9 de passer par l\u00e0 pour :<br \/>\n&#8211; la qualit\u00e9 de la piste des deux c\u00f4t\u00e9s de la fronti\u00e8re<br \/>\n&#8211; les paysages splendides travers\u00e9s (surtout du c\u00f4t\u00e9 chilien)<br \/>\n&#8211; la bonne humeur des douaniers chiliens et argentins (ce sont les enfants des douaniers qui tamponnent les passeports et vous ouvrent la barri\u00e8re !)<br \/>\n&#8211; le magnifique bivouac qui vous attends au lago Blanco c\u00f4t\u00e9 chilien &#8211; GPS : -54.06725, -68.95697<br \/>\nUn d\u00e9tail qui compte quand m\u00eame : traverser la fronti\u00e8re c&rsquo;est\u00a0passer un guet. Les voitures passent ainsi que notre camping-car.<br \/>\nBivouac possible c\u00f4t\u00e9 argentin dans un\u00a0bosquet : -54.00098, -68.53425<br \/>\n<span style=\"color: #993300;\">Plus d&rsquo;infos sur notre blog :<\/span>\u00a0<a href=\"http:\/\/songkol.com\/WordPress3\/terre-de-feu-chilienne-la-belle-inconnue\/\" rel=\"bookmark\">Terre de Feu chilienne: la belle inconnue<\/a><\/p>\n<p><strong>&gt; El\u00e9phants de mer \u00e0 Punta Ninfas<\/strong><\/p>\n<div id=\"attachment_351\" style=\"width: 160px\" class=\"wp-caption alignright\"><img aria-describedby=\"caption-attachment-351\" data-attachment-id=\"351\" data-permalink=\"http:\/\/songkol.com\/WordPress3\/blog\/2014\/01\/01\/jour-de-lan-a-punta-ninfas\/punta-ninfas11\/\" data-orig-file=\"https:\/\/i0.wp.com\/songkol.com\/WordPress3\/wp-content\/uploads\/2014\/01\/Punta-Ninfas11.jpg?fit=1280%2C960\" data-orig-size=\"1280,960\" data-comments-opened=\"1\" data-image-meta=\"{&quot;aperture&quot;:&quot;6.3&quot;,&quot;credit&quot;:&quot;&quot;,&quot;camera&quot;:&quot;DSC-HX50V&quot;,&quot;caption&quot;:&quot;&quot;,&quot;created_timestamp&quot;:&quot;1388659192&quot;,&quot;copyright&quot;:&quot;&quot;,&quot;focal_length&quot;:&quot;62.59&quot;,&quot;iso&quot;:&quot;80&quot;,&quot;shutter_speed&quot;:&quot;0.0025&quot;,&quot;title&quot;:&quot;&quot;}\" data-image-title=\"PUNTA NINFAS \/ Lions de mer en bas des falaises\" data-image-description=\"\" data-image-caption=\"&lt;p&gt;PUNTA NINFAS \/ Lions de mer en bas des falaises&lt;\/p&gt;\n\" data-medium-file=\"https:\/\/i0.wp.com\/songkol.com\/WordPress3\/wp-content\/uploads\/2014\/01\/Punta-Ninfas11.jpg?fit=300%2C225\" data-large-file=\"https:\/\/i0.wp.com\/songkol.com\/WordPress3\/wp-content\/uploads\/2014\/01\/Punta-Ninfas11.jpg?fit=768%2C576\" loading=\"lazy\" class=\"size-thumbnail wp-image-351\" src=\"https:\/\/i0.wp.com\/songkol.com\/WordPress3\/wp-content\/uploads\/2014\/01\/Punta-Ninfas11.jpg?resize=150%2C150\" alt=\"Punta Ninfas\" width=\"150\" height=\"150\" srcset=\"https:\/\/i0.wp.com\/songkol.com\/WordPress3\/wp-content\/uploads\/2014\/01\/Punta-Ninfas11.jpg?resize=150%2C150 150w, https:\/\/i0.wp.com\/songkol.com\/WordPress3\/wp-content\/uploads\/2014\/01\/Punta-Ninfas11.jpg?zoom=2&amp;resize=150%2C150 300w, https:\/\/i0.wp.com\/songkol.com\/WordPress3\/wp-content\/uploads\/2014\/01\/Punta-Ninfas11.jpg?zoom=3&amp;resize=150%2C150 450w\" sizes=\"(max-width: 150px) 100vw, 150px\" data-recalc-dims=\"1\" \/><p id=\"caption-attachment-351\" class=\"wp-caption-text\">Punta Ninfas<\/p><\/div>\n<p>A 1h30 (80 km) de Puerto Madryn par la piste RP5 (pointe en face de la p\u00e9ninsule de Vald\u00e8s). T\u00f4le ondul\u00e9e sur la piste mais pas de difficult\u00e9 majeure. Au bout de la piste, apr\u00e8s le phare, bivouac en haut des falaises, superbe s\u2019il n\u2019y a pas beaucoup de vent. On peut descendre vers la plage par un chemin escarp\u00e9 \u00e0 flanc de falaise et observer de tr\u00e8s pr\u00e8s les \u00e9l\u00e9phants de mer en prenant soin de ne pas effrayer ces animaux qui sont, parait-il, tr\u00e8s peureux.. Nous avons ador\u00e9.<br \/>\n<span style=\"color: #993300;\">Plus d\u2019infos sur le blog :<\/span><br \/>\n<a href=\"http:\/\/songkol.com\/WordPress3\/jour-de-lan-a-punta-ninfas\/\">http:\/\/songkol.com\/WordPress3\/jour-de-lan-a-punta-ninfas\/<\/a><\/p>\n<p>&nbsp;<\/p>\n<p>&gt; <strong>Enstancia Harberton et Puerto Almanza<\/strong><br \/>\nTr\u00e8s bonne piste \u00ab\u00a0J\u00a0\u00bb. Paysages de bout du monde, en longeant le Canal de Beagle. Attention, l\u2019estancia Harberton n\u2019est plus en activit\u00e9 depuis 1995, ann\u00e9e marqu\u00e9e par de fortes chutes de neige qui ont d\u00e9cim\u00e9 \u00e0 90% le troupeau de 9000 t\u00eates. Vous visitez une estancia mus\u00e9e\u2026 Possibilit\u00e9 de camping sur le rio Varela : demander l\u2019autorisation \u00e0 l\u2019Estancia Harberton avant. GPS : -54.87643, -67.30459<br \/>\nUn peu avant Harberton, suivez la direction de <em>Puerto Almanza<\/em>, petit port de p\u00e9cheurs. Puerto Williams juste en face de l\u2019autre c\u00f4t\u00e9 du canal. On peut acheter du crabe d\u00e9cortiqu\u00e9 et du tr\u00e8s bon poisson. Ne manquez pas de faire une visite \u00e0 Inge, qui conduit toute seule une <em>pisciculture de truite arc-en-ciel<\/em> (90 pesos\/kg)\u00a0: Pisciculture Pata Negra.\u00a0Elle cherche un repreneur. A bon entendeur\u2026<br \/>\nGPS : -54.886875 -67.6797242<br \/>\nPlus d\u2019infos sur le blog : <a href=\"http:\/\/songkol.com\/WordPress3\/ca-souffle-pres-de-lestancia-harberton\/\">http:\/\/songkol.com\/WordPress3\/ca-souffle-pres-de-lestancia-harberton\/<\/a><\/p>\n<p><strong>&gt; Ushuaia : la ville et ses alentours<\/strong><br \/>\n<img data-attachment-id=\"666\" data-permalink=\"http:\/\/songkol.com\/WordPress3\/blog\/2014\/01\/30\/la-ville-du-bout-du-monde\/ushu04\/\" data-orig-file=\"https:\/\/i0.wp.com\/songkol.com\/WordPress3\/wp-content\/uploads\/2014\/01\/Ushu04.jpg?fit=768%2C1024\" data-orig-size=\"768,1024\" data-comments-opened=\"1\" data-image-meta=\"{&quot;aperture&quot;:&quot;5&quot;,&quot;credit&quot;:&quot;&quot;,&quot;camera&quot;:&quot;DSC-HX50V&quot;,&quot;caption&quot;:&quot;&quot;,&quot;created_timestamp&quot;:&quot;1391103187&quot;,&quot;copyright&quot;:&quot;&quot;,&quot;focal_length&quot;:&quot;10.05&quot;,&quot;iso&quot;:&quot;80&quot;,&quot;shutter_speed&quot;:&quot;0.002&quot;,&quot;title&quot;:&quot;&quot;}\" data-image-title=\"USHUA\u00cfA \/ Rues\" data-image-description=\"\" data-image-caption=\"&lt;p&gt;USHUA\u00cfA \/ Rues&lt;\/p&gt;\n\" data-medium-file=\"https:\/\/i0.wp.com\/songkol.com\/WordPress3\/wp-content\/uploads\/2014\/01\/Ushu04.jpg?fit=225%2C300\" data-large-file=\"https:\/\/i0.wp.com\/songkol.com\/WordPress3\/wp-content\/uploads\/2014\/01\/Ushu04.jpg?fit=768%2C1024\" loading=\"lazy\" class=\"size-thumbnail wp-image-666 alignright\" src=\"https:\/\/i0.wp.com\/songkol.com\/WordPress3\/wp-content\/uploads\/2014\/01\/Ushu04.jpg?resize=150%2C150\" alt=\"Ushu04\" width=\"150\" height=\"150\" srcset=\"https:\/\/i0.wp.com\/songkol.com\/WordPress3\/wp-content\/uploads\/2014\/01\/Ushu04.jpg?resize=150%2C150 150w, https:\/\/i0.wp.com\/songkol.com\/WordPress3\/wp-content\/uploads\/2014\/01\/Ushu04.jpg?zoom=2&amp;resize=150%2C150 300w, https:\/\/i0.wp.com\/songkol.com\/WordPress3\/wp-content\/uploads\/2014\/01\/Ushu04.jpg?zoom=3&amp;resize=150%2C150 450w\" sizes=\"(max-width: 150px) 100vw, 150px\" data-recalc-dims=\"1\" \/>La fameuse ville du bout du monde est cercl\u00e9e de montagnes aux cimes enneig\u00e9es et bord\u00e9e par le canal de Beagle, d\u2019o\u00f9 une dr\u00f4le d\u2019impression de mer et de montagne. Ville sans r\u00e9el interet patrimonial mais qui garde un certain charme avec son quartier de maisons en bois peintes de toutes les couleurs. <strong>Museo Yamana<\/strong> tr\u00e8s int\u00e9ressant sur la vie des Indiens de la Terre de Feu : c&rsquo;est avec la visite de ce mus\u00e9e que nous avons r\u00e9alis\u00e9 petit-\u00e0-petit le g\u00e9nocide dont ont \u00e9t\u00e9 victimes les natifs&#8230; Que les enfants ne manquent pas le coup de tampon \u00ab\u00a0Bout du monde\u00a0\u00bb par l&rsquo;office de tourisme \ud83d\ude42 .<br \/>\nBivouac sur le bitume du parking en bas du t\u00e9l\u00e9ph\u00e9rique avec petite vue sur le canal de Beagle ( -54.79907, -68.37023 ). Balade jusqu\u2019au <strong>glacier Le Martial<\/strong> sympa mais la vue n\u2019est pas aussi d\u00e9gag\u00e9e qu\u2019on pourrait l\u2019esp\u00e9rer. Refuge chaleureux en haut du t\u00e9l\u00e9ph\u00e9rique pour un chocolat chaud et tarte au caf\u00e9.<br \/>\nPlein de <strong>propane chez Sartini Gas<\/strong> (2 bouteilles 130 pesos) \u00e0 l&rsquo;entr\u00e9e de la ville. Wifi \u00e0 l\u2019YPF en face du <strong>caf\u00e9-boulangerie Ramones Generales<\/strong> qui vaut le d\u00e9tour pour ses p\u00e2tisseries et son ambiance d\u00e9but du si\u00e8cle.<br \/>\nBalade sympa depuis <strong>playa Larga<\/strong>, \u00e0 l\u2019est de Ushuaia au bout de la piste qui pourrait rejoindre Puerto Remolino encore plus \u00e0 l&rsquo;est vers Puerto Almanza. Bivouac avec belle vue depuis le parking au bout de la piste : -54.81812, -68.18806<br \/>\n<span style=\"color: #993300;\">Plus d&rsquo;infos sur notre blog :<\/span>\u00a0<a href=\"http:\/\/songkol.com\/WordPress3\/couleurs-dushuaia\/\" rel=\"bookmark\">Couleurs d\u2019Ushua\u00efa<\/a><\/p>\n<p><strong>&gt; Ushuaia : PN de la Terre de feu<\/strong> (Parque nacional Tierra del fuego)<\/p>\n<div id=\"attachment_514\" style=\"width: 160px\" class=\"wp-caption alignright\"><img aria-describedby=\"caption-attachment-514\" data-attachment-id=\"514\" data-permalink=\"http:\/\/songkol.com\/WordPress3\/blog\/2014\/01\/24\/le-zorro-dushuaia-2\/zorro1-2\/\" data-orig-file=\"https:\/\/i0.wp.com\/songkol.com\/WordPress3\/wp-content\/uploads\/2014\/01\/zorro11.jpg?fit=768%2C1024\" data-orig-size=\"768,1024\" data-comments-opened=\"1\" data-image-meta=\"{&quot;aperture&quot;:&quot;6.3&quot;,&quot;credit&quot;:&quot;&quot;,&quot;camera&quot;:&quot;DSC-HX50V&quot;,&quot;caption&quot;:&quot;&quot;,&quot;created_timestamp&quot;:&quot;1390663934&quot;,&quot;copyright&quot;:&quot;&quot;,&quot;focal_length&quot;:&quot;129&quot;,&quot;iso&quot;:&quot;640&quot;,&quot;shutter_speed&quot;:&quot;0.004&quot;,&quot;title&quot;:&quot;&quot;}\" data-image-title=\"PN TIERRA DEL FUEGO \/ Renard austral\" data-image-description=\"\" data-image-caption=\"&lt;p&gt;PN TIERRA DEL FUEGO \/ Renard austral&lt;\/p&gt;\n\" data-medium-file=\"https:\/\/i0.wp.com\/songkol.com\/WordPress3\/wp-content\/uploads\/2014\/01\/zorro11.jpg?fit=225%2C300\" data-large-file=\"https:\/\/i0.wp.com\/songkol.com\/WordPress3\/wp-content\/uploads\/2014\/01\/zorro11.jpg?fit=768%2C1024\" loading=\"lazy\" class=\"size-thumbnail wp-image-514\" src=\"https:\/\/i0.wp.com\/songkol.com\/WordPress3\/wp-content\/uploads\/2014\/01\/zorro11.jpg?resize=150%2C150\" alt=\"PN TIERRA DEL FUEGO \/ Renard austral\" width=\"150\" height=\"150\" srcset=\"https:\/\/i0.wp.com\/songkol.com\/WordPress3\/wp-content\/uploads\/2014\/01\/zorro11.jpg?resize=150%2C150 150w, https:\/\/i0.wp.com\/songkol.com\/WordPress3\/wp-content\/uploads\/2014\/01\/zorro11.jpg?zoom=2&amp;resize=150%2C150 300w, https:\/\/i0.wp.com\/songkol.com\/WordPress3\/wp-content\/uploads\/2014\/01\/zorro11.jpg?zoom=3&amp;resize=150%2C150 450w\" sizes=\"(max-width: 150px) 100vw, 150px\" data-recalc-dims=\"1\" \/><p id=\"caption-attachment-514\" class=\"wp-caption-text\">PN TIERRA DEL FUEGO \/ Renard austral<\/p><\/div>\n<p>Entrer dans le parc en fin de journ\u00e9e. Plusieurs balades courtes qui peuvent \u00eatre interconnect\u00e9es pour des circuits \u00e0 la journ\u00e9e. On a beaucoup aim\u00e9 la balade sur les berges du lago Roca m\u00eame si c&rsquo;est assez touristique\u2026 Bivouac au vert sur les berges du rio Lapataia.<br \/>\nGPS bivouac : -54.84533, -68.57984<br \/>\n<span style=\"color: #993300;\">Plus d&rsquo;info sur notre blog :<\/span>\u00a0<a href=\"http:\/\/songkol.com\/WordPress3\/le-zorro-dushuaia-2\/\" rel=\"bookmark\">Le zorro d\u2019Ushua\u00efa<\/a><\/p>\n<p><strong>&gt; Villa La Angostura<\/strong><br \/>\nBeau\u00a0bivouac en hauteur, face \u00e0 la laguna Verde. Terrasse en bois avec table d&rsquo;orientation. Souvenirs de magnifiques couch\u00e9s de soleil se refl\u00e9tants dans le lac. Les riverains ne nous ont fait aucunes remarques. Aucunes commodit\u00e9s sur place. Parc Los Arayanes \u00e0 proximit\u00e9. La ville en elle-m\u00eame n&rsquo;est\u00a0pas passionnante et l&rsquo;envers du d\u00e9cor donn\u00e9 par les quartiers pauvres laisse imaginer la mani\u00e8re dont le personnel des beaux h\u00f4tels est trait\u00e9&#8230;<br \/>\nGPS du bivouac-mirador : -40.77898, -71.66464<br \/>\n<span style=\"color: #993300;\">Plus d&rsquo;info sur notre blog :<\/span>\u00a0<a href=\"http:\/\/songkol.com\/WordPress3\/de-la-bahia-mansa-chili-a-la-villa-la-angostura-argentine\/\" rel=\"bookmark\">De la bahia Mansa (Chili) \u00e0 la Villa la Angostura (Argentine)<\/a><\/p>\n<h3><span id=\"CHILI\"><span style=\"color: #993300;\">CHILI<\/span><\/span><\/h3>\n<p><span style=\"color: #008000;\"><strong>En r\u00e9sum\u00e9 :<\/strong> le pays des extr\u00eames, du d\u00e9sert d\u2019Atacama au nord au rio Baker turquoise et les champs de glace au sud. <strong>On a aim\u00e9 \u00a0(dans le d\u00e9sordre) :<\/strong> les forces de la nature avec le champ de geysers d\u2019El Tatio. Les flamands rose et le couch\u00e9 de soleil en miroir sur la laguna Chaxa. Les trois mats dans la baie et les collines aux ruelles color\u00e9es et labyrinthiques de Valparaiso. Les myst\u00e8res de l\u2019ile de Chilo\u00e9 et ses magnifiques \u00e9glises en bois. La faune exceptionnelle de la valle Chacabuco. Se d\u00e9lasser dans les eaux chaudes des bassins zen des termas geometricas (Pucon). Les nuits sous tente au pied des Torres del Paine. Les soir\u00e9es astronomie \u00e0 la recherche de la croix du sud. Et la rencontre improbable avec les manchots royaux \u00e0 Onaisin (Terre de feu).<\/span><\/p>\n<p><strong>&gt;\u00a0Les manchots royaux d\u2019Onaisin<\/strong> (Terre de feu chilienne)<\/p>\n<div id=\"attachment_788\" style=\"width: 160px\" class=\"wp-caption alignright\"><img aria-describedby=\"caption-attachment-788\" data-attachment-id=\"788\" data-permalink=\"http:\/\/songkol.com\/WordPress3\/preparatifs\/bons-plans-par-pays\/pingouins_royaux1\/\" data-orig-file=\"https:\/\/i0.wp.com\/songkol.com\/WordPress3\/wp-content\/uploads\/2014\/02\/Pingouins_royaux1.jpg?fit=768%2C1024\" data-orig-size=\"768,1024\" data-comments-opened=\"1\" data-image-meta=\"{&quot;aperture&quot;:&quot;6.3&quot;,&quot;credit&quot;:&quot;&quot;,&quot;camera&quot;:&quot;DSC-HX50V&quot;,&quot;caption&quot;:&quot;&quot;,&quot;created_timestamp&quot;:&quot;1391586881&quot;,&quot;copyright&quot;:&quot;&quot;,&quot;focal_length&quot;:&quot;98.97&quot;,&quot;iso&quot;:&quot;80&quot;,&quot;shutter_speed&quot;:&quot;0.002&quot;,&quot;title&quot;:&quot;&quot;}\" data-image-title=\"ONAISIN \/ Manchots royaux\" data-image-description=\"\" data-image-caption=\"&lt;p&gt;ONAISIN \/ Manchots royaux&lt;\/p&gt;\n\" data-medium-file=\"https:\/\/i0.wp.com\/songkol.com\/WordPress3\/wp-content\/uploads\/2014\/02\/Pingouins_royaux1.jpg?fit=225%2C300\" data-large-file=\"https:\/\/i0.wp.com\/songkol.com\/WordPress3\/wp-content\/uploads\/2014\/02\/Pingouins_royaux1.jpg?fit=768%2C1024\" loading=\"lazy\" class=\"size-thumbnail wp-image-788\" src=\"https:\/\/i0.wp.com\/songkol.com\/WordPress3\/wp-content\/uploads\/2014\/02\/Pingouins_royaux1.jpg?resize=150%2C150\" alt=\"ONAISIN \/ Manchots royaux\" width=\"150\" height=\"150\" srcset=\"https:\/\/i0.wp.com\/songkol.com\/WordPress3\/wp-content\/uploads\/2014\/02\/Pingouins_royaux1.jpg?resize=150%2C150 150w, https:\/\/i0.wp.com\/songkol.com\/WordPress3\/wp-content\/uploads\/2014\/02\/Pingouins_royaux1.jpg?zoom=2&amp;resize=150%2C150 300w, https:\/\/i0.wp.com\/songkol.com\/WordPress3\/wp-content\/uploads\/2014\/02\/Pingouins_royaux1.jpg?zoom=3&amp;resize=150%2C150 450w\" sizes=\"(max-width: 150px) 100vw, 150px\" data-recalc-dims=\"1\" \/><p id=\"caption-attachment-788\" class=\"wp-caption-text\">ONAISIN \/ Manchots royaux<\/p><\/div>\n<p>Une rencontre que nous n&rsquo;oublierons\u00a0pas. Une occasion \u00e0 ne pas manquer pour admirer la seconde plus grande esp\u00e8ce de manchot. Seul endroit en Terre de feu o\u00f9 on peut voir ces manchots. L\u2019entr\u00e9e est priv\u00e9e et payante. Bivouac possible \u00e0 l\u2019entr\u00e9e.<br \/>\nGPS : -53.46069, -69.30599<br \/>\nPlus d\u2019infos sur notre blog : <a href=\"http:\/\/songkol.com\/WordPress3\/terre-de-feu-chilienne-la-belle-inconnue\/\" target=\"_blank\" rel=\"noopener\">Terre de Feu chilienne: la belle inconnue<\/a><\/p>\n<p><strong>&gt; San Pedro de Atacama : observation des \u00e9toiles<br \/>\n<\/strong><\/p>\n<div id=\"attachment_2672\" style=\"width: 160px\" class=\"wp-caption alignright\"><img aria-describedby=\"caption-attachment-2672\" data-attachment-id=\"2672\" data-permalink=\"http:\/\/songkol.com\/WordPress3\/preparatifs\/bons-plans-par-pays\/sanpedro069\/\" data-orig-file=\"https:\/\/i0.wp.com\/songkol.com\/WordPress3\/wp-content\/uploads\/2014\/07\/SanPedro069.jpg?fit=1200%2C800\" data-orig-size=\"1200,800\" data-comments-opened=\"1\" data-image-meta=\"{&quot;aperture&quot;:&quot;4.5&quot;,&quot;credit&quot;:&quot;&quot;,&quot;camera&quot;:&quot;Canon EOS 5D&quot;,&quot;caption&quot;:&quot;&quot;,&quot;created_timestamp&quot;:&quot;1403033432&quot;,&quot;copyright&quot;:&quot;&quot;,&quot;focal_length&quot;:&quot;40&quot;,&quot;iso&quot;:&quot;1600&quot;,&quot;shutter_speed&quot;:&quot;0.025&quot;,&quot;title&quot;:&quot;&quot;}\" data-image-title=\"SAN PEDRO DE ATACAMA \/ Mus\u00e9e de la m\u00e9t\u00e9orite\" data-image-description=\"\" data-image-caption=\"&lt;p&gt;SAN PEDRO DE ATACAMA \/ Mus\u00e9e de la m\u00e9t\u00e9orite&lt;\/p&gt;\n\" data-medium-file=\"https:\/\/i0.wp.com\/songkol.com\/WordPress3\/wp-content\/uploads\/2014\/07\/SanPedro069.jpg?fit=300%2C200\" data-large-file=\"https:\/\/i0.wp.com\/songkol.com\/WordPress3\/wp-content\/uploads\/2014\/07\/SanPedro069.jpg?fit=768%2C512\" loading=\"lazy\" class=\"size-thumbnail wp-image-2672\" src=\"https:\/\/i0.wp.com\/songkol.com\/WordPress3\/wp-content\/uploads\/2014\/07\/SanPedro069.jpg?resize=150%2C150\" alt=\"SAN PEDRO DE ATACAMA \/ Mus\u00e9e de la m\u00e9t\u00e9orite\" width=\"150\" height=\"150\" srcset=\"https:\/\/i0.wp.com\/songkol.com\/WordPress3\/wp-content\/uploads\/2014\/07\/SanPedro069.jpg?resize=150%2C150 150w, https:\/\/i0.wp.com\/songkol.com\/WordPress3\/wp-content\/uploads\/2014\/07\/SanPedro069.jpg?zoom=2&amp;resize=150%2C150 300w, https:\/\/i0.wp.com\/songkol.com\/WordPress3\/wp-content\/uploads\/2014\/07\/SanPedro069.jpg?zoom=3&amp;resize=150%2C150 450w\" sizes=\"(max-width: 150px) 100vw, 150px\" data-recalc-dims=\"1\" \/><p id=\"caption-attachment-2672\" class=\"wp-caption-text\">SAN PEDRO DE ATACAMA \/ Mus\u00e9e de la m\u00e9t\u00e9orite<\/p><\/div>\n<p>Les soir\u00e9es astronomie organis\u00e9es par monsieur Maury sont toujours d\u2019actualit\u00e9. R\u00e9servation \u00e0 faire au bureau de son <a href=\"http:\/\/www.spaceobs.com\/fr\/\" target=\"_blank\" rel=\"noopener\">agence SPACE<\/a> dans les rues de San Pedro de Atacama (SPA). Apr\u00e8s une \u00ab\u00a0visite guid\u00e9e \u00bb du ciel du jour, les participants jettent un coup d\u2019oeil dans l\u2019un des dix t\u00e9lescopes point\u00e9s sur des points remarquables dans le ciel. Possibilit\u00e9 de bivouaquer (aucuns services) un peu avant l\u2019entr\u00e9e du site d\u2019observation : S22.95272 W68.18019. Il faut juste veiller \u00e0 \u00e9teindre les phares pour ne pas \u00e9blouir le groupe pr\u00e9c\u00e9dent.\u00a0Dans la m\u00eame th\u00e9matique, je recommande la visite d\u2019un petit mus\u00e9e de m\u00e9t\u00e9orites au nord de SPA : S22.90818 W68.20129<\/p>\n<p>Sinon plus au sud, toujours au Chili, il y a aussi des soir\u00e9es astronomie qui s\u2019organisent en fran\u00e7ais dans la vall\u00e9e del Elqui (la vall\u00e9e du pisco) \u00e0 l\u2019<a href=\"http:\/\/observatoriodelpangue.blogspot.com\/\" target=\"_blank\" rel=\"noopener\">observatoire del Pangue<\/a> : S30.14408 W70.69077. Un observatoire amateur tenu par deux fran\u00e7ais et un chilien. Possibilit\u00e9 de bivouac sur le bord de la piste (peu fr\u00e9quent\u00e9e).<br \/>\nPour finir, la soir\u00e9e astronomie qu\u2019on a pr\u00e9f\u00e9r\u00e9 \u00e9tait en espagnol \u00e0 l\u2019observatoire du <a href=\"http:\/\/www.argentina.travel\/fr\/xp\/parc-national-el-leoncito-les-etoiles-entre-vos-mains\/4272\" target=\"_blank\" rel=\"noopener\">parc national Leoncito<\/a> en Argentine : S31.79501 W69.33186<br \/>\n<span style=\"color: #993300;\">Des photos sur notre blog :<\/span><br \/>\n<a href=\"http:\/\/songkol.com\/WordPress3\/la-vallee-de-calingasta-cest-par-la\/\" rel=\"bookmark\">La vall\u00e9e de Calingasta, c\u2019est par l\u00e0<\/a>\u00a0(PN Leoncito)<br \/>\n<a href=\"http:\/\/songkol.com\/WordPress3\/elqui-ici-jaillit-le-pisco\/\" rel=\"bookmark\">Elqui, ici jaillit le pisco<\/a>\u00a0(El Pangue)<br \/>\n<a href=\"http:\/\/songkol.com\/WordPress3\/hora-san-pedro-de-atacama-chile\/\" rel=\"bookmark\">Hora : San Pedro de Atacama, Chile<\/a>\u00a0(San Pedro de Atacama)<\/p>\n<p>&gt; <strong>Geysers del Tatio : une gigantesque marmite !<\/strong><\/p>\n<div id=\"attachment_2709\" style=\"width: 160px\" class=\"wp-caption alignright\"><img aria-describedby=\"caption-attachment-2709\" data-attachment-id=\"2709\" data-permalink=\"http:\/\/songkol.com\/WordPress3\/preparatifs\/bons-plans-par-pays\/sanpedro114\/\" data-orig-file=\"https:\/\/i0.wp.com\/songkol.com\/WordPress3\/wp-content\/uploads\/2014\/07\/SanPedro114.jpg?fit=1200%2C600\" data-orig-size=\"1200,600\" data-comments-opened=\"1\" data-image-meta=\"{&quot;aperture&quot;:&quot;16&quot;,&quot;credit&quot;:&quot;&quot;,&quot;camera&quot;:&quot;Canon EOS 5D&quot;,&quot;caption&quot;:&quot;&quot;,&quot;created_timestamp&quot;:&quot;1403428386&quot;,&quot;copyright&quot;:&quot;&quot;,&quot;focal_length&quot;:&quot;17&quot;,&quot;iso&quot;:&quot;400&quot;,&quot;shutter_speed&quot;:&quot;0.002&quot;,&quot;title&quot;:&quot;&quot;}\" data-image-title=\"SanPedro114\" data-image-description=\"\" data-image-caption=\"&lt;p&gt;GEYSER TATIO \/ Matin du 2nd jour&lt;\/p&gt;\n\" data-medium-file=\"https:\/\/i0.wp.com\/songkol.com\/WordPress3\/wp-content\/uploads\/2014\/07\/SanPedro114.jpg?fit=300%2C150\" data-large-file=\"https:\/\/i0.wp.com\/songkol.com\/WordPress3\/wp-content\/uploads\/2014\/07\/SanPedro114.jpg?fit=768%2C384\" loading=\"lazy\" class=\"size-thumbnail wp-image-2709\" src=\"https:\/\/i0.wp.com\/songkol.com\/WordPress3\/wp-content\/uploads\/2014\/07\/SanPedro114.jpg?resize=150%2C150\" alt=\"GEYSER TATIO \/ Matin du 2nd jour\" width=\"150\" height=\"150\" srcset=\"https:\/\/i0.wp.com\/songkol.com\/WordPress3\/wp-content\/uploads\/2014\/07\/SanPedro114.jpg?resize=150%2C150 150w, https:\/\/i0.wp.com\/songkol.com\/WordPress3\/wp-content\/uploads\/2014\/07\/SanPedro114.jpg?zoom=2&amp;resize=150%2C150 300w, https:\/\/i0.wp.com\/songkol.com\/WordPress3\/wp-content\/uploads\/2014\/07\/SanPedro114.jpg?zoom=3&amp;resize=150%2C150 450w\" sizes=\"(max-width: 150px) 100vw, 150px\" data-recalc-dims=\"1\" \/><p id=\"caption-attachment-2709\" class=\"wp-caption-text\">GEYSER TATIO \/ Matin du 2nd jour<\/p><\/div>\n<p>Bivouac possible sur le parking \u00e0 l&rsquo;entr\u00e9e du site (attention on a eu -20\u00b0 !). C&rsquo;est un spectaculaire champ de geysers\u00a0dont certains projettent leurs gerbes d&rsquo;eau bouillante \u00e0 plus de 5\u00a0m\u00e8tres de haut. C&rsquo;est t\u00f4t le matin, que le contraste de temp\u00e9rature entre l&rsquo;eau chaude des geysers et l&rsquo;air frais de l&rsquo;Altiplano est le plus important et que les geysers sont les plus impressionnants. Notre conseil est d&rsquo;arriver dans l&rsquo;apr\u00e8s-midi pour profiter seul de ces bains et de se lever t\u00f4t le lendemain matin pour le spectacle des geysers. Notre autre conseil pour ne pas souffrir du mal des montagnes (<a href=\"http:\/\/songkol.com\/WordPress3\/preparatifs\/sante-altitude\/\">conseils pour s&rsquo;adapter aux hautes altitudes<\/a>)\u00a0: dormir au canyon de Guatin (coin baignade sauvage tr\u00e8s sympa) puis \u00e0 Machuca.<br \/>\n<span style=\"color: #993300;\">Des photos sur notre blog :<\/span>\u00a0<a href=\"http:\/\/songkol.com\/WordPress3\/les-hauteurs-de-tatio\/\" rel=\"bookmark\">Les hauteurs de Tatio<\/a><\/p>\n<p><strong>&gt; Atacama : baignade dans le canyon de Guatin<\/strong><br \/>\nDans les montagnes au nord de San Pedro, sur la route des termes de Puritama et des geisers del Tatio, bivouaquez\u00a0\u00e0 l&rsquo;entr\u00e9 du canyon de Guatin. Apr\u00e8s quelques minutes de marche au milieu des roseaux vous d\u00e9couvrirez une oasis de verdure o\u00f9 vous attendent quelques bassins naturels propices \u00e0 la baignade. <a href=\"http:\/\/songkol.com\/WordPress3\/preparatifs\/sante-altitude\/\">Nos conseils pour s&rsquo;adapter aux hautes altitudes<\/a>.<br \/>\nPoint GPS : -22.76649, -68.07379<br \/>\n<span style=\"color: #993300;\">Des photos sur notre blog :<\/span>\u00a0<a href=\"http:\/\/songkol.com\/WordPress3\/les-hauteurs-de-tatio\/\" target=\"_blank\" rel=\"noopener\">Les hauteurs de Tatio<\/a><\/p>\n<p><strong>&gt; Vall\u00e9e de la lune<\/strong> (Atacama)<br \/>\nA 13 km \u00e0 l&rsquo;ouest de San Pedro de Atacama, un beau bivouac en hauteur d&rsquo;o\u00f9 vous aurez un superbe\u00a0couch\u00e9\u00a0de soleil sur les hautes cimes des Andes.\u00a0Le Valle de la Luna est un lieu d\u00e9sertique dont l&rsquo;apparence \u00e9voque les paysages lunaires, en l&rsquo;absence de tout signe de vie.<br \/>\nGPS bivouac : -22.91765, -68.25216<br \/>\n<span style=\"color: #993300;\">Des photos sur notre blog :<\/span>\u00a0<a href=\"http:\/\/songkol.com\/WordPress3\/hora-san-pedro-de-atacama-chile\/\" rel=\"bookmark\">Hora : San Pedro de Atacama, Chile<\/a><\/p>\n<p><strong>&gt; Paso Agua Negra<\/strong> (Valle Elqui)<br \/>\n<img data-attachment-id=\"1780\" data-permalink=\"http:\/\/songkol.com\/WordPress3\/preparatifs\/bons-plans-par-pays\/verspasoaguanegra01\/\" data-orig-file=\"https:\/\/i0.wp.com\/songkol.com\/WordPress3\/wp-content\/uploads\/2014\/04\/verspasoaguanegra01.jpg?fit=960%2C1280\" data-orig-size=\"960,1280\" data-comments-opened=\"1\" data-image-meta=\"{&quot;aperture&quot;:&quot;5.6&quot;,&quot;credit&quot;:&quot;&quot;,&quot;camera&quot;:&quot;DSC-HX50V&quot;,&quot;caption&quot;:&quot;&quot;,&quot;created_timestamp&quot;:&quot;1397900385&quot;,&quot;copyright&quot;:&quot;&quot;,&quot;focal_length&quot;:&quot;19.37&quot;,&quot;iso&quot;:&quot;160&quot;,&quot;shutter_speed&quot;:&quot;0.008&quot;,&quot;title&quot;:&quot;&quot;}\" data-image-title=\"CHILI \/ Sur la piste vers le paso Agua Negra (4780m)\" data-image-description=\"\" data-image-caption=\"&lt;p&gt;CHILI \/ Sur la piste vers le paso Agua Negra (4780m)&lt;\/p&gt;\n\" data-medium-file=\"https:\/\/i0.wp.com\/songkol.com\/WordPress3\/wp-content\/uploads\/2014\/04\/verspasoaguanegra01.jpg?fit=225%2C300\" data-large-file=\"https:\/\/i0.wp.com\/songkol.com\/WordPress3\/wp-content\/uploads\/2014\/04\/verspasoaguanegra01.jpg?fit=768%2C1024\" loading=\"lazy\" class=\"size-thumbnail wp-image-1780 alignright\" src=\"https:\/\/i0.wp.com\/songkol.com\/WordPress3\/wp-content\/uploads\/2014\/04\/verspasoaguanegra01.jpg?resize=150%2C150\" alt=\"verspasoaguanegra01\" width=\"150\" height=\"150\" srcset=\"https:\/\/i0.wp.com\/songkol.com\/WordPress3\/wp-content\/uploads\/2014\/04\/verspasoaguanegra01.jpg?resize=150%2C150 150w, https:\/\/i0.wp.com\/songkol.com\/WordPress3\/wp-content\/uploads\/2014\/04\/verspasoaguanegra01.jpg?zoom=2&amp;resize=150%2C150 300w, https:\/\/i0.wp.com\/songkol.com\/WordPress3\/wp-content\/uploads\/2014\/04\/verspasoaguanegra01.jpg?zoom=3&amp;resize=150%2C150 450w\" sizes=\"(max-width: 150px) 100vw, 150px\" data-recalc-dims=\"1\" \/>Ce col atteint 4800m d&rsquo;altitude. Ambiance lunaire avec des sables au couleurs vari\u00e9es. C&rsquo;\u00e9tait un test \u00ab\u00a0haute altitude \u00a0\u00bb\u00a0autant pour nous que pour le camping-car. Tout s&rsquo;est tr\u00e8s bien pass\u00e9\u00a0: pas de malaises particuliers et pas de perte de puissance ni fum\u00e9es noires pour le CC.\u00a0La piste \u00e9tait impeccable des deux c\u00f4t\u00e9s. Pour \u00e9viter le\u00a0malaise, traversez le col en une journ\u00e9e ou faites une \u00e9tape apr\u00e8s le passage de fronti\u00e8re\u00a0vers 3000m. C&rsquo;est d&rsquo;autant plus important si vous arrivez du niveau de la mer. <a href=\"http:\/\/songkol.com\/WordPress3\/preparatifs\/sante-altitude\/\">Nos conseils pour s&rsquo;adapter aux hautes altitudes<\/a><br \/>\nGPS de notre bivouac \u00e0 mi-chemin c\u00f4t\u00e9 chilien : -30.12589 -70.06462<br \/>\n<span style=\"color: #993300;\">Des photos sur notre blog :<\/span>\u00a0<a href=\"http:\/\/songkol.com\/WordPress3\/chili-argentine-paso-agua-negra-ca-passe\/\" rel=\"bookmark\">Chili-Argentine, paso Agua negra, \u00e7a passe!<\/a><\/p>\n<p><strong>&gt; Refuge La Junta<\/strong> (Cochamo)<\/p>\n<div id=\"attachment_1145\" style=\"width: 160px\" class=\"wp-caption alignright\"><img aria-describedby=\"caption-attachment-1145\" data-attachment-id=\"1145\" data-permalink=\"http:\/\/songkol.com\/WordPress3\/preparatifs\/bons-plans-par-pays\/cochamo10-2\/\" data-orig-file=\"https:\/\/i0.wp.com\/songkol.com\/WordPress3\/wp-content\/uploads\/2014\/03\/Cochamo10.jpg?fit=1280%2C853\" data-orig-size=\"1280,853\" data-comments-opened=\"1\" data-image-meta=\"{&quot;aperture&quot;:&quot;11&quot;,&quot;credit&quot;:&quot;&quot;,&quot;camera&quot;:&quot;Canon EOS 5D&quot;,&quot;caption&quot;:&quot;&quot;,&quot;created_timestamp&quot;:&quot;1394726721&quot;,&quot;copyright&quot;:&quot;&quot;,&quot;focal_length&quot;:&quot;17&quot;,&quot;iso&quot;:&quot;400&quot;,&quot;shutter_speed&quot;:&quot;0.004&quot;,&quot;title&quot;:&quot;&quot;}\" data-image-title=\"COCHAMO \/ Vall\u00e9e de Cochamo &#8211; mont\u00e9e vers le refuge La Junta\" data-image-description=\"\" data-image-caption=\"&lt;p&gt;COCHAMO \/ Vall\u00e9e de Cochamo &#8211; mont\u00e9e vers le refuge La Junta&lt;\/p&gt;\n\" data-medium-file=\"https:\/\/i0.wp.com\/songkol.com\/WordPress3\/wp-content\/uploads\/2014\/03\/Cochamo10.jpg?fit=300%2C199\" data-large-file=\"https:\/\/i0.wp.com\/songkol.com\/WordPress3\/wp-content\/uploads\/2014\/03\/Cochamo10.jpg?fit=768%2C512\" loading=\"lazy\" class=\"size-thumbnail wp-image-1145\" src=\"https:\/\/i0.wp.com\/songkol.com\/WordPress3\/wp-content\/uploads\/2014\/03\/Cochamo10.jpg?resize=150%2C150\" alt=\"Vall\u00e9e de Cochamo\" width=\"150\" height=\"150\" srcset=\"https:\/\/i0.wp.com\/songkol.com\/WordPress3\/wp-content\/uploads\/2014\/03\/Cochamo10.jpg?resize=150%2C150 150w, https:\/\/i0.wp.com\/songkol.com\/WordPress3\/wp-content\/uploads\/2014\/03\/Cochamo10.jpg?zoom=2&amp;resize=150%2C150 300w, https:\/\/i0.wp.com\/songkol.com\/WordPress3\/wp-content\/uploads\/2014\/03\/Cochamo10.jpg?zoom=3&amp;resize=150%2C150 450w\" sizes=\"(max-width: 150px) 100vw, 150px\" data-recalc-dims=\"1\" \/><p id=\"caption-attachment-1145\" class=\"wp-caption-text\">Vall\u00e9e de Cochamo<\/p><\/div>\n<p>La vall\u00e9e de Cochamo et ses falaises de granit sont d\u2019une beaut\u00e9 comparable au parc de Torre Del Paine, mais en beaucoup moins visit\u00e9e ! La Junta est un refuge tenu par un couple d\u2019argentins, amoureux de la grimpe, quelques moutons, des chevaux et des grimpeurs et trekkeurs. C\u2019est un camp de base encadr\u00e9 par 360 degr\u00e9s de parois d\u2019escalade ! La Mecque de la grimpe chilienne ! Accessible \u00e0 cheval depuis Cochamo.<br \/>\nGPS du refuge : -41.41264, -72.12304<br \/>\nGPS d\u00e9part rando (bureau des guides + chevaux) : -41.45622, -72.22039<br \/>\nWeb du refuge : <a href=\"http:\/\/www.cochamo.com\/lodging\/\" target=\"_blank\" rel=\"noopener\">http:\/\/www.cochamo.com\/lodging\/<\/a><br \/>\n<span style=\"color: #993300;\">Plus d\u2019infos sur notre blog :<\/span>\u00a0<a href=\"http:\/\/songkol.com\/WordPress3\/cochamo-sa-vallee-son-refuge\/\" rel=\"bookmark\">Cochamo, sa vall\u00e9e, son refuge<\/a><\/p>\n<p><strong>&gt; Thermes Geometricas<\/strong><\/p>\n<div id=\"attachment_1383\" style=\"width: 160px\" class=\"wp-caption alignright\"><img aria-describedby=\"caption-attachment-1383\" data-attachment-id=\"1383\" data-permalink=\"http:\/\/songkol.com\/WordPress3\/blog\/2014\/03\/23\/on-se-prelasse-dans-les-thermes-de-geometricas\/termas-geometricas06\/\" data-orig-file=\"https:\/\/i0.wp.com\/songkol.com\/WordPress3\/wp-content\/uploads\/2014\/03\/Termas-geometricas06.jpg?fit=667%2C1000\" data-orig-size=\"667,1000\" data-comments-opened=\"1\" data-image-meta=\"{&quot;aperture&quot;:&quot;13&quot;,&quot;credit&quot;:&quot;&quot;,&quot;camera&quot;:&quot;Canon EOS 5D&quot;,&quot;caption&quot;:&quot;&quot;,&quot;created_timestamp&quot;:&quot;1395659954&quot;,&quot;copyright&quot;:&quot;&quot;,&quot;focal_length&quot;:&quot;17&quot;,&quot;iso&quot;:&quot;400&quot;,&quot;shutter_speed&quot;:&quot;0.003125&quot;,&quot;title&quot;:&quot;&quot;}\" data-image-title=\"PUCON \/ Termas geometricas\" data-image-description=\"\" data-image-caption=\"&lt;p&gt;PUCON \/ Termas geometricas&lt;\/p&gt;\n\" data-medium-file=\"https:\/\/i0.wp.com\/songkol.com\/WordPress3\/wp-content\/uploads\/2014\/03\/Termas-geometricas06.jpg?fit=200%2C300\" data-large-file=\"https:\/\/i0.wp.com\/songkol.com\/WordPress3\/wp-content\/uploads\/2014\/03\/Termas-geometricas06.jpg?fit=667%2C1000\" loading=\"lazy\" class=\"size-thumbnail wp-image-1383\" src=\"https:\/\/i0.wp.com\/songkol.com\/WordPress3\/wp-content\/uploads\/2014\/03\/Termas-geometricas06.jpg?resize=150%2C150\" alt=\"Termas geometricas\" width=\"150\" height=\"150\" srcset=\"https:\/\/i0.wp.com\/songkol.com\/WordPress3\/wp-content\/uploads\/2014\/03\/Termas-geometricas06.jpg?resize=150%2C150 150w, https:\/\/i0.wp.com\/songkol.com\/WordPress3\/wp-content\/uploads\/2014\/03\/Termas-geometricas06.jpg?zoom=2&amp;resize=150%2C150 300w, https:\/\/i0.wp.com\/songkol.com\/WordPress3\/wp-content\/uploads\/2014\/03\/Termas-geometricas06.jpg?zoom=3&amp;resize=150%2C150 450w\" sizes=\"(max-width: 150px) 100vw, 150px\" data-recalc-dims=\"1\" \/><p id=\"caption-attachment-1383\" class=\"wp-caption-text\">Termas geometricas<\/p><\/div>\n<p>Situ\u00e9es au bout d\u2019une piste sinueuse et sans fin, elles vont nous offrir le temps de quelques heures de quoi nous relaxer et de savourer cette eau naturellement \u00e0 39\u00b0\u2026 Le cadre est super, tr\u00e8s japonisant, ambiance zen garantie! Arriver \u00e0 l&rsquo;ouverture et vous serez seul plus d&rsquo;une heure. Bivouac sous les ch\u00eanes un peu avant.<br \/>\nGPS du bivouac : -39.50349, -71.87586<br \/>\n<span style=\"color: #993300;\">Plus d\u2019infos sur le blog :<\/span> <a href=\"http:\/\/songkol.com\/WordPress3\/on-se-prelasse-dans-les-thermes-de-geometricas\/\">http:\/\/songkol.com\/WordPress3\/on-se-prelasse-dans-les-thermes-de-geometricas\/<\/a><\/p>\n<p>&gt;\u00a0<strong>Huepil Malal centro ecuestre (Pucon)<\/strong><\/p>\n<div id=\"attachment_1322\" style=\"width: 160px\" class=\"wp-caption alignright\"><img aria-describedby=\"caption-attachment-1322\" data-attachment-id=\"1322\" data-permalink=\"http:\/\/songkol.com\/WordPress3\/preparatifs\/bons-plans-par-pays\/cheval_pucon04\/\" data-orig-file=\"https:\/\/i0.wp.com\/songkol.com\/WordPress3\/wp-content\/uploads\/2014\/03\/cheval_pucon04.jpg?fit=1280%2C960\" data-orig-size=\"1280,960\" data-comments-opened=\"1\" data-image-meta=\"{&quot;aperture&quot;:&quot;3.5&quot;,&quot;credit&quot;:&quot;&quot;,&quot;camera&quot;:&quot;DSC-HX50V&quot;,&quot;caption&quot;:&quot;&quot;,&quot;created_timestamp&quot;:&quot;1395834302&quot;,&quot;copyright&quot;:&quot;&quot;,&quot;focal_length&quot;:&quot;4.3&quot;,&quot;iso&quot;:&quot;80&quot;,&quot;shutter_speed&quot;:&quot;0.0015625&quot;,&quot;title&quot;:&quot;&quot;}\" data-image-title=\"PUCON \/ Bivouac au centro ecuestre Huepil Malal : cabalgata ou balade \u00e0 cheval avec Rodolfo\" data-image-description=\"\" data-image-caption=\"&lt;p&gt;PUCON \/ Bivouac au centro ecuestre Huepil Malal : cabalgata ou balade \u00e0 cheval avec Rodolfo&lt;\/p&gt;\n\" data-medium-file=\"https:\/\/i0.wp.com\/songkol.com\/WordPress3\/wp-content\/uploads\/2014\/03\/cheval_pucon04.jpg?fit=300%2C225\" data-large-file=\"https:\/\/i0.wp.com\/songkol.com\/WordPress3\/wp-content\/uploads\/2014\/03\/cheval_pucon04.jpg?fit=768%2C576\" loading=\"lazy\" class=\"wp-image-1322 size-thumbnail\" src=\"https:\/\/i0.wp.com\/songkol.com\/WordPress3\/wp-content\/uploads\/2014\/03\/cheval_pucon04.jpg?resize=150%2C150\" alt=\"PUCON \/ Bivouac au centro ecuestre Huepil Malal : cabalgata ou balade \u00e0 cheval avec Rodolpho\" width=\"150\" height=\"150\" srcset=\"https:\/\/i0.wp.com\/songkol.com\/WordPress3\/wp-content\/uploads\/2014\/03\/cheval_pucon04.jpg?resize=150%2C150 150w, https:\/\/i0.wp.com\/songkol.com\/WordPress3\/wp-content\/uploads\/2014\/03\/cheval_pucon04.jpg?zoom=2&amp;resize=150%2C150 300w, https:\/\/i0.wp.com\/songkol.com\/WordPress3\/wp-content\/uploads\/2014\/03\/cheval_pucon04.jpg?zoom=3&amp;resize=150%2C150 450w\" sizes=\"(max-width: 150px) 100vw, 150px\" data-recalc-dims=\"1\" \/><p id=\"caption-attachment-1322\" class=\"wp-caption-text\">PUCON \/ Bivouac au centro ecuestre Huepil Malal : cabalgata ou balade \u00e0 cheval avec Rodolpho<\/p><\/div>\n<p>Centre \u00e9questre qui propose des balades \u00e0 la journ\u00e9e avec de bons chevaux. Bivouac champ\u00eatre avec les chevaux, en lisi\u00e8re de for\u00eat. Demander \u00e0 Rodolfo, le\u00a0propri\u00e9taire du centre \u00e9questre et ancien s\u00e9lectionneur de l&rsquo;\u00e9quipe \u00e9questre espagnol pour les Jeux olympiques. Acc\u00e8s raide mais praticable avec camping-car.<br \/>\nGPS bivouac : -39.22936, -71.71213<br \/>\n<span style=\"color: #993300;\">Plus d&rsquo;infos sur notre blog :<\/span>\u00a0<a href=\"http:\/\/songkol.com\/WordPress3\/les-chevaux-dalfonso-pucon-3\/\" rel=\"bookmark\">Les chevaux de Rodolfo (Pucon)<\/a><\/p>\n<p>&gt;\u00a0<strong>Parc national Pali Aike<\/strong><br \/>\nParc volcanique au relief assez doux. Piste mauvaise (nids de poule, orni\u00e8res) tout le long mais le paysage au bout vaut le d\u00e9placement. Balade sympa \u00e0 travers un champ de lave avant d\u2019acc\u00e9der \u00e0 un crat\u00e8re impressionant. Tr\u00e8s calme, tr\u00e8s peu fr\u00e9quent\u00e9.\u00a0Bivouac\u00a0sans eau ni toilettes.<br \/>\nGPS du bivouac :\u00a0-52.11366 69.69701<br \/>\n<span style=\"color: #993300;\">Plus d\u2019infos sur le blog :<\/span> <a href=\"http:\/\/songkol.com\/WordPress3\/pali-aike-il-est-ou-ce-volcan\/\">http:\/\/songkol.com\/WordPress3\/pali-aike-il-est-ou-ce-volcan\/<\/a><\/p>\n<p><strong>&gt; PN Torres del Paine :\u00a03 jours avec les enfants<\/strong><\/p>\n<div id=\"attachment_742\" style=\"width: 160px\" class=\"wp-caption alignright\"><img aria-describedby=\"caption-attachment-742\" data-attachment-id=\"742\" data-permalink=\"http:\/\/songkol.com\/WordPress3\/preparatifs\/bons-plans-par-pays\/vallee_del_frances504\/\" data-orig-file=\"https:\/\/i0.wp.com\/songkol.com\/WordPress3\/wp-content\/uploads\/2014\/02\/vallee_del_frances504.jpg?fit=768%2C1024\" data-orig-size=\"768,1024\" data-comments-opened=\"1\" data-image-meta=\"{&quot;aperture&quot;:&quot;5&quot;,&quot;credit&quot;:&quot;&quot;,&quot;camera&quot;:&quot;DSC-HX50V&quot;,&quot;caption&quot;:&quot;&quot;,&quot;created_timestamp&quot;:&quot;1392194438&quot;,&quot;copyright&quot;:&quot;&quot;,&quot;focal_length&quot;:&quot;10.67&quot;,&quot;iso&quot;:&quot;80&quot;,&quot;shutter_speed&quot;:&quot;0.002&quot;,&quot;title&quot;:&quot;&quot;}\" data-image-title=\"PN TORRES DEL PAINE \/ Ferry sur le lago Pehoe &#8211; Vue sur les cuernos\" data-image-description=\"\" data-image-caption=\"&lt;p&gt;PN TORRES DEL PAINE \/ Ferry sur le lago Pehoe &#8211; Vue sur les cuernos&lt;\/p&gt;\n\" data-medium-file=\"https:\/\/i0.wp.com\/songkol.com\/WordPress3\/wp-content\/uploads\/2014\/02\/vallee_del_frances504.jpg?fit=225%2C300\" data-large-file=\"https:\/\/i0.wp.com\/songkol.com\/WordPress3\/wp-content\/uploads\/2014\/02\/vallee_del_frances504.jpg?fit=768%2C1024\" loading=\"lazy\" class=\"size-thumbnail wp-image-742\" src=\"https:\/\/i0.wp.com\/songkol.com\/WordPress3\/wp-content\/uploads\/2014\/02\/vallee_del_frances504.jpg?resize=150%2C150\" alt=\"PN TORRES DEL PAINE\" width=\"150\" height=\"150\" srcset=\"https:\/\/i0.wp.com\/songkol.com\/WordPress3\/wp-content\/uploads\/2014\/02\/vallee_del_frances504.jpg?resize=150%2C150 150w, https:\/\/i0.wp.com\/songkol.com\/WordPress3\/wp-content\/uploads\/2014\/02\/vallee_del_frances504.jpg?zoom=2&amp;resize=150%2C150 300w, https:\/\/i0.wp.com\/songkol.com\/WordPress3\/wp-content\/uploads\/2014\/02\/vallee_del_frances504.jpg?zoom=3&amp;resize=150%2C150 450w\" sizes=\"(max-width: 150px) 100vw, 150px\" data-recalc-dims=\"1\" \/><p id=\"caption-attachment-742\" class=\"wp-caption-text\">PN TORRES DEL PAINE<\/p><\/div>\n<p>3 jours de d\u00e9couverte d\u2019un parc aux paysages splendides. Le ciel bleu est rest\u00e9 avec nous jusqu\u2019\u00e0 notre retour au camping-car. Acc\u00e8s \u00e0 Pudeto par une\u00a0belle piste depuis Laguna Azul (cf plus bas) mais bcp de t\u00f4le ondul\u00e9e\u2026<br \/>\n<span style=\"color: #993300;\">Jour 1 :<\/span> catamaran pris de Pudeto \u00e0 Paine Grande \u00e0 9h30, puis 2,5 h de marche jusqu\u2019au campement Italiano pour la premi\u00e8re nuit ( -51.02247, -73.0429 ). Prendre le catamaran de 9h30 semble une bonne option pour l\u2019\u00e9clairage du matin sur les Cuernos tout de suite apr\u00e8s le d\u00e9part et l\u2019\u00e9clat du bleu turquoise du lac Pehoe \/ itin\u00e9raire facile jusqu\u2019au campement avec de jolis points de vue sur le massif et les lacs alentours \/ passerelle au dessus des mar\u00e9cages \/ la prairie a bien repouss\u00e9e suite aux incendies de 2011 mais les arbres sont toujours l\u00e0, calcin\u00e9s\u2026<br \/>\n<span style=\"color: #993300;\">Jour 2 :<\/span> aller-retour 6h jusqu\u2019au mirador au bout de la vall\u00e9e del Franc\u00e8s \/ 2e nuit au campement italiano<br \/>\n<span style=\"color: #993300;\">Jour 3 :<\/span> 2,5h de marche jusqu\u2019\u00e0 Paine Grande pour prendre le catamaran de 12h30 vers Pudeto Int\u00e9r\u00eat Bivouac au parking de l\u2019embarcad\u00e8re Pudeto : -51.06127, -72.99081<br \/>\n<span style=\"color: #993300;\">Plus d\u2019infos sur le blog :\u00a0<\/span><a href=\"http:\/\/songkol.com\/WordPress3\/torres-del-paine-partie-2\/\" rel=\"bookmark\">Torres del Paine \u2013 partie 2<\/a><\/p>\n<p><strong>&gt; PN Torres del Paine : bivouac \u00e0 la\u00a0laguna Azul<\/strong><br \/>\n<img data-attachment-id=\"780\" data-permalink=\"http:\/\/songkol.com\/WordPress3\/preparatifs\/bons-plans-par-pays\/torres_del_pain_lagunaazul03\/\" data-orig-file=\"https:\/\/i0.wp.com\/songkol.com\/WordPress3\/wp-content\/uploads\/2014\/02\/Torres_del_pain_lagunaAzul03.jpg?fit=768%2C1024\" data-orig-size=\"768,1024\" data-comments-opened=\"1\" data-image-meta=\"{&quot;aperture&quot;:&quot;5.6&quot;,&quot;credit&quot;:&quot;&quot;,&quot;camera&quot;:&quot;DSC-HX50V&quot;,&quot;caption&quot;:&quot;&quot;,&quot;created_timestamp&quot;:&quot;1391882995&quot;,&quot;copyright&quot;:&quot;&quot;,&quot;focal_length&quot;:&quot;20.72&quot;,&quot;iso&quot;:&quot;80&quot;,&quot;shutter_speed&quot;:&quot;0.003125&quot;,&quot;title&quot;:&quot;&quot;}\" data-image-title=\"PN TORRES DEL PAINE \/ Vue depuis le bivouac de la laguna Azul\" data-image-description=\"\" data-image-caption=\"&lt;p&gt;PN TORRES DEL PAINE \/ Vue depuis le bivouac de la laguna Azul&lt;\/p&gt;\n\" data-medium-file=\"https:\/\/i0.wp.com\/songkol.com\/WordPress3\/wp-content\/uploads\/2014\/02\/Torres_del_pain_lagunaAzul03.jpg?fit=225%2C300\" data-large-file=\"https:\/\/i0.wp.com\/songkol.com\/WordPress3\/wp-content\/uploads\/2014\/02\/Torres_del_pain_lagunaAzul03.jpg?fit=768%2C1024\" loading=\"lazy\" class=\"size-thumbnail wp-image-780 alignright\" src=\"https:\/\/i0.wp.com\/songkol.com\/WordPress3\/wp-content\/uploads\/2014\/02\/Torres_del_pain_lagunaAzul03.jpg?resize=150%2C150\" alt=\"Torres_del_pain_lagunaAzul03\" width=\"150\" height=\"150\" srcset=\"https:\/\/i0.wp.com\/songkol.com\/WordPress3\/wp-content\/uploads\/2014\/02\/Torres_del_pain_lagunaAzul03.jpg?resize=150%2C150 150w, https:\/\/i0.wp.com\/songkol.com\/WordPress3\/wp-content\/uploads\/2014\/02\/Torres_del_pain_lagunaAzul03.jpg?zoom=2&amp;resize=150%2C150 300w, https:\/\/i0.wp.com\/songkol.com\/WordPress3\/wp-content\/uploads\/2014\/02\/Torres_del_pain_lagunaAzul03.jpg?zoom=3&amp;resize=150%2C150 450w\" sizes=\"(max-width: 150px) 100vw, 150px\" data-recalc-dims=\"1\" \/>Royal ! Vue imprenable sur les Torres. Zone herbeuse o\u00f9 les enfants peuvent courir. Salle commune en acc\u00e8s libre avec th\u00e9 et caf\u00e9 \u00e0 dispo (laisser un tip). Trouver sa place entre les arbres pour avoir une vue sur les Torres. Lieu de campement priv\u00e9 appartenant au propri\u00e9taire du lodge au pied des Torres (il peut mettre tout le monde dehors s\u2019il a pr\u00e9vu de recevoir un groupe). 2 sentiers faciles dont un monte jusqu\u2019au lago Cebolla duquel il y a un point de vue sur les Torres (pas vu pq mauvais temps). Sanitaires et eau chaude. Acc\u00e8s : belle piste aux magnifiques paysages mais t\u00f4le ondul\u00e9e dans les 20 derniers km.<br \/>\nGPS du bivouac : -50.87339, -72.7383<br \/>\n<span style=\"color: #993300;\">Plus d\u2019infos sur le blog :<\/span>\u00a0<a href=\"http:\/\/songkol.com\/WordPress3\/torres-del-paine-partie-1-2\/\" rel=\"bookmark\">Torres del Paine \u2013 partie 1<\/a><\/p>\n<p><strong>&gt; Paso Roballos et le petit paradis de la vall\u00e9e du Chacabuco\u00a0<\/strong><br \/>\nPiste 41 pas\u00a0fameuse au d\u00e9part de la 40 mais en s\u2019approchant de la fronti\u00e8re chilienne les paysages deviennent superbes et ce n\u2019est que le d\u00e9but ! D&rsquo;un d\u00e9cor de plateaux arides c\u00f4t\u00e9 argentin on passe d&rsquo;un coup \u00e0 un paysage vert c\u00f4t\u00e9 chilien dans une vall\u00e9e de Chacabuco qui deviendra bient\u00f4t un parc national chilien : piste \u00e9troite et sinueuse laissant apparaitre une succession de zones humides habit\u00e9es\u00a0par une faune et une flore vari\u00e9e. Un petit paradis !<br \/>\nGPS bivouac dans la vall\u00e9 de Chacabuco au bord d&rsquo;une rivi\u00e8re : -47.06072, -72.18702<br \/>\nPlus d\u2019infos sur le blog :\u00a0<a href=\"http:\/\/songkol.com\/WordPress3\/passage-vers-le-chili-paso-robalos\/\" rel=\"bookmark\">Passage vers le Chili \u2013 paso Robalos<\/a><\/p>\n<h3><span id=\"BOLIVIE\"><span style=\"color: #993300;\">BOLIVIE<\/span><\/span><\/h3>\n<p><span style=\"color: #008000;\"><strong>En r\u00e9sum\u00e9 :<\/strong> une identit\u00e9 culturelle multiple, forte et omnipr\u00e9sente et des Boliviens au contact bruts et frustres. <strong>On a aim\u00e9 (dans le d\u00e9sordre) :<\/strong> l\u2019isolement sur les \u00eeles du salar d\u2019Uyuni. Les photog\u00e9niques volcans jumeaux aux sommets enneig\u00e9s du rude parc national Sajama. Sucre, l\u2019\u00e9tincelante et certainement la plus authentique ville coloniale d\u2019Am\u00e9rique du Sud. La d\u00e9couverte de la culture Jal\u2019Qa autour du crat\u00e8re de Maragua. Les chullpas et la fraicheur des fresques na\u00efves de la chapelle de Curahuara de Carangas. Le march\u00e9 artisanal de Tarabuco. L\u2019environnement et la vie sauvage luxuriante du parc Madidi. Le cour pratique de g\u00e9ologie \u00e0 grande \u00e9chelle, les empreintes de dinosaures et la f\u00eate annuelle du village \u00e0 Torotoro (Cochabamba).<\/span><\/p>\n<p><strong>&gt; Parc Madidi : une semaine famille dans la jungle bolivienne<\/strong><\/p>\n<div id=\"attachment_3403\" style=\"width: 160px\" class=\"wp-caption alignright\"><img aria-describedby=\"caption-attachment-3403\" data-attachment-id=\"3403\" data-permalink=\"http:\/\/songkol.com\/WordPress3\/blog\/2014\/08\/17\/selva-et-pampa-aux-portes-de-rurrenabaque\/madidinelly-12\/\" data-orig-file=\"https:\/\/i0.wp.com\/songkol.com\/WordPress3\/wp-content\/uploads\/2014\/08\/MadidiNelly-12.jpg?fit=1200%2C600\" data-orig-size=\"1200,600\" data-comments-opened=\"1\" data-image-meta=\"{&quot;aperture&quot;:&quot;6.3&quot;,&quot;credit&quot;:&quot;&quot;,&quot;camera&quot;:&quot;DSC-HX50V&quot;,&quot;caption&quot;:&quot;&quot;,&quot;created_timestamp&quot;:&quot;1408210648&quot;,&quot;copyright&quot;:&quot;&quot;,&quot;focal_length&quot;:&quot;117.13&quot;,&quot;iso&quot;:&quot;640&quot;,&quot;shutter_speed&quot;:&quot;0.004&quot;,&quot;title&quot;:&quot;&quot;}\" data-image-title=\"MadidiNelly-12\" data-image-description=\"\" data-image-caption=\"&lt;p&gt;PN MADIDI \/ Dans la selva (jungle) : paracas&lt;\/p&gt;\n\" data-medium-file=\"https:\/\/i0.wp.com\/songkol.com\/WordPress3\/wp-content\/uploads\/2014\/08\/MadidiNelly-12.jpg?fit=300%2C150\" data-large-file=\"https:\/\/i0.wp.com\/songkol.com\/WordPress3\/wp-content\/uploads\/2014\/08\/MadidiNelly-12.jpg?fit=768%2C384\" loading=\"lazy\" class=\"size-thumbnail wp-image-3403\" src=\"https:\/\/i0.wp.com\/songkol.com\/WordPress3\/wp-content\/uploads\/2014\/08\/MadidiNelly-12.jpg?resize=150%2C150\" alt=\"PN MADIDI \/ Dans la selva (jungle) : paracas\" width=\"150\" height=\"150\" srcset=\"https:\/\/i0.wp.com\/songkol.com\/WordPress3\/wp-content\/uploads\/2014\/08\/MadidiNelly-12.jpg?resize=150%2C150 150w, https:\/\/i0.wp.com\/songkol.com\/WordPress3\/wp-content\/uploads\/2014\/08\/MadidiNelly-12.jpg?zoom=2&amp;resize=150%2C150 300w, https:\/\/i0.wp.com\/songkol.com\/WordPress3\/wp-content\/uploads\/2014\/08\/MadidiNelly-12.jpg?zoom=3&amp;resize=150%2C150 450w\" sizes=\"(max-width: 150px) 100vw, 150px\" data-recalc-dims=\"1\" \/><p id=\"caption-attachment-3403\" class=\"wp-caption-text\">PN MADIDI \/ Dans la selva (jungle) : paracas<\/p><\/div>\n<p>Nous sommes une famille de deux adultes et deux enfants (6 et 2 ans) et souhaitions d\u00e9couvrir la jungle mais pas \u00e0 des prix exorbitants comme annonc\u00e9s au P\u00e9rou ou en Equateur. Facilement accessible par avion depuis La Paz o\u00f9 nous stationnions (h\u00f4tel Oberland), nous avons choisi le parc Madidi situ\u00e9 aux portes de Rurrenabaque. Apr\u00e8s \u00e9tudes des offres des diff\u00e9rents prestataires pr\u00e9sents sur place, nous avons choisi l\u2019agence Mashaquipe. Nos crit\u00e8res principaux : programme \u00e0 la carte (flexibilit\u00e9 n\u00e9cessaire avec les enfants), explorer la jungle et la pampa avec la m\u00eame agence, tourisme respectueux des communaut\u00e9s locales et de l\u2019environnement. Nous avons demand\u00e9 un programme sur 6 jours soit 3 nuit dans la jungle et 2 dans la pampa (7425 bol, sans compter les entr\u00e9es des des parcs 125+150). Le guide David et son aide Raissar nous ont pris en charge de bout en bout. Le programme \u00e9tait tous les jours sujet \u00e0 discussion en fonction de l\u2019\u00e9tat de chacun et des options possibles sur lme terrain. Nous n\u2019avons pas senti un seul moment de flottement dans l\u2019organisation. La logistique \u00e9tait impeccable. Les repas copieux et vari\u00e9s. Et, cerise sur le g\u00e2teau, Raissar a \u00e9t\u00e9 \u00e0 quelques rares occasions un tr\u00e8s bon babysitteur le temps que nous terminions un repas (les voyageurs en famille comprendront \ud83d\ude42 ).<br \/>\nContact : 71986880 &#8211; 71900773 &#8211; 71504007 &#8211; <a href=\"https:\/\/www.mashaquipeecotours.com\" target=\"_blank\" rel=\"noopener\">Mashaquipe Ecolodge<\/a><br \/>\n<span style=\"color: #993300;\">Des photos sur notre blog ici :<\/span>\u00a0<a href=\"http:\/\/songkol.com\/WordPress3\/selva-et-pampa-aux-portes-de-rurrenabaque\/\" rel=\"bookmark\">Selva et pampa aux portes de Rurrenabaque<\/a><\/p>\n<p><strong>&gt; Sud Lipez : de San Pedro de Atacama \u00e0 Uyuni en camping-car<br \/>\n<\/strong><\/p>\n<div id=\"attachment_2529\" style=\"width: 160px\" class=\"wp-caption alignright\"><img aria-describedby=\"caption-attachment-2529\" data-attachment-id=\"2529\" data-permalink=\"http:\/\/songkol.com\/WordPress3\/preparatifs\/bons-plans-par-pays\/lipez81\/\" data-orig-file=\"https:\/\/i0.wp.com\/songkol.com\/WordPress3\/wp-content\/uploads\/2014\/07\/Lipez81.jpg?fit=1200%2C600\" data-orig-size=\"1200,600\" data-comments-opened=\"1\" data-image-meta=\"{&quot;aperture&quot;:&quot;20&quot;,&quot;credit&quot;:&quot;&quot;,&quot;camera&quot;:&quot;Canon EOS 5D&quot;,&quot;caption&quot;:&quot;&quot;,&quot;created_timestamp&quot;:&quot;1403948924&quot;,&quot;copyright&quot;:&quot;&quot;,&quot;focal_length&quot;:&quot;36&quot;,&quot;iso&quot;:&quot;800&quot;,&quot;shutter_speed&quot;:&quot;0.00125&quot;,&quot;title&quot;:&quot;&quot;}\" data-image-title=\"Lipez81\" data-image-description=\"\" data-image-caption=\"&lt;p&gt;SALAR \/ Petit-d\u00e9jeuner au milieu de nul part&lt;\/p&gt;\n\" data-medium-file=\"https:\/\/i0.wp.com\/songkol.com\/WordPress3\/wp-content\/uploads\/2014\/07\/Lipez81.jpg?fit=300%2C150\" data-large-file=\"https:\/\/i0.wp.com\/songkol.com\/WordPress3\/wp-content\/uploads\/2014\/07\/Lipez81.jpg?fit=768%2C384\" loading=\"lazy\" class=\"size-thumbnail wp-image-2529\" src=\"https:\/\/i0.wp.com\/songkol.com\/WordPress3\/wp-content\/uploads\/2014\/07\/Lipez81.jpg?resize=150%2C150\" alt=\"SALAR \/ Petit-d\u00e9jeuner au milieu de nul part\" width=\"150\" height=\"150\" srcset=\"https:\/\/i0.wp.com\/songkol.com\/WordPress3\/wp-content\/uploads\/2014\/07\/Lipez81.jpg?resize=150%2C150 150w, https:\/\/i0.wp.com\/songkol.com\/WordPress3\/wp-content\/uploads\/2014\/07\/Lipez81.jpg?zoom=2&amp;resize=150%2C150 300w, https:\/\/i0.wp.com\/songkol.com\/WordPress3\/wp-content\/uploads\/2014\/07\/Lipez81.jpg?zoom=3&amp;resize=150%2C150 450w\" sizes=\"(max-width: 150px) 100vw, 150px\" data-recalc-dims=\"1\" \/><p id=\"caption-attachment-2529\" class=\"wp-caption-text\">SALAR \/ Petit-d\u00e9jeuner au milieu de nul part<\/p><\/div>\n<p>L&rsquo;un des temps fort de notre voyage. Traverser le sud Lipez depuis San Pedro de Atacama puis rejoindre le salar de Uyuni avec un camping-car propulsion est faisable par la piste principale, celle utilis\u00e9e par les 4&#215;4 des agences d&rsquo;excursions. C\u2019est une superbe travers\u00e9e de 500km ou plus qui vaut la peine d\u2019\u00eatre tent\u00e9e.\u00a0Mis \u00e0 part l\u2019\u00e9tat impeccable du camping-car, il faut se renseigner sur l\u2019\u00e9tat des pistes aupr\u00e8s des deux agences d\u2019excursions boliviennes qui ont leur bureau dans San Pedro (SPA). Les agences chiliennes se contentent de revendre des excursions vendues par des agences boliviennes de Uyuni ou Tupiza : leurs boulots est seulement d\u2019amener les touristes jusqu\u2019au paso Hito Cajon o\u00f9 les 4&#215;4 boliviens les prennent en charge. L\u2019id\u00e9al est en fait d\u2019aller passer un moment avec les chauffeurs boliviens au paso Hito Cajon : ils ont parfois du mal \u00e0 se rep\u00e9rer sur une carte (les COPEC sont tr\u00e8s bien) mais leurs infos sont pr\u00e9cieuses car ils empruntent ces pistes tous les jours. C\u2019est eux qu\u2019il faut \u00e9couter.<br \/>\nLe jour J, il faut se pr\u00e9senter \u00e0 la douane chilienne dans la matin\u00e9e (S22.91081 W68.19377) avant de monter au paso Hito Cajon o\u00f9 il n\u2019y a que la douane bolivienne (migracion et aduana &#8211; S22.88083 W67.79863). Attention, quelques points importants :<br \/>\n&#8211; les chiliens bloquent la route vers le paso de 16h30 \u00e0 8h pour ne pas avoir \u00e0 aller chercher une voiture congel\u00e9e dans les montagnes<br \/>\n&#8211; le paso Hito Cajon est \u00e0 4600m d\u2019altitude et SPA \u00e0 2400m. 2200m de diff\u00e9rence\u2026 Ca fait beaucoup d\u2019un coup pour nos petites t\u00eates qui peuvent souffrir du mal des montagnes (Cf. <a href=\"http:\/\/songkol.com\/WordPress3\/preparatifs\/sante-altitude\/\">Nos conseils pour s&rsquo;adapter aux hautes altitudes<\/a>). L\u2019id\u00e9al est de ne pas d\u00e9passer plus de 500m de diff\u00e9rence entre deux points de bivouacs. Cela demande un peu de pr\u00e9paration mais certain (pas tous !) qui ne l\u2019ont pas fait ont du redescendre dans la nuit parce qu\u2019ils se sentaient vraiment pas bien. Nous avons donc profit\u00e9 d\u2019excursions diverses autour de SPA pour nous acclimater progressivement (Canyon de Guatin, Machuca et Geiser del Tatio).<\/p>\n<div id=\"attachment_2454\" style=\"width: 160px\" class=\"wp-caption alignright\"><img aria-describedby=\"caption-attachment-2454\" data-attachment-id=\"2454\" data-permalink=\"http:\/\/songkol.com\/WordPress3\/preparatifs\/bons-plans-par-pays\/lipez13\/\" data-orig-file=\"https:\/\/i0.wp.com\/songkol.com\/WordPress3\/wp-content\/uploads\/2014\/07\/Lipez13.jpg?fit=1200%2C600\" data-orig-size=\"1200,600\" data-comments-opened=\"1\" data-image-meta=\"{&quot;aperture&quot;:&quot;22&quot;,&quot;credit&quot;:&quot;&quot;,&quot;camera&quot;:&quot;Canon EOS 5D&quot;,&quot;caption&quot;:&quot;&quot;,&quot;created_timestamp&quot;:&quot;1403607370&quot;,&quot;copyright&quot;:&quot;&quot;,&quot;focal_length&quot;:&quot;40&quot;,&quot;iso&quot;:&quot;800&quot;,&quot;shutter_speed&quot;:&quot;0.001&quot;,&quot;title&quot;:&quot;&quot;}\" data-image-title=\"Lipez13\" data-image-description=\"\" data-image-caption=\"&lt;p&gt;SUD LIPEZ \/ Bourrasque de vent sur la laguna Chalviri&lt;\/p&gt;\n\" data-medium-file=\"https:\/\/i0.wp.com\/songkol.com\/WordPress3\/wp-content\/uploads\/2014\/07\/Lipez13.jpg?fit=300%2C150\" data-large-file=\"https:\/\/i0.wp.com\/songkol.com\/WordPress3\/wp-content\/uploads\/2014\/07\/Lipez13.jpg?fit=768%2C384\" loading=\"lazy\" class=\"size-thumbnail wp-image-2454\" src=\"https:\/\/i0.wp.com\/songkol.com\/WordPress3\/wp-content\/uploads\/2014\/07\/Lipez13.jpg?resize=150%2C150\" alt=\"SUD LIPEZ \/ Bourrasque de vent sur la laguna Chalviri\" width=\"150\" height=\"150\" srcset=\"https:\/\/i0.wp.com\/songkol.com\/WordPress3\/wp-content\/uploads\/2014\/07\/Lipez13.jpg?resize=150%2C150 150w, https:\/\/i0.wp.com\/songkol.com\/WordPress3\/wp-content\/uploads\/2014\/07\/Lipez13.jpg?zoom=2&amp;resize=150%2C150 300w, https:\/\/i0.wp.com\/songkol.com\/WordPress3\/wp-content\/uploads\/2014\/07\/Lipez13.jpg?zoom=3&amp;resize=150%2C150 450w\" sizes=\"(max-width: 150px) 100vw, 150px\" data-recalc-dims=\"1\" \/><p id=\"caption-attachment-2454\" class=\"wp-caption-text\">SUD LIPEZ \/ Bourrasque de vent sur la laguna Chalviri<\/p><\/div>\n<p><span style=\"color: #993300;\">JOUR 1 :<\/span> San Pedro &#8211; paso Hito cajon (migracion (visa 30j) + aduana (90j) en quelques minutes) &#8211; petit bout de piste jusqu\u2019\u00e0 l\u2019entr\u00e9e payante du parc &#8211; passage entre les lagunas Verde et Blanca &#8211; nuit aux termas Polques (laguna Chalviri)<br \/>\n<span style=\"color: #993300;\">JOUR 2 :<\/span> piste mauvaise (t\u00f4le, caillouteuse) des termas Polques jusqu\u2019\u00e0 la laguna Colorada en passant par les geisers Sol de manana (+\/- 5000m d&rsquo;altitude) &#8211; puis piste de nouveau correcte jusqu\u2019\u00e0 la laguna Capina &#8211; piste en bon \u00e9tat mais \u00e9troite et tortueuse jusqu\u2019\u00e0 un col puis descente sur la plaine qui m\u00e8ne jusqu\u2019\u00e0 Villa Mar &#8211; nuit \u00e0 Villa Mar pr\u00e8s du terrain de foot<br \/>\n<span style=\"color: #993300;\">JOUR 3 :<\/span> premier guet \u00e0 la sortie de Villa Mar (\u00e9vit\u00e9 en faisant un d\u00e9tour par une courte piste passant \u00e0 l\u2019est du village) &#8211; p\u00e9age de 10 bols \u00e0 la sortie de Villa Mar &#8211; piste correcte dans des paysages grandioses jusqu\u2019\u00e0 deux derniers guets situ\u00e9s qq km avant Villa Alota (le deuxi\u00e8me est plus profond que le premier &#8211; les deux m\u2019ont oblig\u00e9 \u00e0 d\u00e9monter le filtre \u00e0 air &#8211; piste fr\u00e9quent\u00e9e par les 4&#215;4 d\u2019excursions) &#8211; passage \u00e0 l\u2019ouest de Villa Alota puis magnifique vall\u00e9e \u00e0 remonter jusqu\u2019\u00e0 un col \u00e0 4300m &#8211; descente jusqu\u2019\u00e0 San Augustin o\u00f9 il faut prendre plein ouest le long de la ligne \u00e9lectrique (piste sablonneuse inexistante sur les cartes) pour retrouver une autre piste sablonneuse qui monte plein nord en direction de San Juan &#8211; travers\u00e9e de la ligne de chemin de fer au milieu d&rsquo;un premier lac sal\u00e9 &#8211; nuit \u00e0 San Juan<br \/>\n<span style=\"color: #993300;\">JOUR 4 :<\/span> piste impeccable jusqu\u2019\u00e0 San Pedro de Quemes &#8211; piste mauvaise vers le nord-est en direction de la surprenante grotte Galaxia (t\u00f4le, creux prononc\u00e9s, sable profond parfois,\u2026) &#8211; puis encore piste mauvaise (t\u00f4le, caillouteuse) en direction de Tanil Vinto qui est le point d\u2019entr\u00e9e sur le salar &#8211; nuit \u00e0 l\u2019ile Pescado (pas Incahuasi)<\/p>\n<div id=\"attachment_2476\" style=\"width: 160px\" class=\"wp-caption alignright\"><img aria-describedby=\"caption-attachment-2476\" data-attachment-id=\"2476\" data-permalink=\"http:\/\/songkol.com\/WordPress3\/preparatifs\/bons-plans-par-pays\/lipez30\/\" data-orig-file=\"https:\/\/i0.wp.com\/songkol.com\/WordPress3\/wp-content\/uploads\/2014\/07\/Lipez30.jpg?fit=1200%2C600\" data-orig-size=\"1200,600\" data-comments-opened=\"1\" data-image-meta=\"{&quot;aperture&quot;:&quot;16&quot;,&quot;credit&quot;:&quot;&quot;,&quot;camera&quot;:&quot;Canon EOS 5D&quot;,&quot;caption&quot;:&quot;&quot;,&quot;created_timestamp&quot;:&quot;1403700316&quot;,&quot;copyright&quot;:&quot;&quot;,&quot;focal_length&quot;:&quot;17&quot;,&quot;iso&quot;:&quot;400&quot;,&quot;shutter_speed&quot;:&quot;0.0015625&quot;,&quot;title&quot;:&quot;&quot;}\" data-image-title=\"Lipez30\" data-image-description=\"\" data-image-caption=\"&lt;p&gt;SUD LIPEZ \/ Entre Villa Mar et Villa Alota&lt;\/p&gt;\n\" data-medium-file=\"https:\/\/i0.wp.com\/songkol.com\/WordPress3\/wp-content\/uploads\/2014\/07\/Lipez30.jpg?fit=300%2C150\" data-large-file=\"https:\/\/i0.wp.com\/songkol.com\/WordPress3\/wp-content\/uploads\/2014\/07\/Lipez30.jpg?fit=768%2C384\" loading=\"lazy\" class=\"size-thumbnail wp-image-2476\" src=\"https:\/\/i0.wp.com\/songkol.com\/WordPress3\/wp-content\/uploads\/2014\/07\/Lipez30.jpg?resize=150%2C150\" alt=\"SUD LIPEZ \/ Entre Villa Mar et Villa Alota\" width=\"150\" height=\"150\" srcset=\"https:\/\/i0.wp.com\/songkol.com\/WordPress3\/wp-content\/uploads\/2014\/07\/Lipez30.jpg?resize=150%2C150 150w, https:\/\/i0.wp.com\/songkol.com\/WordPress3\/wp-content\/uploads\/2014\/07\/Lipez30.jpg?zoom=2&amp;resize=150%2C150 300w, https:\/\/i0.wp.com\/songkol.com\/WordPress3\/wp-content\/uploads\/2014\/07\/Lipez30.jpg?zoom=3&amp;resize=150%2C150 450w\" sizes=\"(max-width: 150px) 100vw, 150px\" data-recalc-dims=\"1\" \/><p id=\"caption-attachment-2476\" class=\"wp-caption-text\">SUD LIPEZ \/ Entre Villa Mar et Villa Alota<\/p><\/div>\n<p>La piste n\u2019a rien de technique. Les seuls passages d\u00e9licats furent des passages de rivi\u00e8res \u00e0 la sortie de Vila Mar et \u00e0 l\u2019ouest de Vila Alota. Ne pas se laisser impressionner par les 4&#215;4 d\u2019excursions qui passent l\u00e0 o\u00f9 c\u2019est le plus profond (ca impressionne les clients !) mais plut\u00f4t attendre patiemment un local qui montrera le bon chemin. L\u2019autre difficult\u00e9 est le froid : en juin nous avons mesur\u00e9 un -15\u00b0 sur le salar. A cette temp\u00e9rature, il est imp\u00e9ratif :<br \/>\n&#8211; d\u2019ajouter de l\u2019anti-congelant dans le diesel qui sinon va pailleter (disponible \u00e0 SPA)<br \/>\n&#8211; de se garer face au soleil levant qui r\u00e9chauffera le moteur le lendemain matin<br \/>\n&#8211; de couvrir le moteur avec une couverture le soir et de refermer le capot dessus<br \/>\n<span style=\"color: #993300;\">Les pages de notre blog concernant cette travers\u00e9e :<\/span><br \/>\n<a href=\"http:\/\/songkol.com\/WordPress3\/welcome-to-bolivia-aux-portes-du-sud-lipez\/\" target=\"_blank\" rel=\"noopener\">Welcome to Bolivia \u2013 Aux portes du Sud Lipez<\/a><br \/>\n<a href=\"http:\/\/songkol.com\/WordPress3\/laventure-sud-lipezienne\/\">\u00ab\u00a0L\u2019aventure\u00a0\u00bb Sud lipezienne<\/a><\/p>\n<p><strong>&gt; La Paz : refaire ses housses de coussins<\/strong><br \/>\nNous avons \u00e9t\u00e9 tr\u00e8s content du travail d\u2019Elisabeth qui a r\u00e9alis\u00e9 6 housses (fundas) et 6 rideaux en 2 jours pour 450 bols (+\/- 45\u20ac !). Nous avions achet\u00e9 le tissu (tella) dans la m\u00eame galerie marchande Tocuyeros, sp\u00e9cialis\u00e9e dans les tissus d\u2019ameublement (3 \u00e9tages). Le mari d\u2019Elisabeth vend les mousses \u00e0 l\u2019\u00e9tage du dessous.\u00a0Le point GPS de l\u2019entr\u00e9e de la galerie marchande : S16.49740 W68.14164<br \/>\nElisabeth est au local 61 niveau 1.<\/p>\n<p><strong>&gt; La Paz : points GPS divers<\/strong><br \/>\n&#8211; Aduana El Alto (renouvellement de l\u2019importation temporaire) : S16.51955 W68.16973<br \/>\n&#8211; Imcruz : importateur officiel Iveco : S16.54274 W68.17623<br \/>\n&#8211; garage de Ernesto Hug : S16.51550 W68.13583<br \/>\n&#8211; point de vue panoramique Killi Killi : S16.49520 W68.12749<br \/>\n&#8211; point de vue panoramique Laikakota (parc pour enfants) : S16.50284 W68.12433<br \/>\n&#8211; centre commercial Mega Center \/ Ketal : S16.53404 W68.08668<br \/>\n&#8211; entr\u00e9e du parking de l\u2019h\u00f4tel Oberland : S16.56852 W68.08924<br \/>\n&#8211; rue de l\u2019\u00e9lectronique (APN, GPS, mobile,\u2026) : S16.49808 W68.14337 (calle Eloy Salmon)<br \/>\n&#8211; galerie de tissus pour refaire les garnitures du CC : S16.49740 W68.14164 (plaza 14 septiembre)<\/p>\n<p><strong>&gt; PN Sajama\u00a0: Geysers et balade jusqu&rsquo;au lac Khasiri<\/strong><\/p>\n<div id=\"attachment_3157\" style=\"width: 160px\" class=\"wp-caption alignright\"><img aria-describedby=\"caption-attachment-3157\" data-attachment-id=\"3157\" data-permalink=\"http:\/\/songkol.com\/WordPress3\/preparatifs\/bons-plans-par-pays\/sajama-42-2\/\" data-orig-file=\"https:\/\/i0.wp.com\/songkol.com\/WordPress3\/wp-content\/uploads\/2014\/08\/SAJAMA-421.jpg?fit=1200%2C1200\" data-orig-size=\"1200,1200\" data-comments-opened=\"1\" data-image-meta=\"{&quot;aperture&quot;:&quot;11&quot;,&quot;credit&quot;:&quot;&quot;,&quot;camera&quot;:&quot;Canon EOS 5D&quot;,&quot;caption&quot;:&quot;&quot;,&quot;created_timestamp&quot;:&quot;1406884328&quot;,&quot;copyright&quot;:&quot;&quot;,&quot;focal_length&quot;:&quot;17&quot;,&quot;iso&quot;:&quot;400&quot;,&quot;shutter_speed&quot;:&quot;0.004&quot;,&quot;title&quot;:&quot;&quot;}\" data-image-title=\"SAJAMA-42\" data-image-description=\"\" data-image-caption=\"&lt;p&gt;PN SAJAMA \/ Champ de geysers&lt;\/p&gt;\n\" data-medium-file=\"https:\/\/i0.wp.com\/songkol.com\/WordPress3\/wp-content\/uploads\/2014\/08\/SAJAMA-421.jpg?fit=300%2C300\" data-large-file=\"https:\/\/i0.wp.com\/songkol.com\/WordPress3\/wp-content\/uploads\/2014\/08\/SAJAMA-421.jpg?fit=768%2C768\" loading=\"lazy\" class=\"size-thumbnail wp-image-3157\" src=\"https:\/\/i0.wp.com\/songkol.com\/WordPress3\/wp-content\/uploads\/2014\/08\/SAJAMA-421.jpg?resize=150%2C150\" alt=\"PN SAJAMA \/ Champ de geysers\" width=\"150\" height=\"150\" srcset=\"https:\/\/i0.wp.com\/songkol.com\/WordPress3\/wp-content\/uploads\/2014\/08\/SAJAMA-421.jpg?resize=150%2C150 150w, https:\/\/i0.wp.com\/songkol.com\/WordPress3\/wp-content\/uploads\/2014\/08\/SAJAMA-421.jpg?resize=300%2C300 300w, https:\/\/i0.wp.com\/songkol.com\/WordPress3\/wp-content\/uploads\/2014\/08\/SAJAMA-421.jpg?resize=1024%2C1024 1024w, https:\/\/i0.wp.com\/songkol.com\/WordPress3\/wp-content\/uploads\/2014\/08\/SAJAMA-421.jpg?w=1200 1200w\" sizes=\"(max-width: 150px) 100vw, 150px\" data-recalc-dims=\"1\" \/><p id=\"caption-attachment-3157\" class=\"wp-caption-text\">PN SAJAMA \/ Champ de geysers<\/p><\/div>\n<p>Situ\u00e9 dans le d\u00e9partement d\u2019Oruro, en bordure de la fronti\u00e8re chilienne, le PN Sajama est l\u2019un des plus beaux parcs que nous ayons visit\u00e9 en Bolivie avec celui de Torotoro (Cochabamba). Au programme : vue magnifique sur les volcans jumeaux au c\u00f4ne parfait plant\u00e9s au milieu de la puna \u00e0 4300m, bains thermaux, for\u00eats la plus haute du monde, et champ de geisers. Pour se baigner, nous recommandons ce dernier o\u00f9 l\u2019on peut aussi bivouaquer plut\u00f4t que les bains thermaux qui sont nettement plus organis\u00e9s et payant.<br \/>\nDe ce m\u00eame parking\/bivouac, d\u00e9marre une rando-boucle d\u2019une journ\u00e9e \u00e0 une nuit en direction de 3 lacs d\u2019altitudes qui se trouvent du c\u00f4t\u00e9 chilien. Pour nous ce ne sera qu\u2019un A\/R jusqu\u2019au premier lac. Parti des geisers \u00e0 4380m d\u2019altitude vous devrez grimper jusqu\u2019au premier lac situ\u00e9 \u00e0 4850m en suivant d\u2019abord la piste puis en se faisant son chemin \u00e0 travers champ jusqu\u2019au d\u00e9but du sentier bien trac\u00e9 (S18.08143 W69.05607) qui vous emmenera jusqu\u2019au lac. Pas difficile techniquement mais l\u2019altitude rend la marche difficile\u2026 Si la mont\u00e9e nous a pris 3h, la descente s\u2019est faites en 1h30.<\/p>\n<div id=\"attachment_3146\" style=\"width: 160px\" class=\"wp-caption alignright\"><img aria-describedby=\"caption-attachment-3146\" data-attachment-id=\"3146\" data-permalink=\"http:\/\/songkol.com\/WordPress3\/preparatifs\/bons-plans-par-pays\/sajama-31\/\" data-orig-file=\"https:\/\/i0.wp.com\/songkol.com\/WordPress3\/wp-content\/uploads\/2014\/08\/SAJAMA-31.jpg?fit=1200%2C1200\" data-orig-size=\"1200,1200\" data-comments-opened=\"1\" data-image-meta=\"{&quot;aperture&quot;:&quot;14&quot;,&quot;credit&quot;:&quot;&quot;,&quot;camera&quot;:&quot;Canon EOS 5D&quot;,&quot;caption&quot;:&quot;&quot;,&quot;created_timestamp&quot;:&quot;1406813010&quot;,&quot;copyright&quot;:&quot;&quot;,&quot;focal_length&quot;:&quot;40&quot;,&quot;iso&quot;:&quot;400&quot;,&quot;shutter_speed&quot;:&quot;0.0025&quot;,&quot;title&quot;:&quot;&quot;}\" data-image-title=\"SAJAMA-31\" data-image-description=\"\" data-image-caption=\"&lt;p&gt;PN SAJAMA \/ Balade vers le lac : le Sajama derri\u00e8re nous&lt;\/p&gt;\n\" data-medium-file=\"https:\/\/i0.wp.com\/songkol.com\/WordPress3\/wp-content\/uploads\/2014\/08\/SAJAMA-31.jpg?fit=300%2C300\" data-large-file=\"https:\/\/i0.wp.com\/songkol.com\/WordPress3\/wp-content\/uploads\/2014\/08\/SAJAMA-31.jpg?fit=768%2C768\" loading=\"lazy\" class=\"size-thumbnail wp-image-3146\" src=\"https:\/\/i0.wp.com\/songkol.com\/WordPress3\/wp-content\/uploads\/2014\/08\/SAJAMA-31.jpg?resize=150%2C150\" alt=\"sajama\" width=\"150\" height=\"150\" srcset=\"https:\/\/i0.wp.com\/songkol.com\/WordPress3\/wp-content\/uploads\/2014\/08\/SAJAMA-31.jpg?resize=150%2C150 150w, https:\/\/i0.wp.com\/songkol.com\/WordPress3\/wp-content\/uploads\/2014\/08\/SAJAMA-31.jpg?resize=300%2C300 300w, https:\/\/i0.wp.com\/songkol.com\/WordPress3\/wp-content\/uploads\/2014\/08\/SAJAMA-31.jpg?resize=1024%2C1024 1024w, https:\/\/i0.wp.com\/songkol.com\/WordPress3\/wp-content\/uploads\/2014\/08\/SAJAMA-31.jpg?w=1200 1200w\" sizes=\"(max-width: 150px) 100vw, 150px\" data-recalc-dims=\"1\" \/><p id=\"caption-attachment-3146\" class=\"wp-caption-text\">PN SAJAMA \/ Balade vers le lac : le Sajama derri\u00e8re nous<\/p><\/div>\n<p>D\u2019apr\u00e8s les infos collect\u00e9es sur place, il faut compter 1,5h du lac Khasiri jusqu\u2019au lac Soropata (4900m et un refuge sommaire \u00e0 dispo), puis une autre heure jusqu\u2019au lac Chiar Khota (4960m). On fini la boucle par 5h de marche en descente jusqu\u2019au bains thermaux (aguas termales). Il vous en coutera 150 bol par jour pour \u00eatre accompagn\u00e9 d\u2019un guide (avec ou sans \u00e2ne).<br \/>\n<span style=\"color: #993300;\">POINTS GPS<\/span><br \/>\nAu village de Sajama, bivouac chez Ana et Mario (guide de haute montagne) : S18.13535 W68.97406<br \/>\nAu village de Sajama, point d\u2019eau sur la plaza (robinet) : S18.13590 W68.97594<br \/>\nParking du champ de geyser : S18.09961 W69.02942<br \/>\nD\u00e9but du sentier bien trac\u00e9 vers le 1er lac Khasiri : S18.08143 W69.05607<br \/>\nBonne balade !<br \/>\n<span style=\"color: #993300;\">Des photos sur notre blog :<\/span>\u00a0<a href=\"http:\/\/songkol.com\/WordPress3\/les-beautes-de-sajama\/\" target=\"_blank\" rel=\"noopener\">http:\/\/songkol.com\/WordPress3\/les-beautes-de-sajama\/<\/a><\/p>\n<p><strong>&gt; Chullpas et tours fun\u00e9raires en pis\u00e9<\/strong><br \/>\nSur la route entre Curahuara Et Patacamaya, plusieurs groupes de chullpas, ou tours fun\u00e9raires, construites par des groupes Aymara pour abriter les restes momifi\u00e9s des notables de leur soci\u00e9t\u00e9. Ces tours se dressent par groupes de 3 ou 4 dans un paysage d\u00e9sertique travers\u00e9 par une antique route qui reliait la jungle au Chili.<br \/>\n<span style=\"color: #993300;\">Plus d\u2019infos sur le blog :<\/span> <a href=\"http:\/\/songkol.com\/WordPress3\/les-beautes-de-sajama\/\">http:\/\/songkol.com\/WordPress3\/les-beautes-de-sajama\/<\/a><\/p>\n<p><strong>&gt; Chapelle peinte de Curahuara de Caranguas<\/strong><\/p>\n<div id=\"attachment_3609\" style=\"width: 160px\" class=\"wp-caption alignright\"><img aria-describedby=\"caption-attachment-3609\" data-attachment-id=\"3609\" data-permalink=\"http:\/\/songkol.com\/WordPress3\/preparatifs\/bons-plans-par-pays\/copy-pano-curahuara1-jpg\/\" data-orig-file=\"https:\/\/i0.wp.com\/songkol.com\/WordPress3\/wp-content\/uploads\/2014\/09\/copy-pano-curahuara1.jpg?fit=1500%2C450\" data-orig-size=\"1500,450\" data-comments-opened=\"1\" data-image-meta=\"{&quot;aperture&quot;:&quot;4&quot;,&quot;credit&quot;:&quot;&quot;,&quot;camera&quot;:&quot;Canon EOS 5D&quot;,&quot;caption&quot;:&quot;&quot;,&quot;created_timestamp&quot;:&quot;1406912399&quot;,&quot;copyright&quot;:&quot;&quot;,&quot;focal_length&quot;:&quot;40&quot;,&quot;iso&quot;:&quot;1000&quot;,&quot;shutter_speed&quot;:&quot;0.025&quot;,&quot;title&quot;:&quot;&quot;}\" data-image-title=\"CURAHUARA DE CARANGAS \/ Chapelle Sixtine &#8211;\" data-image-description=\"&lt;p&gt;http:\/\/songkol.com\/WordPress3\/wp-content\/uploads\/2014\/09\/copy-pano-curahuara1.jpg&lt;\/p&gt;\n\" data-image-caption=\"&lt;p&gt;CURAHUARA DE CARANGAS \/ Chapelle Sixtine &#8211; &lt;\/p&gt;\n\" data-medium-file=\"https:\/\/i0.wp.com\/songkol.com\/WordPress3\/wp-content\/uploads\/2014\/09\/copy-pano-curahuara1.jpg?fit=300%2C90\" data-large-file=\"https:\/\/i0.wp.com\/songkol.com\/WordPress3\/wp-content\/uploads\/2014\/09\/copy-pano-curahuara1.jpg?fit=768%2C230\" loading=\"lazy\" class=\"size-thumbnail wp-image-3609\" src=\"https:\/\/i0.wp.com\/songkol.com\/WordPress3\/wp-content\/uploads\/2014\/09\/copy-pano-curahuara1.jpg?resize=150%2C150\" alt=\"CURAHUARA DE CARANGAS\" width=\"150\" height=\"150\" srcset=\"https:\/\/i0.wp.com\/songkol.com\/WordPress3\/wp-content\/uploads\/2014\/09\/copy-pano-curahuara1.jpg?resize=150%2C150 150w, https:\/\/i0.wp.com\/songkol.com\/WordPress3\/wp-content\/uploads\/2014\/09\/copy-pano-curahuara1.jpg?zoom=2&amp;resize=150%2C150 300w, https:\/\/i0.wp.com\/songkol.com\/WordPress3\/wp-content\/uploads\/2014\/09\/copy-pano-curahuara1.jpg?zoom=3&amp;resize=150%2C150 450w\" sizes=\"(max-width: 150px) 100vw, 150px\" data-recalc-dims=\"1\" \/><p id=\"caption-attachment-3609\" class=\"wp-caption-text\">CURAHUARA DE CARANGAS \/ Chapelle Sixtine &#8211;<\/p><\/div>\n<p>Sur la route vers le PN de Sajama, nous faisons un stop dans le village de Curahuara de Caranguas dont l\u2019\u00e9glise abrite de tr\u00e8s jolies peintures murales. On nous la d\u00e9crit dans le guide comme la chapelle Sixtine de l\u2019Altiplano, nous ne sommes pas d\u00e9\u00e7us, c\u2019est en effet ravissant et surtout tr\u00e8s inattendu. Possibilit\u00e9 de visite guid\u00e9e par le pr\u00eatre roumain. Bivouac pas passionnant sur le parking de la grande place.<br \/>\nGPS : -17.84276, -68.40881<br \/>\n<span style=\"color: #993300;\">Plus d\u2019infos sur le blog :<\/span> <a href=\"http:\/\/songkol.com\/WordPress3\/les-beautes-de-sajama\/\">http:\/\/songkol.com\/WordPress3\/les-beautes-de-sajama\/<\/a><\/p>\n<h3><span id=\"PEROU\"><span style=\"color: #993300;\">PEROU<\/span><\/span><\/h3>\n<p><span style=\"color: #008000;\"><strong>En r\u00e9sum\u00e9 :<\/strong> Un incontournable de l\u2019Am\u00e9rique du sud. <strong>On a aim\u00e9\u00a0(dans le d\u00e9sordre)\u00a0:<\/strong> explorer \u00e0 pied la p\u00e9ninsule de Capachica avec d\u2019\u00e9poustouflantes vues sur l\u2019hypnotisant lac Titicaca. La ferveur autour des processions des candidats en campagne \u00e9lectorale. Le fascinant monasterio de Santa Catalina d\u2019Arequipa, la belle coloniale. La vie rurale, les cultures en terrasses, la marche vers les s\u00e9pultures incas de Sh\u2019Iqra et le vol plan\u00e9 des condors dans le canyon del Colca. Les marches autour des lacs glaciaires Llanganuco de la Cordillera Blanca. Le spectacle fantastique autour de la citadelle Machu Picchu. Go\u00fbter au rafraichissant ceviche le long de la c\u00f4te. Une initiation au sandboard sur la dune jaune dor\u00e9e de l\u2019oasis de Huacachina.<\/span><\/p>\n<p><strong>&gt; Raccourci entre Trujillo et le canyon del Pato<\/strong><br \/>\nIl y a moyen d\u2019\u00e9viter de faire le crochet par Chimbote en empruntant une route priv\u00e9e (petit p\u00e9age). Les points d\u2019acc\u00e8s sont ici : S8.66429 W78.30117 (pont derri\u00e8re une grille) et S8.64801 W78.62071 (sur la panam).\u00a0Les employ\u00e9s sont habitu\u00e9s. La route est une piste bien entretenue qui traverse une zone d\u00e9sertique et longe un cours d\u2019eau.<\/p>\n<p><strong>&gt; Ica : cours gratuit de sandboard pour les enfants<\/strong><\/p>\n<div id=\"attachment_3854\" style=\"width: 160px\" class=\"wp-caption alignright\"><img aria-describedby=\"caption-attachment-3854\" data-attachment-id=\"3854\" data-permalink=\"http:\/\/songkol.com\/WordPress3\/preparatifs\/bons-plans-par-pays\/ica3-2\/\" data-orig-file=\"https:\/\/i0.wp.com\/songkol.com\/WordPress3\/wp-content\/uploads\/2014\/10\/ICA3-2.jpg?fit=600%2C600\" data-orig-size=\"600,600\" data-comments-opened=\"1\" data-image-meta=\"{&quot;aperture&quot;:&quot;4&quot;,&quot;credit&quot;:&quot;&quot;,&quot;camera&quot;:&quot;DSC-HX50V&quot;,&quot;caption&quot;:&quot;&quot;,&quot;created_timestamp&quot;:&quot;1412442655&quot;,&quot;copyright&quot;:&quot;&quot;,&quot;focal_length&quot;:&quot;5.51&quot;,&quot;iso&quot;:&quot;80&quot;,&quot;shutter_speed&quot;:&quot;0.002&quot;,&quot;title&quot;:&quot;&quot;,&quot;orientation&quot;:&quot;1&quot;}\" data-image-title=\"ICA3-2\" data-image-description=\"\" data-image-caption=\"&lt;p&gt;ICA \/ S\u00e9ance de sandboard&lt;\/p&gt;\n\" data-medium-file=\"https:\/\/i0.wp.com\/songkol.com\/WordPress3\/wp-content\/uploads\/2014\/10\/ICA3-2.jpg?fit=300%2C300\" data-large-file=\"https:\/\/i0.wp.com\/songkol.com\/WordPress3\/wp-content\/uploads\/2014\/10\/ICA3-2.jpg?fit=600%2C600\" loading=\"lazy\" class=\"size-thumbnail wp-image-3854\" src=\"https:\/\/i0.wp.com\/songkol.com\/WordPress3\/wp-content\/uploads\/2014\/10\/ICA3-2.jpg?resize=150%2C150\" alt=\"ICA \/ S\u00e9ance de sandboard\" width=\"150\" height=\"150\" srcset=\"https:\/\/i0.wp.com\/songkol.com\/WordPress3\/wp-content\/uploads\/2014\/10\/ICA3-2.jpg?resize=150%2C150 150w, https:\/\/i0.wp.com\/songkol.com\/WordPress3\/wp-content\/uploads\/2014\/10\/ICA3-2.jpg?resize=300%2C300 300w, https:\/\/i0.wp.com\/songkol.com\/WordPress3\/wp-content\/uploads\/2014\/10\/ICA3-2.jpg?w=600 600w\" sizes=\"(max-width: 150px) 100vw, 150px\" data-recalc-dims=\"1\" \/><p id=\"caption-attachment-3854\" class=\"wp-caption-text\">ICA \/ S\u00e9ance de sandboard<\/p><\/div>\n<p>Laurent (Lorenzo pour les locaux) offre des cours gratuits de sandboard pour les enfants, tous les samedis en fin d\u2019apr\u00e8s-midi (pr\u00eat du matos compris). Ce Suisse francophone se bat pour proposer une d\u00e9couverte plus en douceur des dunes de l\u2019oasis de Huacachina. Y\u2019en a bien besoin ! Bonne ambiance partag\u00e9e avec les enfants du village. D\u2019autres \u00e9coles devraient ouvrir sur les nombreuses autres dunes de la c\u00f4te p\u00e9ruvienne.<br \/>\n<span style=\"color: #993300;\">Point GPS<\/span><br \/>\nbureau de l\u2019\u00e9cole internationale de sandboard : S14.08671 W75.76390<br \/>\nPour info, dans la journ\u00e9e nous stationnions \u00e0 l\u2019ombre des arbres en face de son agence (S14.08680 W75.76398), et le soir nous dormions sur le parking des buggys (S14.08881 W75.76320). La seule tienda de l\u2019oasis qui vende du pain est ici : S14.08857 W75.76289<br \/>\n<span style=\"color: #993300;\">Des photos sur notre blog :<\/span>\u00a0<a href=\"http:\/\/songkol.com\/WordPress3\/les-dunes-de-huacachina-et-la-mer-de-paracas\/\" target=\"_blank\" rel=\"noopener\">http:\/\/songkol.com\/WordPress3\/les-dunes-de-huacachina-et-la-mer-de-paracas\/<\/a><\/p>\n<p><strong>&gt; Lac Titicaca : p\u00e9ninsule Capachica<\/strong><\/p>\n<div id=\"attachment_3515\" style=\"width: 160px\" class=\"wp-caption alignright\"><img aria-describedby=\"caption-attachment-3515\" data-attachment-id=\"3515\" data-permalink=\"http:\/\/songkol.com\/WordPress3\/preparatifs\/bons-plans-par-pays\/llachon-43\/\" data-orig-file=\"https:\/\/i0.wp.com\/songkol.com\/WordPress3\/wp-content\/uploads\/2014\/09\/LLACHON-43.jpg?fit=600%2C600\" data-orig-size=\"600,600\" data-comments-opened=\"1\" data-image-meta=\"{&quot;aperture&quot;:&quot;14&quot;,&quot;credit&quot;:&quot;&quot;,&quot;camera&quot;:&quot;Canon EOS 5D&quot;,&quot;caption&quot;:&quot;&quot;,&quot;created_timestamp&quot;:&quot;1410366086&quot;,&quot;copyright&quot;:&quot;&quot;,&quot;focal_length&quot;:&quot;40&quot;,&quot;iso&quot;:&quot;400&quot;,&quot;shutter_speed&quot;:&quot;0.0025&quot;,&quot;title&quot;:&quot;&quot;}\" data-image-title=\"LLACHON-43\" data-image-description=\"\" data-image-caption=\"&lt;p&gt;LAC TITICACA \/ Presqu&amp;rsquo;ile de Llachon (Santa-Maria)&lt;\/p&gt;\n\" data-medium-file=\"https:\/\/i0.wp.com\/songkol.com\/WordPress3\/wp-content\/uploads\/2014\/09\/LLACHON-43.jpg?fit=300%2C300\" data-large-file=\"https:\/\/i0.wp.com\/songkol.com\/WordPress3\/wp-content\/uploads\/2014\/09\/LLACHON-43.jpg?fit=600%2C600\" loading=\"lazy\" class=\"size-thumbnail wp-image-3515\" src=\"https:\/\/i0.wp.com\/songkol.com\/WordPress3\/wp-content\/uploads\/2014\/09\/LLACHON-43.jpg?resize=150%2C150\" alt=\"LAC TITICACA \/ Presqu'ile de Llachon (Santa-Maria)\" width=\"150\" height=\"150\" srcset=\"https:\/\/i0.wp.com\/songkol.com\/WordPress3\/wp-content\/uploads\/2014\/09\/LLACHON-43.jpg?resize=150%2C150 150w, https:\/\/i0.wp.com\/songkol.com\/WordPress3\/wp-content\/uploads\/2014\/09\/LLACHON-43.jpg?resize=300%2C300 300w, https:\/\/i0.wp.com\/songkol.com\/WordPress3\/wp-content\/uploads\/2014\/09\/LLACHON-43.jpg?w=600 600w\" sizes=\"(max-width: 150px) 100vw, 150px\" data-recalc-dims=\"1\" \/><p id=\"caption-attachment-3515\" class=\"wp-caption-text\">LAC TITICACA \/ Presqu&rsquo;ile de Llachon (Santa-Maria)<\/p><\/div>\n<p>Un tr\u00e8s bon souvenir. Sur les rives p\u00e9ruviennes du lac Titicaca, nous avons bivouaqu\u00e9 \u00e0 deux pas de la <em>Casa de Felix<\/em> situ\u00e9e dans le hameau Santa-Maria (qq km apr\u00e8s Llachon). Nous dormions dans notre CC et prenions les repas chez F\u00e9lix et sa femme avec une vue panoramique sur le lac. Ils peuvent organiser l\u2019aller\/retour sur les iles du coin (Taquil\u00e9 nous a bien plue m\u00eame si elle est assez touristique). Jolie rando\u00a0jusqu&rsquo;au sommet de la p\u00e9ninsule. Goudron jusqu\u2019\u00e0 Capachica puis piste d\u2019acc\u00e8s tout \u00e0 fait praticable jusqu\u2019au point GPS (un grand panneau en bois indique \u00ab Casa de Felix \u00bb)<br \/>\nPoints GPS du bivouac : S15.72753 W69.76935<br \/>\n<span style=\"color: #993300;\">Des photos sur notre blog :<\/span>\u00a0<a href=\"http:\/\/songkol.com\/WordPress3\/premier-pas-au-perou\/\" target=\"_blank\" rel=\"noopener\">http:\/\/songkol.com\/WordPress3\/premier-pas-au-perou\/<\/a><\/p>\n<p><strong>&gt; Vall\u00e9e de Colca (condors)<\/strong><\/p>\n<div id=\"attachment_3689\" style=\"width: 160px\" class=\"wp-caption alignright\"><img aria-describedby=\"caption-attachment-3689\" data-attachment-id=\"3689\" data-permalink=\"http:\/\/songkol.com\/WordPress3\/preparatifs\/bons-plans-par-pays\/canyoncolca-10\/\" data-orig-file=\"https:\/\/i0.wp.com\/songkol.com\/WordPress3\/wp-content\/uploads\/2014\/09\/CANYONCOLCA-10.jpg?fit=1200%2C600\" data-orig-size=\"1200,600\" data-comments-opened=\"1\" data-image-meta=\"{&quot;aperture&quot;:&quot;6.3&quot;,&quot;credit&quot;:&quot;&quot;,&quot;camera&quot;:&quot;DSC-HX50V&quot;,&quot;caption&quot;:&quot;&quot;,&quot;created_timestamp&quot;:&quot;1410857758&quot;,&quot;copyright&quot;:&quot;&quot;,&quot;focal_length&quot;:&quot;54.62&quot;,&quot;iso&quot;:&quot;80&quot;,&quot;shutter_speed&quot;:&quot;0.003125&quot;,&quot;title&quot;:&quot;&quot;}\" data-image-title=\"CANYONCOLCA-10\" data-image-description=\"\" data-image-caption=\"&lt;p&gt;CANYON DE COLCA \/ Matin\u00e9e d&amp;rsquo;observation des condors au lieu-dit Cruz del condor&lt;\/p&gt;\n\" data-medium-file=\"https:\/\/i0.wp.com\/songkol.com\/WordPress3\/wp-content\/uploads\/2014\/09\/CANYONCOLCA-10.jpg?fit=300%2C150\" data-large-file=\"https:\/\/i0.wp.com\/songkol.com\/WordPress3\/wp-content\/uploads\/2014\/09\/CANYONCOLCA-10.jpg?fit=768%2C384\" loading=\"lazy\" class=\"size-thumbnail wp-image-3689\" src=\"https:\/\/i0.wp.com\/songkol.com\/WordPress3\/wp-content\/uploads\/2014\/09\/CANYONCOLCA-10.jpg?resize=150%2C150\" alt=\"CANYON DE COLCA \/ Matin\u00e9e d'observation des condors au lieu-dit Cruz del condor\" width=\"150\" height=\"150\" srcset=\"https:\/\/i0.wp.com\/songkol.com\/WordPress3\/wp-content\/uploads\/2014\/09\/CANYONCOLCA-10.jpg?resize=150%2C150 150w, https:\/\/i0.wp.com\/songkol.com\/WordPress3\/wp-content\/uploads\/2014\/09\/CANYONCOLCA-10.jpg?zoom=2&amp;resize=150%2C150 300w, https:\/\/i0.wp.com\/songkol.com\/WordPress3\/wp-content\/uploads\/2014\/09\/CANYONCOLCA-10.jpg?zoom=3&amp;resize=150%2C150 450w\" sizes=\"(max-width: 150px) 100vw, 150px\" data-recalc-dims=\"1\" \/><p id=\"caption-attachment-3689\" class=\"wp-caption-text\">CANYON DE COLCA \/ Matin\u00e9e d&rsquo;observation des condors au lieu-dit Cruz del condor<\/p><\/div>\n<p>A 3300m d&rsquo;altitude environ se trouve la Cruz d&rsquo;El Condor au dessus du canyon de Colca. L\u00e0, le matin, un fabuleux spectacle nous est donn\u00e9 par des condors de plus de 3m d&rsquo;envergure, qui, profitant des courants d&rsquo;air chaud, s&rsquo;\u00e9l\u00e8vent sans battement d&rsquo;aile. GPS : -15.61242, -71.90433<br \/>\nRando au d\u00e9part du village de Coporaqu\u00e9 de l&rsquo;autre c\u00f4t\u00e9 du rio Colca. La marche, dans un paysage de terrasses, nous conduira jusqu&rsquo;au pied de la muraille o\u00f9 se dresse les s\u00e9pultures pr\u00e9 incas Ch&rsquo;Isra.<br \/>\nRando au d\u00e9part d&rsquo;Oyouyu qui domine un beau paysage de terrasses. Bivouac possible mais en pente\u2026\u00a0GPS : -15.64214, -71.66604<br \/>\n<span style=\"color: #993300;\">Plus d&rsquo;infos sur notre blog :<\/span>\u00a0<a href=\"http:\/\/songkol.com\/WordPress3\/les-condors-du-canyon-de-colca\/\" rel=\"bookmark\">Les condors du canyon de Colca<\/a><\/p>\n<p><strong>&gt;\u00a0Salines de Maras<\/strong><br \/>\nVues d&rsquo;en haut, elles offrent un spectacle \u00e0 couper le souffle. Il y a l\u00e0 une source saline qui alimente, gr\u00e2ce \u00e0 un r\u00e9seau de canaux, une multitude de petits bassins creus\u00e9s \u00e0 flanc de montagne. Exploit\u00e9es depuis des mill\u00e9naires, restaur\u00e9es par les Incas, elles sont toujours exploit\u00e9es. On compte plus de 4000 bacs, aliment\u00e9s par le d\u00e9bit ti\u00e8de d&rsquo;une source sal\u00e9e.<br \/>\n<span style=\"color: #993300;\">Plus d&rsquo;infos sur notre blog :<\/span>\u00a0<a href=\"http:\/\/songkol.com\/WordPress3\/cusco-et-sa-vallee-sacree\/\" rel=\"bookmark\">Cusco et sa vall\u00e9e sacr\u00e9e<\/a><\/p>\n<p><strong>&gt; Machu Picchu :\u00a0acc\u00e8s par Santa Teresa<\/strong><\/p>\n<div id=\"attachment_3874\" style=\"width: 160px\" class=\"wp-caption alignright\"><img aria-describedby=\"caption-attachment-3874\" data-attachment-id=\"3874\" data-permalink=\"http:\/\/songkol.com\/WordPress3\/blog\/2014\/09\/27\/zetiez-ou-au-machu-picchu\/machu-18\/\" data-orig-file=\"https:\/\/i0.wp.com\/songkol.com\/WordPress3\/wp-content\/uploads\/2014\/10\/MACHU-18.jpg?fit=1200%2C600\" data-orig-size=\"1200,600\" data-comments-opened=\"1\" data-image-meta=\"{&quot;aperture&quot;:&quot;14&quot;,&quot;credit&quot;:&quot;&quot;,&quot;camera&quot;:&quot;Canon EOS 5D&quot;,&quot;caption&quot;:&quot;&quot;,&quot;created_timestamp&quot;:&quot;1411640344&quot;,&quot;copyright&quot;:&quot;&quot;,&quot;focal_length&quot;:&quot;17&quot;,&quot;iso&quot;:&quot;400&quot;,&quot;shutter_speed&quot;:&quot;0.0025&quot;,&quot;title&quot;:&quot;&quot;,&quot;orientation&quot;:&quot;1&quot;}\" data-image-title=\"MACHU-18\" data-image-description=\"\" data-image-caption=\"&lt;p&gt;MACHU PICCHU &lt;\/p&gt;\n\" data-medium-file=\"https:\/\/i0.wp.com\/songkol.com\/WordPress3\/wp-content\/uploads\/2014\/10\/MACHU-18.jpg?fit=300%2C150\" data-large-file=\"https:\/\/i0.wp.com\/songkol.com\/WordPress3\/wp-content\/uploads\/2014\/10\/MACHU-18.jpg?fit=768%2C384\" loading=\"lazy\" class=\"size-thumbnail wp-image-3874\" src=\"https:\/\/i0.wp.com\/songkol.com\/WordPress3\/wp-content\/uploads\/2014\/10\/MACHU-18.jpg?resize=150%2C150\" alt=\"MACHU PICCHU \" width=\"150\" height=\"150\" srcset=\"https:\/\/i0.wp.com\/songkol.com\/WordPress3\/wp-content\/uploads\/2014\/10\/MACHU-18.jpg?resize=150%2C150 150w, https:\/\/i0.wp.com\/songkol.com\/WordPress3\/wp-content\/uploads\/2014\/10\/MACHU-18.jpg?zoom=2&amp;resize=150%2C150 300w, https:\/\/i0.wp.com\/songkol.com\/WordPress3\/wp-content\/uploads\/2014\/10\/MACHU-18.jpg?zoom=3&amp;resize=150%2C150 450w\" sizes=\"(max-width: 150px) 100vw, 150px\" data-recalc-dims=\"1\" \/><p id=\"caption-attachment-3874\" class=\"wp-caption-text\">MACHU PICCHU<\/p><\/div>\n<p>Absolument aucun probl\u00e8me d&rsquo;acc\u00e8s jusqu&rsquo;\u00e0 Hidroelectrica avec un camping-car.\u00a0Il y a des engins de chantiers beaucoup plus imposants qui y travaillaient lors de notre passage.<br \/>\n<span style=\"color: #993300;\">1 &#8211;<\/span> Cusco \u00e0 Santa Maria en CC- route asphalt\u00e9e en parfait \u00e9tat (5-6 heures)<br \/>\n<span style=\"color: #993300;\">2 &#8211;<\/span> Santa Maria \u00e0 Santa Theresa en CC \u2013 piste en bon \u00e9tat (1 heure). A signaler, un pont dont le poids maximum support\u00e9 est de 3 tonnes: on l\u2019a pris \u00e0 l\u2019aller mais on est pass\u00e9 par le petit gu\u00e9 au retour sans probl\u00e8me.<br \/>\n<span style=\"color: #993300;\">3 &#8211;<\/span> Santa Theresa \u00e0 la centrale hydraulique Hydroeletrica en CC. Piste en bon \u00e9tat (20 mns). Possibilit\u00e9 de stationner le camping-car moyennant r\u00e9tribution du gardien (15 sol par jour).<br \/>\n<span style=\"color: #993300;\">4 &#8211;<\/span> Hydroelectrica \u00e0 Machu Picchu pueblo (ex Aguas calientes) \u00e0 pied : 3 heures de marche le long de la voie ferr\u00e9e. Aucune difficult\u00e9 particuli\u00e8re. Bien indiqu\u00e9 et on croise du monde le long des rails!<br \/>\nGPS du parking Hydroelectrica : -13.17354, -72.56542<br \/>\n<span style=\"color: #993300;\">Plus d&rsquo;infos sur notre blog :<\/span>\u00a0<a href=\"http:\/\/songkol.com\/WordPress3\/zetiez-ou-au-machu-picchu\/\" rel=\"bookmark\">Z\u2019\u00e9tiez o\u00f9????? Au Machu Picchu!!!!!<\/a><\/p>\n<h3><span id=\"EQUATEUR\"><span style=\"color: #993300;\">EQUATEUR<\/span><\/span><\/h3>\n<p><span style=\"color: #008000;\"><strong>En r\u00e9sum\u00e9 :<\/strong> un petit pays qui offre \u00e0 la fois cit\u00e9s coloniales, villages quechuas et for\u00eat tropicale. <strong>On a aim\u00e9 :<\/strong> les places ravissantes et les \u00e9difices religieux du 17e de Cuenca et Quito. Montagnes et vall\u00e9es ondoyantes sur la route des volcans. Le paysage insolite des lacs glaciaux du parc de Cajas. Dormir sur les hauteurs de Banos face au volcan Tungurahua. Arriver d\u00e8s l\u2019aube pour le march\u00e9 aux bestiaux de Saquisili. Les peintures tiguas et le panorama extraordinaire depuis le sentier de cr\u00eate du Quilotoa. Gravir les flancs du c\u00f4ne massif du Cotopaxi. Observer le toucan et des centaines de papillons multicolores \u00e0 Mindo. La tradition des wawas de pan du 2 novembre.<\/span><\/p>\n<p><strong>&gt; Banos : bivouac face au volcan<\/strong><br \/>\nBivouac au panorama impressionnant sur le volcan Tungurawa. Acc\u00e8s par une\u00a0longue piste tortueuse \u00e0 virages serr\u00e9s mais en bon \u00e9tat.<br \/>\nGPS : -1.38353, -78.43671<br \/>\nPlus d&rsquo;infos sur notre blog :\u00a0<a href=\"http:\/\/songkol.com\/WordPress3\/banos-et-les-volcans-du-vert-du-vert-du-vert\/\" rel=\"bookmark\">Banos et les volcans : du vert, du vert, du vert<\/a><\/p>\n<p><strong>&gt; Saquisili : march\u00e9 aux bestiaux<\/strong><\/p>\n<div id=\"attachment_4091\" style=\"width: 160px\" class=\"wp-caption alignright\"><img aria-describedby=\"caption-attachment-4091\" data-attachment-id=\"4091\" data-permalink=\"http:\/\/songkol.com\/WordPress3\/preparatifs\/bons-plans-par-pays\/saquisili-10\/\" data-orig-file=\"https:\/\/i0.wp.com\/songkol.com\/WordPress3\/wp-content\/uploads\/2014\/11\/SAQUISILI-10.jpg?fit=600%2C600\" data-orig-size=\"600,600\" data-comments-opened=\"1\" data-image-meta=\"{&quot;aperture&quot;:&quot;11&quot;,&quot;credit&quot;:&quot;&quot;,&quot;camera&quot;:&quot;Canon EOS 5D&quot;,&quot;caption&quot;:&quot;&quot;,&quot;created_timestamp&quot;:&quot;1414659664&quot;,&quot;copyright&quot;:&quot;&quot;,&quot;focal_length&quot;:&quot;17&quot;,&quot;iso&quot;:&quot;800&quot;,&quot;shutter_speed&quot;:&quot;0.004&quot;,&quot;title&quot;:&quot;&quot;,&quot;orientation&quot;:&quot;1&quot;}\" data-image-title=\"SAQUISILI-10\" data-image-description=\"\" data-image-caption=\"&lt;p&gt;SAQUISILI \/ Carr\u00e9 des moutons&lt;\/p&gt;\n\" data-medium-file=\"https:\/\/i0.wp.com\/songkol.com\/WordPress3\/wp-content\/uploads\/2014\/11\/SAQUISILI-10.jpg?fit=300%2C300\" data-large-file=\"https:\/\/i0.wp.com\/songkol.com\/WordPress3\/wp-content\/uploads\/2014\/11\/SAQUISILI-10.jpg?fit=600%2C600\" loading=\"lazy\" class=\"size-thumbnail wp-image-4091\" src=\"https:\/\/i0.wp.com\/songkol.com\/WordPress3\/wp-content\/uploads\/2014\/11\/SAQUISILI-10.jpg?resize=150%2C150\" alt=\"SAQUISILI \/ Carr\u00e9 des moutons\" width=\"150\" height=\"150\" srcset=\"https:\/\/i0.wp.com\/songkol.com\/WordPress3\/wp-content\/uploads\/2014\/11\/SAQUISILI-10.jpg?resize=150%2C150 150w, https:\/\/i0.wp.com\/songkol.com\/WordPress3\/wp-content\/uploads\/2014\/11\/SAQUISILI-10.jpg?resize=300%2C300 300w, https:\/\/i0.wp.com\/songkol.com\/WordPress3\/wp-content\/uploads\/2014\/11\/SAQUISILI-10.jpg?w=600 600w\" sizes=\"(max-width: 150px) 100vw, 150px\" data-recalc-dims=\"1\" \/><p id=\"caption-attachment-4091\" class=\"wp-caption-text\">SAQUISILI \/ Carr\u00e9 des moutons<\/p><\/div>\n<p>March\u00e9 authentique : petits cochons d\u2019Inde (13$) tout pr\u00eats \u00e0 se faire croquer au festin suivant\u2026 Sont \u00e9galement pr\u00e9sents veaux (150$), vaches (250$), cochons (130$)\u2026 Visite \u00e0 la ferme pour Anna et Nils. A noter que la Police accepte le bivouac sur son parking int\u00e9rieur la veille et le jour du march\u00e9. Les touristes pouvant \u00eatre nombreux, mieux vaut y arriver au petit matin.<br \/>\nGPS du bivouac : \u00a0-0.84152, -78.66609<br \/>\n<span style=\"color: #993300;\">Plus d&rsquo;infos sur notre blog :<\/span>\u00a0<a href=\"http:\/\/songkol.com\/WordPress3\/saquisili-une-nuit-au-poste\/\" rel=\"bookmark\">Saquisili : une nuit au poste\u2026<\/a><\/p>\n<h3><span id=\"COLOMBIE\"><span style=\"color: #993300;\">COLOMBIE<\/span><\/span><\/h3>\n<p><span style=\"color: #008000;\"><strong>En r\u00e9sum\u00e9 :<\/strong> m\u00e9lange des cultures carib\u00e9ennes, africaines et espagnoles, ce pays est une belle surprise. D\u2019autant plus belle que les Colombiens ont \u00e0 c\u0153ur de prouver que leur pays n\u2019est pas celui que le reste du monde croit conna\u00eetre. <strong>On a aim\u00e9 (dans le d\u00e9sordre) \u00a0:<\/strong> les d\u00e9couvertes \u00e0 venir au c\u0153ur de la cit\u00e9 perdue de San Agustin. Villa de Leiva, une charmante ville coloniale du 18e si\u00e8cle. Suivre la culture du caf\u00e9 dans une finca de caf\u00e9 autour de Salento et \u00e0 San Agustin. Le bord de mer paradisiaque du parc national Tayrona. Le mus\u00e9e de l\u2019or \u00e0 Bogota. Le quartier Getsimani de Cartagena.<\/span><\/p>\n<p><strong>&gt; Bogota &#8211; Garage Iveco<\/strong><\/p>\n<div id=\"attachment_4486\" style=\"width: 160px\" class=\"wp-caption alignright\"><img aria-describedby=\"caption-attachment-4486\" data-attachment-id=\"4486\" data-permalink=\"http:\/\/songkol.com\/WordPress3\/preparatifs\/bons-plans-par-pays\/bogota-iveco-2\/\" data-orig-file=\"https:\/\/i0.wp.com\/songkol.com\/WordPress3\/wp-content\/uploads\/2014\/12\/BOGOTA-Iveco1.jpg?fit=1200%2C600\" data-orig-size=\"1200,600\" data-comments-opened=\"1\" data-image-meta=\"{&quot;aperture&quot;:&quot;4&quot;,&quot;credit&quot;:&quot;&quot;,&quot;camera&quot;:&quot;Canon EOS 5D&quot;,&quot;caption&quot;:&quot;&quot;,&quot;created_timestamp&quot;:&quot;1417097626&quot;,&quot;copyright&quot;:&quot;&quot;,&quot;focal_length&quot;:&quot;17&quot;,&quot;iso&quot;:&quot;800&quot;,&quot;shutter_speed&quot;:&quot;0.04&quot;,&quot;title&quot;:&quot;&quot;,&quot;orientation&quot;:&quot;1&quot;}\" data-image-title=\"BOGOTA-Iveco\" data-image-description=\"\" data-image-caption=\"&lt;p&gt;BOGOTA \/ Trois jours super efficaces au garage Iveco de Bogota et une belle rencontre avec Hernan, le g\u00e9rant.&lt;\/p&gt;\n\" data-medium-file=\"https:\/\/i0.wp.com\/songkol.com\/WordPress3\/wp-content\/uploads\/2014\/12\/BOGOTA-Iveco1.jpg?fit=300%2C150\" data-large-file=\"https:\/\/i0.wp.com\/songkol.com\/WordPress3\/wp-content\/uploads\/2014\/12\/BOGOTA-Iveco1.jpg?fit=768%2C384\" loading=\"lazy\" class=\"wp-image-4486 size-thumbnail\" src=\"https:\/\/i0.wp.com\/songkol.com\/WordPress3\/wp-content\/uploads\/2014\/12\/BOGOTA-Iveco1.jpg?resize=150%2C150\" alt=\"garage Iveco de Bogota\" width=\"150\" height=\"150\" srcset=\"https:\/\/i0.wp.com\/songkol.com\/WordPress3\/wp-content\/uploads\/2014\/12\/BOGOTA-Iveco1.jpg?resize=150%2C150 150w, https:\/\/i0.wp.com\/songkol.com\/WordPress3\/wp-content\/uploads\/2014\/12\/BOGOTA-Iveco1.jpg?zoom=2&amp;resize=150%2C150 300w, https:\/\/i0.wp.com\/songkol.com\/WordPress3\/wp-content\/uploads\/2014\/12\/BOGOTA-Iveco1.jpg?zoom=3&amp;resize=150%2C150 450w\" sizes=\"(max-width: 150px) 100vw, 150px\" data-recalc-dims=\"1\" \/><p id=\"caption-attachment-4486\" class=\"wp-caption-text\">BOGOTA \/ Trois jours super efficaces au garage Iveco de Bogota et une belle rencontre avec Hernan, le g\u00e9rant.<\/p><\/div>\n<p>Un garagiste fiable. Nous avons pass\u00e9 trois nuits au garage Iveco MUNDO CART DIESEL de Bogota ( N4.63831 W74.11394 ) pour y faire changer l\u2019embrayage et le pare-brise, installer un pare-choc arri\u00e8re, rallonger une plaque de protection du carter.\u00a0Hernan, le propri\u00e9taire, a \u00e9t\u00e9 charmant, professionnel et enchant\u00e9 de voir des \u00e9trangers d\u00e9barquer chez lui. Il a r\u00e9pondu \u00e0 mes nombreux mails avant notre arriv\u00e9e (c\u2019est bien le premier !) et nous a trouv\u00e9 un parquadero publico dans le quartier pour y passer la nuit de la veille de notre arriv\u00e9e ( N4.63695 W74.11730 &#8211; 18.000\/nuit). Nous avons dormi les autres nuits dans l\u2019atelier (\u00e9lectricit\u00e9, eau, wifi).<br \/>\nFaites lui parvenir une photo de la plaque d\u2019identification de votre Iveco et il vous indiquera rapidement s\u2019il a les pi\u00e8ces dont vous avez besoin. Pour info, Hernan nous a propos\u00e9 un pare-brise original IVECO \u00e0 1.720.000 et un national homologu\u00e9 \u00e0 450.000. J\u2019en ai profit\u00e9 pour faire un plein de r\u00e9puestos qu\u2019il avait en stock (filtres, courroie de distrib,\u2026). Le garage officiel Iveco se contente de vendre des v\u00e9hicules neufs.<br \/>\nEn r\u00e9sum\u00e9, on vous le recommande.<br \/>\n<span style=\"color: #993300;\">Plus d&rsquo;infos sur notre blog :<\/span>\u00a0<a href=\"http:\/\/songkol.com\/WordPress3\/une-adresse-en-or-a-bogota\/\" rel=\"bookmark\">Une adresse en or \u00e0 Bogota<\/a><\/p>\n<p><strong>&gt; Bogota &#8211; revendeur pneus Michelin Agilis<\/strong><br \/>\nles 195\/75R16 Michelin Agilis sont dispos en grande quantit\u00e9 \u00e0 100\u20ac ici : N4.63387 W74.11346<\/p>\n<p><strong>&gt; Route Popayan -&gt; San Agustin -&gt; Espinal<\/strong><\/p>\n<div id=\"attachment_4250\" style=\"width: 160px\" class=\"wp-caption alignright\"><img aria-describedby=\"caption-attachment-4250\" data-attachment-id=\"4250\" data-permalink=\"http:\/\/songkol.com\/WordPress3\/preparatifs\/bons-plans-par-pays\/sanagustin-09\/\" data-orig-file=\"https:\/\/i0.wp.com\/songkol.com\/WordPress3\/wp-content\/uploads\/2014\/11\/SanAgustin-09.jpg?fit=1200%2C800\" data-orig-size=\"1200,800\" data-comments-opened=\"1\" data-image-meta=\"{&quot;aperture&quot;:&quot;4&quot;,&quot;credit&quot;:&quot;&quot;,&quot;camera&quot;:&quot;Canon EOS 5D&quot;,&quot;caption&quot;:&quot;&quot;,&quot;created_timestamp&quot;:&quot;1415805675&quot;,&quot;copyright&quot;:&quot;&quot;,&quot;focal_length&quot;:&quot;22&quot;,&quot;iso&quot;:&quot;400&quot;,&quot;shutter_speed&quot;:&quot;0.04&quot;,&quot;title&quot;:&quot;&quot;,&quot;orientation&quot;:&quot;1&quot;}\" data-image-title=\"SanAgustin-09\" data-image-description=\"\" data-image-caption=\"&lt;p&gt;SAN AGUSTIN \/ Parc arch\u00e9ologique : une femme  porte un sac de feuille de cocas. Les shamans \u00e9taient les seuls capables de mettre en contact le monde de l&amp;rsquo;homme avec les autres. Ils avaient la capacit\u00e9 de \u00ab\u00a0voyager\u00a0\u00bb. Certain pr\u00e9tendent que les shamans des diff\u00e9rents continents \u00e9taient en contact lors de ces voyages&#8230;&lt;\/p&gt;\n\" data-medium-file=\"https:\/\/i0.wp.com\/songkol.com\/WordPress3\/wp-content\/uploads\/2014\/11\/SanAgustin-09.jpg?fit=300%2C200\" data-large-file=\"https:\/\/i0.wp.com\/songkol.com\/WordPress3\/wp-content\/uploads\/2014\/11\/SanAgustin-09.jpg?fit=768%2C512\" loading=\"lazy\" class=\"size-thumbnail wp-image-4250\" src=\"https:\/\/i0.wp.com\/songkol.com\/WordPress3\/wp-content\/uploads\/2014\/11\/SanAgustin-09.jpg?resize=150%2C150\" alt=\"SAN AGUSTIN \/ Parc arch\u00e9ologique : une femme porte un sac de feuille de cocas. Les shamans \u00e9taient les seuls capables de mettre en contact le monde de l'homme avec les autres. Ils avaient la capacit\u00e9 de &quot;voyager&quot;. Certain pr\u00e9tendent que les shamans des diff\u00e9rents continents \u00e9taient en contact lors de ces voyages...\" width=\"150\" height=\"150\" srcset=\"https:\/\/i0.wp.com\/songkol.com\/WordPress3\/wp-content\/uploads\/2014\/11\/SanAgustin-09.jpg?resize=150%2C150 150w, https:\/\/i0.wp.com\/songkol.com\/WordPress3\/wp-content\/uploads\/2014\/11\/SanAgustin-09.jpg?zoom=2&amp;resize=150%2C150 300w, https:\/\/i0.wp.com\/songkol.com\/WordPress3\/wp-content\/uploads\/2014\/11\/SanAgustin-09.jpg?zoom=3&amp;resize=150%2C150 450w\" sizes=\"(max-width: 150px) 100vw, 150px\" data-recalc-dims=\"1\" \/><p id=\"caption-attachment-4250\" class=\"wp-caption-text\">SAN AGUSTIN \/ Parc arch\u00e9ologique : une femme porte un sac de feuille de cocas. Les shamans \u00e9taient les seuls capables de mettre en contact le monde de l&rsquo;homme avec les autres. Ils avaient la capacit\u00e9 de \u00ab\u00a0voyager\u00a0\u00bb. Certain pr\u00e9tendent que les shamans des diff\u00e9rents continents \u00e9taient en contact lors de ces voyages&#8230;<\/p><\/div>\n<p>La route Popayan &#8211; San Agustin est en travaux (2015) : c&rsquo;est une alternance de tron\u00e7ons b\u00e9tonn\u00e9s nouveaux et piste correcte (trous remplis d\u2019eau). A noter, qu\u2019en amont de San Jose de Isnos, il y a 5 km de piste mauvaise (trous remplis d\u2019eau + boue + rev\u00eatement irr\u00e9gulier) mais franchissable si on prend son temps. Nous avons mis 4h30 sans compter le picnic au milieu.<br \/>\nDe San Agustin \u00e0 Neiva, ca tourne bien au d\u00e9but (comme d\u2019hab\u2019 quoi \ud83d\ude42 ) puis c\u2019est une alternance de plateaux o\u00f9 l\u2019on roule bien, s\u00e9par\u00e9s par une courte s\u00e9rie de virages plus serr\u00e9s et donc moins rapide.<br \/>\nDe Neiva \u00e0 Espinal, ca va beaucoup plus vite avec de belles courbes rapides \u00e0 70-80 km\/h.<br \/>\nPour info, il faut compter presque 5h pour faire Espinal-Salento.<br \/>\nSur le chemin, \u00e0 proximit\u00e9 de Neiva, nous avons bivouaqu\u00e9 face \u00e0 l\u2019observatoire du d\u00e9sert La Tatacoa. Ceux qui veulent se rafraichir prendront la piste une petite dizaine de km jusqu\u2019\u00e0 la piscina mineral (N3.23509 W75.11689). L\u2019acc\u00e8s au Desierto La Tatacoa se fait facilement depuis Neiva (asfaltado) mais on a rencontr\u00e9 une famille qui est partie\/arriv\u00e9e par la piste qui commence\/finie ici N3.47168 W75.15043. C\u2019\u00e9tait rock\u2019nroll mais ils sont pass\u00e9 avec un CC Mercedes 4&#215;4.<br \/>\nUn peu plus au nord (au sud de Guamo), nous vous recommandons le bivouac dans une station service Terpel : N3.87525 W75.04534. Rien d&rsquo;extraordianire mais vous y trouverez une petite tienda, wifi, toilette\/douche, resto, terrasse un peu \u00e0 l\u2019abri de la route, cuidador avec fusil \u00e0 pompe\u2026 On en demandait pas plus.<br \/>\n<span style=\"color: #993300;\">Des photos sur notre blog :<\/span>\u00a0<a href=\"http:\/\/songkol.com\/WordPress3\/tatacoa-et-son-desert\/\" rel=\"bookmark\">Tatacoa et son d\u00e9sert<br \/>\n<\/a><span style=\"color: #993300;\">Des photos sur notre blog :<\/span>\u00a0<a href=\"http:\/\/songkol.com\/WordPress3\/la-colombie-nous-ouvre-ses-portes\/\" rel=\"bookmark\">La Colombie nous ouvre ses portes<\/a><\/p>\n<p><strong>&gt; Villa de Leiva : bivouac dans le village<\/strong><\/p>\n<div id=\"attachment_4520\" style=\"width: 160px\" class=\"wp-caption alignright\"><img aria-describedby=\"caption-attachment-4520\" data-attachment-id=\"4520\" data-permalink=\"http:\/\/songkol.com\/WordPress3\/blog\/2014\/11\/28\/villa-de-leyva-on-a-pas-trouve-zorro\/villaleyva01a\/\" data-orig-file=\"https:\/\/i0.wp.com\/songkol.com\/WordPress3\/wp-content\/uploads\/2014\/12\/VILLALEYVA01a.jpg?fit=1200%2C600\" data-orig-size=\"1200,600\" data-comments-opened=\"1\" data-image-meta=\"{&quot;aperture&quot;:&quot;16&quot;,&quot;credit&quot;:&quot;&quot;,&quot;camera&quot;:&quot;Canon EOS 5D&quot;,&quot;caption&quot;:&quot;&quot;,&quot;created_timestamp&quot;:&quot;1417256570&quot;,&quot;copyright&quot;:&quot;&quot;,&quot;focal_length&quot;:&quot;17&quot;,&quot;iso&quot;:&quot;400&quot;,&quot;shutter_speed&quot;:&quot;0.002&quot;,&quot;title&quot;:&quot;&quot;,&quot;orientation&quot;:&quot;1&quot;}\" data-image-title=\"VILLALEYVA01a\" data-image-description=\"\" data-image-caption=\"&lt;p&gt;VILLA de LEYVA&lt;\/p&gt;\n\" data-medium-file=\"https:\/\/i0.wp.com\/songkol.com\/WordPress3\/wp-content\/uploads\/2014\/12\/VILLALEYVA01a.jpg?fit=300%2C150\" data-large-file=\"https:\/\/i0.wp.com\/songkol.com\/WordPress3\/wp-content\/uploads\/2014\/12\/VILLALEYVA01a.jpg?fit=768%2C384\" loading=\"lazy\" class=\"size-thumbnail wp-image-4520\" src=\"https:\/\/i0.wp.com\/songkol.com\/WordPress3\/wp-content\/uploads\/2014\/12\/VILLALEYVA01a.jpg?resize=150%2C150\" alt=\"VILLA de LEYVA\" width=\"150\" height=\"150\" srcset=\"https:\/\/i0.wp.com\/songkol.com\/WordPress3\/wp-content\/uploads\/2014\/12\/VILLALEYVA01a.jpg?resize=150%2C150 150w, https:\/\/i0.wp.com\/songkol.com\/WordPress3\/wp-content\/uploads\/2014\/12\/VILLALEYVA01a.jpg?zoom=2&amp;resize=150%2C150 300w, https:\/\/i0.wp.com\/songkol.com\/WordPress3\/wp-content\/uploads\/2014\/12\/VILLALEYVA01a.jpg?zoom=3&amp;resize=150%2C150 450w\" sizes=\"(max-width: 150px) 100vw, 150px\" data-recalc-dims=\"1\" \/><p id=\"caption-attachment-4520\" class=\"wp-caption-text\">VILLA de LEYVA<\/p><\/div>\n<p>Bivouac comme je les aime, au coeur du village mais pas trop, \u00e0 l&rsquo;ombre d&rsquo;un bel arbre. Prise \u00e9lectrique au pied du lampadaire.<br \/>\nGPS bivouac : 5.63491, -73.52057<\/p>\n<h3><span id=\"PANAMA\"><span style=\"color: #993300;\">PANAMA<\/span><\/span><\/h3>\n<p><strong>&gt; Passage fronti\u00e8re Panama vers Costa Rica<\/strong><br \/>\nLes deux douanes se situent \u00e0 qq centaines de m\u00e8tres l\u2019une de l\u2019autre. Guichet automatique \u00e0 mi-chemin entre les deux fronti\u00e8res sur la droite.<br \/>\n<span style=\"color: #993300;\">PANAMA<\/span><br \/>\nMigracion : au tampon d\u2019entr\u00e9e s\u2019ajoute celui de sortie<br \/>\nAduana : une visite du v\u00e9hicule et ensuite un papier \u00e0 faire viser par la migracion<br \/>\n<span style=\"color: #993300;\">COSTA RICA<\/span><br \/>\nMigracion : fiche \u00e0 remplir puis faire tamponner le passeport (90 jours)<br \/>\nAduana : deux fiches \u00e0 remplir + assurance \u00e0 se procurer \u00e0 10m \u00e0 gauche du bureau de la Aduana (34 $USD pour 3 mois) + copie du passeport (double page avec la photo + page du tampon du visa) + copie de la carte grise (recto et verso) + copie de l\u2019assurance. Contr\u00f4le des papiers puis du v\u00e9hicule et finito ! Pas de fumigacion demand\u00e9e.<\/p>\n<div id=\"attachment_4579\" style=\"width: 160px\" class=\"wp-caption alignright\"><img aria-describedby=\"caption-attachment-4579\" data-attachment-id=\"4579\" data-permalink=\"http:\/\/songkol.com\/WordPress3\/preparatifs\/bons-plans-par-pays\/baru-01b\/\" data-orig-file=\"https:\/\/i0.wp.com\/songkol.com\/WordPress3\/wp-content\/uploads\/2015\/01\/BARU-01b.jpg?fit=1200%2C600\" data-orig-size=\"1200,600\" data-comments-opened=\"1\" data-image-meta=\"{&quot;aperture&quot;:&quot;11&quot;,&quot;credit&quot;:&quot;&quot;,&quot;camera&quot;:&quot;Canon EOS 5D&quot;,&quot;caption&quot;:&quot;&quot;,&quot;created_timestamp&quot;:&quot;1419614473&quot;,&quot;copyright&quot;:&quot;&quot;,&quot;focal_length&quot;:&quot;17&quot;,&quot;iso&quot;:&quot;200&quot;,&quot;shutter_speed&quot;:&quot;0.004&quot;,&quot;title&quot;:&quot;&quot;,&quot;orientation&quot;:&quot;1&quot;}\" data-image-title=\"BARU \/ Bivouac au frais\" data-image-description=\"\" data-image-caption=\"\" data-medium-file=\"https:\/\/i0.wp.com\/songkol.com\/WordPress3\/wp-content\/uploads\/2015\/01\/BARU-01b.jpg?fit=300%2C150\" data-large-file=\"https:\/\/i0.wp.com\/songkol.com\/WordPress3\/wp-content\/uploads\/2015\/01\/BARU-01b.jpg?fit=768%2C384\" loading=\"lazy\" class=\"wp-image-4579 size-thumbnail\" src=\"https:\/\/i0.wp.com\/songkol.com\/WordPress3\/wp-content\/uploads\/2015\/01\/BARU-01b.jpg?resize=150%2C150\" alt=\"BARU \/ Bivouac au frais\" width=\"150\" height=\"150\" srcset=\"https:\/\/i0.wp.com\/songkol.com\/WordPress3\/wp-content\/uploads\/2015\/01\/BARU-01b.jpg?resize=150%2C150 150w, https:\/\/i0.wp.com\/songkol.com\/WordPress3\/wp-content\/uploads\/2015\/01\/BARU-01b.jpg?zoom=2&amp;resize=150%2C150 300w, https:\/\/i0.wp.com\/songkol.com\/WordPress3\/wp-content\/uploads\/2015\/01\/BARU-01b.jpg?zoom=3&amp;resize=150%2C150 450w\" sizes=\"(max-width: 150px) 100vw, 150px\" data-recalc-dims=\"1\" \/><p id=\"caption-attachment-4579\" class=\"wp-caption-text\">BARU \/ Bivouac au frais<\/p><\/div>\n<p><strong>&gt; Volcan Baru : un bivouac au frais<\/strong><br \/>\nUne alternative \u00e0 Boquete est de bivouaquer au pied Ouest du volcan Baru : N8.80424 W82.58224. Quel plaisir de retrouver des nuits bien fraiches !<br \/>\nL\u2019acc\u00e8s se fait par N8.81913 W82.61658. C\u2019est une route mi-goudronn\u00e9e mi-piste. Prenez votre temps.<br \/>\nDe nombreuses possibilit\u00e9s de bivouac 1km avant et, si vous avez la chance de rencontrer le propri\u00e9taire des lieux pas trop tard, possibilit\u00e9 aussi d\u2019avoir l\u2019autorisation de bivouaquer au sommet d\u2019une coline du coin pour avoir une belle vue sur la plaine vers la mer.<br \/>\nAvant de vous perdre l\u00e0-haut, n\u2019oubliez pas de faire vos courses \u00e0 Volcan.<br \/>\n<span style=\"color: #993300;\">Des photos sur notre blog :\u00a0<\/span><a href=\"http:\/\/songkol.com\/WordPress3\/noel-au-panama\/\" rel=\"bookmark\">No\u00ebl au Panama\u2026<\/a><\/p>\n<p><strong>&gt; Chiriqui : usine \u00e0 gaz<\/strong><br \/>\nSur la Panamericaine, \u00e0 5 km \u00e0 l\u2019Est de David, la station Tropigas recharge les bouteilles de gaz : N8.41716 W82.35556 &#8211;\u00a010$USD les 9 kg de propane.<\/p>\n<p><strong>&gt; Punta Chame<\/strong><br \/>\nLe bivouac tout au bout de la pointe (N8.65198 W79.69863) n\u2019est plus accessible depuis que le propri\u00e9taire du terrain a install\u00e9 une chaine.\u00a0Nous avons dormi \u00e0 proximit\u00e9 de l\u2019h\u00f4tel Casa Amarillo tenu par un couple de Fran\u00e7ais. Acc\u00e8s \u00e0 la piscine moyennant 5USD.\u00a0Punta Chame perd de son int\u00e9r\u00eat sans ce beau bivouac de bord de mer\u2026 C\u2019est mon avis.<\/p>\n<h3><span id=\"COSTA_RICA\"><span style=\"color: #993300;\">COSTA RICA<\/span><\/span><\/h3>\n<p><span style=\"color: #008000;\"><strong>En r\u00e9sum\u00e9 :<\/strong> Apr\u00e8s plusieurs mois pass\u00e9s dans les montagnes arides des Andes, le Costa Rica m\u2019est apparu comme un petit paradis terrestre par sa biodiversit\u00e9 exceptionnelle. <strong>On a aim\u00e9 (dans le d\u00e9sordre) :<\/strong> l\u2019\u00e9tonnante proximit\u00e9 avec la vie sauvage. F\u00eater le nouvel an sous l\u2019\u0153il de aras flamboyants perch\u00e9s dans les cocotiers de la plage Pan Dulce (Osa). Une balade nocturne autour de la station biologique La Gamba (Osa). Observer un paresseux dans le parc Manuel Antonio. Me d\u00e9tendre dans les sources d\u2019eau thermale sauvage autour du volcan Arenal. La route c\u00f4ti\u00e8re entre Mal Pa\u00efs et Samara. Assister \u00e0 la naissance et au rel\u00e2cher de 99 tortues marines \u00e0 Montezuma. M\u2019initier au surf \u00e0 la playa Santa Teresa.<\/span><\/p>\n<p><strong>&gt; Playa Pan Dulce<br \/>\n<\/strong><\/p>\n<p>L&rsquo;un de nos meilleurs bivouacs. Hamacs \u00e0 l&rsquo;ombre sous les palmiers, plage mi-sable mi-rochers, perroquets\u00a0aras\u00a0 singes hurleurs, p\u00e9licans qui chassent, source d&rsquo;eau douce pour se rincer,\u2026 Nous y avons pass\u00e9 des journ\u00e9es \u00e0 regader le temps qui passe.<br \/>\nGPS bivouac : 8.39775, -83.2814<br \/>\nPlus d&rsquo;infos sur notre blog :<\/p>\n<p><strong>&gt; Trois piste de Playa Mal Pa\u00efs \u00e0 Samara<\/strong><\/p>\n<div id=\"attachment_4892\" style=\"width: 160px\" class=\"wp-caption alignright\"><img aria-describedby=\"caption-attachment-4892\" data-attachment-id=\"4892\" data-permalink=\"http:\/\/songkol.com\/WordPress3\/preparatifs\/bons-plans-par-pays\/malpais-6\/\" data-orig-file=\"https:\/\/i0.wp.com\/songkol.com\/WordPress3\/wp-content\/uploads\/2015\/03\/MALPAIS-6.jpg?fit=1200%2C600\" data-orig-size=\"1200,600\" data-comments-opened=\"1\" data-image-meta=\"{&quot;aperture&quot;:&quot;14&quot;,&quot;credit&quot;:&quot;&quot;,&quot;camera&quot;:&quot;Canon EOS 5D&quot;,&quot;caption&quot;:&quot;&quot;,&quot;created_timestamp&quot;:&quot;1421576684&quot;,&quot;copyright&quot;:&quot;&quot;,&quot;focal_length&quot;:&quot;17&quot;,&quot;iso&quot;:&quot;800&quot;,&quot;shutter_speed&quot;:&quot;0.0025&quot;,&quot;title&quot;:&quot;&quot;,&quot;orientation&quot;:&quot;1&quot;}\" data-image-title=\"MALPAIS \/ Camping EliMar\" data-image-description=\"\" data-image-caption=\"&lt;p&gt;MALPAIS \/ Camping EliMar&lt;\/p&gt;\n\" data-medium-file=\"https:\/\/i0.wp.com\/songkol.com\/WordPress3\/wp-content\/uploads\/2015\/03\/MALPAIS-6.jpg?fit=300%2C150\" data-large-file=\"https:\/\/i0.wp.com\/songkol.com\/WordPress3\/wp-content\/uploads\/2015\/03\/MALPAIS-6.jpg?fit=768%2C384\" loading=\"lazy\" class=\"size-thumbnail wp-image-4892\" src=\"https:\/\/i0.wp.com\/songkol.com\/WordPress3\/wp-content\/uploads\/2015\/03\/MALPAIS-6.jpg?resize=150%2C150\" alt=\"MALPAIS \/ Camping EliMar\" width=\"150\" height=\"150\" srcset=\"https:\/\/i0.wp.com\/songkol.com\/WordPress3\/wp-content\/uploads\/2015\/03\/MALPAIS-6.jpg?resize=150%2C150 150w, https:\/\/i0.wp.com\/songkol.com\/WordPress3\/wp-content\/uploads\/2015\/03\/MALPAIS-6.jpg?zoom=2&amp;resize=150%2C150 300w, https:\/\/i0.wp.com\/songkol.com\/WordPress3\/wp-content\/uploads\/2015\/03\/MALPAIS-6.jpg?zoom=3&amp;resize=150%2C150 450w\" sizes=\"(max-width: 150px) 100vw, 150px\" data-recalc-dims=\"1\" \/><p id=\"caption-attachment-4892\" class=\"wp-caption-text\">MALPAIS \/ Camping EliMar<\/p><\/div>\n<p>Trois options possibles :<br \/>\n<em>1 &#8211; la plus longue :<\/em> le grand d\u00e9tour, tout goudron ou presque, en passant par Cobano, Paquera, Nicoya = 6h de route<br \/>\n<em>2 &#8211; la plus courte et aventureuse :<\/em> piste 4&#215;4 qui longe la c\u00f4te avec un passage de 3km sur la plage au nord de playa Manzanillo (bien calculer son coup pour passer \u00e0 mar\u00e9e basse) = 3h<br \/>\n<em>3 &#8211; l\u2019interm\u00e9diaire :<\/em> la piste des trois rivi\u00e8res passant par Playa Manzanillo, Bethel puis la n\u00b0160 (N9.69455 W85.17014) en direction de San Francisco (N9.74581 W85.21231),\u2026 = 4h<br \/>\nNous avons pris la 3e option, les rios \u00e9tant assez bas en janvier (saison s\u00e8che) : 30-40cm d\u2019eau claire avec un fond plat fait de petits cailloux tass\u00e9s, mais il ne faut pas les traverser n\u2019importe comment\u2026 Les initi\u00e9s le savent peut-\u00eatre d\u00e9j\u00e0, mais il faut commencer par longer la berge qq m\u00e8tres vers l\u2019aval (les roues d\u00e9j\u00e0 dans l\u2019eau) puis rejoindre l\u2019autre berge en d\u00e9crivant un arc de cercle (suivre ce qui ressemble \u00e0 un mini-barrage) puis remonter l&rsquo;autre berge qq m\u00e8tres vers l&rsquo;amont (toujours dans l\u2019eau) jusqu\u2019au point de sortie. Si c\u2019est une premi\u00e8re pour vous, attendez qu\u2019un local vous montre le chemin. Evitez de reconnaitre le terrain \u00e0 pied car les crocos sont dans le coin\u2026<br \/>\nVous retrouverez le goudron environ 10km au sud de Samara.<br \/>\n<span style=\"color: #993300;\">Page de notre blog :<\/span>\u00a0<a href=\"http:\/\/songkol.com\/WordPress3\/de-mal-pais-a-playa-grande-en-passant-par-samara-la-tournee-des-plages\/\" rel=\"bookmark\">De Mal Pa\u00efs \u00e0 playa Grande, en passant par Samara: la tourn\u00e9e des plages<\/a><\/p>\n<p><strong>&gt; Montezuma : plage, tortues, cascades\u00a0et\u00a0bivouac<\/strong><\/p>\n<div id=\"attachment_4906\" style=\"width: 160px\" class=\"wp-caption alignright\"><img aria-describedby=\"caption-attachment-4906\" data-attachment-id=\"4906\" data-permalink=\"http:\/\/songkol.com\/WordPress3\/preparatifs\/bons-plans-par-pays\/montezuma-16\/\" data-orig-file=\"https:\/\/i0.wp.com\/songkol.com\/WordPress3\/wp-content\/uploads\/2015\/03\/MONTEZUMA-16.jpg?fit=600%2C600\" data-orig-size=\"600,600\" data-comments-opened=\"1\" data-image-meta=\"{&quot;aperture&quot;:&quot;14&quot;,&quot;credit&quot;:&quot;&quot;,&quot;camera&quot;:&quot;Canon EOS 5D&quot;,&quot;caption&quot;:&quot;&quot;,&quot;created_timestamp&quot;:&quot;1421424156&quot;,&quot;copyright&quot;:&quot;&quot;,&quot;focal_length&quot;:&quot;17&quot;,&quot;iso&quot;:&quot;400&quot;,&quot;shutter_speed&quot;:&quot;0.002&quot;,&quot;title&quot;:&quot;&quot;,&quot;orientation&quot;:&quot;1&quot;}\" data-image-title=\"MONTEZUMA-16\" data-image-description=\"\" data-image-caption=\"&lt;p&gt;MONTEZUMA \/ Une tortue sur le point de retrouver la libert\u00e9&lt;\/p&gt;\n\" data-medium-file=\"https:\/\/i0.wp.com\/songkol.com\/WordPress3\/wp-content\/uploads\/2015\/03\/MONTEZUMA-16.jpg?fit=300%2C300\" data-large-file=\"https:\/\/i0.wp.com\/songkol.com\/WordPress3\/wp-content\/uploads\/2015\/03\/MONTEZUMA-16.jpg?fit=600%2C600\" loading=\"lazy\" class=\"size-thumbnail wp-image-4906\" src=\"https:\/\/i0.wp.com\/songkol.com\/WordPress3\/wp-content\/uploads\/2015\/03\/MONTEZUMA-16.jpg?resize=150%2C150\" alt=\"MONTEZUMA \/ Une tortue sur le point de retrouver la libert\u00e9\" width=\"150\" height=\"150\" srcset=\"https:\/\/i0.wp.com\/songkol.com\/WordPress3\/wp-content\/uploads\/2015\/03\/MONTEZUMA-16.jpg?resize=150%2C150 150w, https:\/\/i0.wp.com\/songkol.com\/WordPress3\/wp-content\/uploads\/2015\/03\/MONTEZUMA-16.jpg?resize=300%2C300 300w, https:\/\/i0.wp.com\/songkol.com\/WordPress3\/wp-content\/uploads\/2015\/03\/MONTEZUMA-16.jpg?w=600 600w\" sizes=\"(max-width: 150px) 100vw, 150px\" data-recalc-dims=\"1\" \/><p id=\"caption-attachment-4906\" class=\"wp-caption-text\">MONTEZUMA \/ Une tortue sur le point de retrouver la libert\u00e9<\/p><\/div>\n<p>La route d\u2019acc\u00e8s \u00e0 Montezuma depuis le port de Paquera est goudronn\u00e9e puis piste en terre \u00e0 partir de Cobano. Attention : les v\u00e9hicules en \u00ab\u00a0puissance diminu\u00e9e\u00a0\u00bb auront du mal \u00e0 remonter les 300m goudronn\u00e9s \u00e0 l\u2019entr\u00e9e du village : une descente tr\u00e8s raide et en zigzag vous attend. L\u2019autre acc\u00e8s par le sud est pire : succession de trois bouts de pistes assez raides aussi. A vous de voir\u2026<br \/>\nNous avons bivouaqu\u00e9 \u00e0 qq m\u00e8tres de la plage et \u00e0 l\u2019ombre des arbres (pas de cocos !) : N9.65633 W85.06615 Vous y croiserez d\u2019autres voyageurs en v\u00e9hicule ainsi que des backpackers sous leur tente. Ambiance paisible. Pas de musique lors de nos deux nuits en semaine.<br \/>\nUn refuge pour tortues, un peu plus loin sur la plage (maison en bambous), organise gratuitement des rel\u00e2ch\u00e9s de tortues n\u00e9es dans la nuit pr\u00e9c\u00e9dente. Tr\u00e8s sympas \u00e0 faire avec des enfants. Possibilit\u00e9 d\u2019en savoir plus en discutant avec les volontaires sur place.<br \/>\nLes fameuses trois cascades sont accessibles via un sentier qui d\u00e9marre \u00e0 droite juste apr\u00e8s le premier pont sur la route vers Cabuya : N9.65059 W85.06959. Parking payant possible au d\u00e9part du sentier mais mieux vaut laisser le v\u00e9hicule sur la plage (parking en pente plus adapt\u00e9 \u00e0 des voitures qu\u2019\u00e0 des CC). Premi\u00e8re cascade sympa (eau fraiche) mais beaucoup de monde. L\u2019acc\u00e8s aux deux autres cascades est plus difficiles mais faisables sans enfants.<br \/>\nLe guichet automatique du centre-village fonctionne mais il semble qu\u2019il ne soit pas souvent approvisionn\u00e9.<br \/>\n<span style=\"color: #993300;\">Page de notre blog :\u00a0<\/span><a href=\"http:\/\/songkol.com\/WordPress3\/de-mal-pais-a-playa-grande-en-passant-par-samara-la-tournee-des-plages\/\" rel=\"bookmark\">De Mal Pa\u00efs \u00e0 playa Grande, en passant par Samara: la tourn\u00e9e des plages<\/a><\/p>\n<p><strong>&gt; Ferry Puntarenas &lt;\u2014&gt; Paquera<\/strong><br \/>\nLes ferrys Naviera Tambor prennent tous types de v\u00e9hicules, du v\u00e9lo \u00e0 l\u2019autobus. Il y a de la place pour tout le monde ! Rien \u00e0 voir avec la barge du Titicaca \ud83d\ude42<br \/>\nRDV \u00e0 l\u2019embarcad\u00e8re : N9.97750 W84.84823. Garer son v\u00e9hicule dans la file de stationnement d\u00e9di\u00e9e. Un agent de la compagnie remet un papier qui sp\u00e9cifie au guichetier la cat\u00e9gorie de votre v\u00e9hicule. Aller prendre son billet au guichet de la compagnie Naviera Tambor situ\u00e9e dans le restaurant de l&rsquo;esquina. Nous avons pay\u00e9 19.000COL pour un CC, 2 adultes et un enfant (enfant de 2 ans ne paye pas). Compter une bonne heure de travers\u00e9e. D\u00e9parts \u00e0 5h, 9h, 11h, 14h, 17h et 20h30 (\u00e0 v\u00e9rifier sur leur site navieratambor.com).\u00a0Il est conseill\u00e9 d\u2019arriver une bonne heure avant le d\u00e9part si vous traversez le we.<br \/>\n<span style=\"color: #993300;\">Page de notre blog :<\/span>\u00a0<a href=\"http:\/\/songkol.com\/WordPress3\/de-mal-pais-a-playa-grande-en-passant-par-samara-la-tournee-des-plages\/\" rel=\"bookmark\">De Mal Pa\u00efs \u00e0 playa Grande, en passant par Samara: la tourn\u00e9e des plages<\/a><\/p>\n<p><strong>&gt; PN Manuel Antonio : guide francaise, caf\u00e9 panoramique<\/strong><\/p>\n<div id=\"attachment_4612\" style=\"width: 160px\" class=\"wp-caption alignright\"><img aria-describedby=\"caption-attachment-4612\" data-attachment-id=\"4612\" data-permalink=\"http:\/\/songkol.com\/WordPress3\/preparatifs\/bons-plans-par-pays\/pnmanuelantonio-06b\/\" data-orig-file=\"https:\/\/i0.wp.com\/songkol.com\/WordPress3\/wp-content\/uploads\/2015\/01\/PNMANUELANTONIO-06b.jpg?fit=600%2C600\" data-orig-size=\"600,600\" data-comments-opened=\"1\" data-image-meta=\"{&quot;aperture&quot;:&quot;6.3&quot;,&quot;credit&quot;:&quot;&quot;,&quot;camera&quot;:&quot;DSC-HX50V&quot;,&quot;caption&quot;:&quot;&quot;,&quot;created_timestamp&quot;:&quot;1420550295&quot;,&quot;copyright&quot;:&quot;&quot;,&quot;focal_length&quot;:&quot;44.77&quot;,&quot;iso&quot;:&quot;800&quot;,&quot;shutter_speed&quot;:&quot;0.0125&quot;,&quot;title&quot;:&quot;&quot;,&quot;orientation&quot;:&quot;1&quot;}\" data-image-title=\"PNMANUELANTONIO-06b\" data-image-description=\"\" data-image-caption=\"&lt;p&gt;PN MANUEL ANTONIO&lt;\/p&gt;\n\" data-medium-file=\"https:\/\/i0.wp.com\/songkol.com\/WordPress3\/wp-content\/uploads\/2015\/01\/PNMANUELANTONIO-06b.jpg?fit=300%2C300\" data-large-file=\"https:\/\/i0.wp.com\/songkol.com\/WordPress3\/wp-content\/uploads\/2015\/01\/PNMANUELANTONIO-06b.jpg?fit=600%2C600\" loading=\"lazy\" class=\"wp-image-4612 size-thumbnail\" src=\"https:\/\/i0.wp.com\/songkol.com\/WordPress3\/wp-content\/uploads\/2015\/01\/PNMANUELANTONIO-06b.jpg?resize=150%2C150\" alt=\"PN MANUEL ANTONIO \/ Un paresseux\" width=\"150\" height=\"150\" srcset=\"https:\/\/i0.wp.com\/songkol.com\/WordPress3\/wp-content\/uploads\/2015\/01\/PNMANUELANTONIO-06b.jpg?resize=150%2C150 150w, https:\/\/i0.wp.com\/songkol.com\/WordPress3\/wp-content\/uploads\/2015\/01\/PNMANUELANTONIO-06b.jpg?resize=300%2C300 300w, https:\/\/i0.wp.com\/songkol.com\/WordPress3\/wp-content\/uploads\/2015\/01\/PNMANUELANTONIO-06b.jpg?w=600 600w\" sizes=\"(max-width: 150px) 100vw, 150px\" data-recalc-dims=\"1\" \/><p id=\"caption-attachment-4612\" class=\"wp-caption-text\">PN MANUEL ANTONIO \/ Un paresseux<\/p><\/div>\n<p>Pour information, les cabinas Ramirez sont ferm\u00e9es d\u00e9finitivement (loi littoral). En poussant la route un peu plus loin, nous avons fini sur un grand parking (N9.38958 W84.14688) qui prend 4.000COL pour 1jour+1nuit. S\u2019il est sans int\u00e9r\u00eat (pas de commodit\u00e9s et peu d\u2019ombre, sauf si on se gare tout au fond) il a quand m\u00eame l\u2019avantage d\u2019\u00eatre proche de l\u2019entr\u00e9e du PN Manuel Antonio et de la plage. A noter qu\u2019un groupe de singes capucins passe au fond du parking vers 15h.<br \/>\nNous avons fait la visite du PN Manuel Antonio avec Estelle Mansuelle, une guide ornithologique toulousaine qui vit au Costa Rica depuis plusieurs dizaine d\u2019ann\u00e9e. Son num\u00e9ro : +506-9719-20-65.<br \/>\nEnfin, nous vous recommandons de boire un batidos (jus de fruit) sur la terrasse du bel hotel Mariposa (N9.40511 W84.15744). Du sommet de la coline, au couch\u00e9 du soleil, vous aurez une vue splendide sur toute la baie. Magnifique ! Possibilit\u00e9 de se baigner dans la piscine \u00e0 d\u00e9bordement moyennant 10$USD. Highly recommended !<br \/>\n<span style=\"color: #993300;\">Page de notre blog :<\/span>\u00a0<a href=\"http:\/\/songkol.com\/WordPress3\/les-animaux-du-parque-manuel-antonio\/\" rel=\"bookmark\">Les animaux du parque Manuel Antonio<\/a><\/p>\n<p><strong>&gt; Volcan Arenal : rivi\u00e8re d\u2019eau chaude<\/strong><br \/>\nSi vous souhaitez vous baigner gratuitement dans les sources chaudes du volcan Arenal, rendez-vous \u00e0 la sortie de Fortuna au N10.48860 W84.72308<br \/>\nDe l\u2019autre c\u00f4t\u00e9 de la route par rapport au parking, en contre-bas, passez une barri\u00e8re jaune. Le chemin n\u2019est pas tr\u00e8s engageant. Vous vous retrouverez en qq m\u00e8tres sous le pont de la route. Soit vous prenez \u00e0 gauche sous le pont et vous trouverez des bassins naturels derri\u00e8re un mur marquant la propri\u00e9t\u00e9 priv\u00e9e de l\u2019hotel du coin, soit vous partez sur la droite pour une toute petite marche qui vous emm\u00e9nera vers des bassins naturels sous les arbres.<\/p>\n<p><strong>&gt; Jaco : bivouac sous les cocotiers, surf, shaper<\/strong><br \/>\nA l\u2019extr\u00e9mit\u00e9 sud de la plage de Jaco, plus grande station baln\u00e9aire d\u2019Am\u00e9rique centrale SVP, vous trouverez un bivouac \u00e0 l\u2019ombre des cocotiers et sans commodit\u00e9s : N9.59805 W84.62092<br \/>\nFace \u00e0 la plage de petits galets, les vagues \u00e0 mar\u00e9e haute sont propices \u00e0 l\u2019apprentissage du surf. Et si l\u2019envie vous prend d\u2019acheter une \u00ab tabla \u00bb (surf) il suffit de remonter la rue d\u2019une centaine de m\u00e8tre pour trouver LE shaper de la r\u00e9gion : N9.59913 W84.61755<br \/>\nBonnes vagues !<\/p>\n<p><strong>&gt; Passage de fronti\u00e8re vers le Nicaragua \u00e0 Penas Blancas<\/strong><br \/>\n<span style=\"color: #993300;\">COSTA RICA<\/span> (Penas Blancas)<br \/>\n&#8211; Aduana : N11.20981 W85.61238<br \/>\n&#8211; Migracion : N11.21210 W85.61089<br \/>\n&#8211; Bivouac la veille, \u00e0 la finca Canas Castillo : N11.12197 W85.59427<br \/>\n&#8211; taxe de sortie de 8$us\/pers \u00e0 prendre avant immigration avec justificatif<br \/>\n&#8211; 1 photocopie de l\u2019autorisation transit pour l\u2019aduana<br \/>\n<span style=\"color: #993300;\">NICARAGUA<\/span> (Sapoa)<br \/>\nN11.21846 W85.61297<br \/>\n&#8211; \u00e0 l\u2019entr\u00e9e, fiche avec le n\u00b0 immat du v\u00e9hicule \u00e0 remplir<br \/>\n&#8211; passage Ebola avec ticket \u00e0 conserver pour immigration<br \/>\n&#8211; Fumigation 4$us<br \/>\n&#8211; Immigration 12$us\/pers avec ticket Ebola<br \/>\n&#8211; assurance obligatoire 12$us pour 1 mois<br \/>\n&#8211; chercher le douanier (tee-shirt bleu ciel) pour contr\u00f4le v\u00e9hicule et signature fiche de l&rsquo;entr\u00e9e remplie.<br \/>\n&#8211; Aduana : fournir la fiche + passeport + carte grise + permis international.<br \/>\n&#8211; Muni de l\u2019importacion temporada, retourner au m\u00eame bureau que l\u2019assurance pour payer la taxe touristique 5 $us et tampon de la police.<\/p>\n<h3><span id=\"NICARAGUA\"><span style=\"color: #993300;\">NICARAGUA<\/span><\/span><\/h3>\n<p><strong>&gt; Passage de fronti\u00e8re vers le Honduras \u00e0 Somotillo<\/strong><br \/>\n<span style=\"color: #993300;\">NICARAGUA<\/span> (Somotillo)<br \/>\n&#8211; immigration : 2 $us\/pers et pas de tampon de sortie<br \/>\n&#8211; aduana : rendre l\u2019importacion temporada<br \/>\n&#8211; bivouac possible au parquadero (30 cord) N13.03461 W86.89915<br \/>\n<span style=\"color: #993300;\">HONDURAS<\/span><br \/>\nN13.06222 W86.95689<br \/>\n&#8211; immigration : 3 $us\/pers<br \/>\n&#8211; aduana : passeport, carte grise et permis international (+ 2 photocopies de chaque)<br \/>\n&#8211; aduana : 35 $us \u00e0 la banque \u00e0 cot\u00e9 et faire 3 + 2 photocopies du passeport (v\u00e9hicule not\u00e9) et du formulaire<\/p>\n<h3><span id=\"HONDURAS\"><span style=\"color: #993300;\">HONDURAS<\/span><\/span><\/h3>\n<p><strong>&gt; passage de fronti\u00e8re vers le San Salvador\u00a0\u00e0 El Amatillo<\/strong><br \/>\n<span style=\"color: #993300;\">HONDURAS<\/span><br \/>\nN13.59666 W87.76517<br \/>\nMigracion et aduana gratuits et g\u00e9rables seul. La aduana, dans le grand b\u00e2timent au milieu de l\u2019avenue, est officiellement ouvert toute la journ\u00e9e mais personne ne prends le relais \u00e0 la pause d\u00e9jeuner.<br \/>\n<span style=\"color: #993300;\">SAN SALVADOR<\/span><br \/>\nN13.59790 W87.76779<br \/>\nAttention, la douane salvadorienne est \u00e0 5km de la migracion au point : N13.58327 W87.79731<br \/>\nA la aduana, stationner le v\u00e9hicule devant le dock du hangar pour l\u2019inspection.<\/p>\n<h3><span id=\"SAN_SALVADOR\"><span style=\"color: #993300;\">SAN SALVADOR<\/span><\/span><\/h3>\n<p><strong>&gt; route pour \u00e9viter la capitale<\/strong><br \/>\nSur les conseils de routiers salvadoriens, nous avons \u00e9vit\u00e9 le traffic de la capitale en prenant la rocade \u00ab Carratera de Orro \u00bb qui passe bien au nord de la city. En venant de l\u2019est du pays, il faut suivre la direction Santa Ana. La Panamericaine quitte la rocade au point N13.73348 W89.06574. Les deux se retrouve au nord-ouest \u00e0 Chanmico au point N13.78120 W89.37433.<\/p>\n<p><strong>&gt; passage de fronti\u00e8re \u00e0 Las Chimanas vers le Guatemala<\/strong><br \/>\nNous avons choisi Las Chinamas plut\u00f4t que San Cristobal (qui est sur la Panam) car la route d\u2019acc\u00e8s \u00e9tait r\u00e9put\u00e9e en meilleur \u00e9tat. Attention, cette fronti\u00e8re suppose de passer sur un pont limit\u00e9 \u00e0 8 tonnes.<br \/>\n<span style=\"color: #993300;\">SAN SALVADOR<\/span><br \/>\nN14.01789 W89.90542<br \/>\nRAS<br \/>\n<span style=\"color: #993300;\">GUATEMALA<\/span><br \/>\nN14.02053 W89.90930<br \/>\n&#8211; Migracion : 10 Q$ sans re\u00e7u<br \/>\n&#8211; Aduana : ils font les photocopies dont ils ont besoin. Taxe de 160 Q$. Vignette de l\u2019importation temporaire \u00e0 coller sur le pare-brise.<\/p>\n<h3><span id=\"GUATEMALA\"><span style=\"color: #993300;\">GUATEMALA<\/span><\/span><\/h3>\n<p><strong>&gt; route de Tikal \u00e0 Palenque<\/strong><br \/>\nLa fronti\u00e8re de El Ceibo est celle \u00e0 prendre entre Tikal (Guatemala) et Palenque (Mexique) : 400 km de route impeccable, fronti\u00e8re rapide.<br \/>\nGPS :\u00a017.260162, -90.987740<\/p>\n<p><strong>&gt; Piste Lanquin &lt;\u2014&gt; Fray Bartolome<\/strong><\/p>\n<div id=\"attachment_4828\" style=\"width: 160px\" class=\"wp-caption alignright\"><img aria-describedby=\"caption-attachment-4828\" data-attachment-id=\"4828\" data-permalink=\"http:\/\/songkol.com\/WordPress3\/preparatifs\/bons-plans-par-pays\/route-1\/\" data-orig-file=\"https:\/\/i0.wp.com\/songkol.com\/WordPress3\/wp-content\/uploads\/2015\/03\/ROUTE-1.jpg?fit=600%2C600\" data-orig-size=\"600,600\" data-comments-opened=\"1\" data-image-meta=\"{&quot;aperture&quot;:&quot;3.5&quot;,&quot;credit&quot;:&quot;&quot;,&quot;camera&quot;:&quot;DSC-HX50V&quot;,&quot;caption&quot;:&quot;&quot;,&quot;created_timestamp&quot;:&quot;1424255915&quot;,&quot;copyright&quot;:&quot;&quot;,&quot;focal_length&quot;:&quot;4.33&quot;,&quot;iso&quot;:&quot;80&quot;,&quot;shutter_speed&quot;:&quot;0.008&quot;,&quot;title&quot;:&quot;&quot;,&quot;orientation&quot;:&quot;1&quot;}\" data-image-title=\"Sur la route entre Lanquin et Campur\" data-image-description=\"\" data-image-caption=\"&lt;p&gt;Sur la route entre Lanquin et Campur&lt;\/p&gt;\n\" data-medium-file=\"https:\/\/i0.wp.com\/songkol.com\/WordPress3\/wp-content\/uploads\/2015\/03\/ROUTE-1.jpg?fit=300%2C300\" data-large-file=\"https:\/\/i0.wp.com\/songkol.com\/WordPress3\/wp-content\/uploads\/2015\/03\/ROUTE-1.jpg?fit=600%2C600\" loading=\"lazy\" class=\"size-thumbnail wp-image-4828\" src=\"https:\/\/i0.wp.com\/songkol.com\/WordPress3\/wp-content\/uploads\/2015\/03\/ROUTE-1.jpg?resize=150%2C150\" alt=\"Sur la route entre Lanquin et Campur\" width=\"150\" height=\"150\" srcset=\"https:\/\/i0.wp.com\/songkol.com\/WordPress3\/wp-content\/uploads\/2015\/03\/ROUTE-1.jpg?resize=150%2C150 150w, https:\/\/i0.wp.com\/songkol.com\/WordPress3\/wp-content\/uploads\/2015\/03\/ROUTE-1.jpg?resize=300%2C300 300w, https:\/\/i0.wp.com\/songkol.com\/WordPress3\/wp-content\/uploads\/2015\/03\/ROUTE-1.jpg?w=600 600w\" sizes=\"(max-width: 150px) 100vw, 150px\" data-recalc-dims=\"1\" \/><p id=\"caption-attachment-4828\" class=\"wp-caption-text\">Sur la route entre Lanquin et Campur<\/p><\/div>\n<p>La route n\u00b05 de Lanquin \u00e0 Fray Bartolome de las Casas n\u2019est pas du tout dans l\u2019\u00e9tat annonc\u00e9 sur les cartes ou sur les cartes OSM. C\u2019est une piste \u00e0 partir de l\u2019embranchement qui descend vers Lanquin (N15.59090 W90.05582) jusqu\u2019au point N15.71618 W89.94008 . Apr\u00e8s ce dernier point, la route est en revanche du billard (lignes droites plates sans virages) jusqu\u2019\u00e0 Modesto Mendez situ\u00e9 sur la CA13 qui monte vers Tikal.<br \/>\nConcr\u00e8tement, dans le sens ouest-est, la piste est large et en travaux d\u2019\u00e9largissement, puis \u00e0 partir de Campur, c\u2019est une piste \u00e9troite et mal entretenue : pas d\u2019orni\u00e8res particuli\u00e8res mais une piste h\u00e9riss\u00e9e de cailloux. Pour donner une id\u00e9e du temps de parcours, nous avons mis 4h30 (44km !) de Lanquin jusqu\u2019au point o\u00f9 nous avons retrouv\u00e9 le goudron, puis 3h (170km) pour rejoindre la finca Ixobel.<br \/>\nEn r\u00e9sum\u00e9, on ne recommande pas cette option pour ceux qui sont press\u00e9 mais elle vaut le d\u00e9tour pour ceux qui souhaitent traverser une belle r\u00e9gion montagneuse et recul\u00e9e du Guatemala.<br \/>\n<span style=\"color: #993300;\">Page sur notre blog :<\/span>\u00a0<a href=\"http:\/\/songkol.com\/WordPress3\/les-mayas-etaient-a-tikal-nous-aussi\/\" rel=\"bookmark\">Les Mayas \u00e9taient \u00e0 Tikal\u2026nous aussi!<\/a><\/p>\n<p><strong>&gt; Semuc Champey : bassins aux eaux cristalines<\/strong><\/p>\n<div id=\"attachment_4839\" style=\"width: 160px\" class=\"wp-caption alignright\"><img aria-describedby=\"caption-attachment-4839\" data-attachment-id=\"4839\" data-permalink=\"http:\/\/songkol.com\/WordPress3\/preparatifs\/bons-plans-par-pays\/semuc-08c\/\" data-orig-file=\"https:\/\/i0.wp.com\/songkol.com\/WordPress3\/wp-content\/uploads\/2015\/03\/SEMUC-08c.jpg?fit=1200%2C600\" data-orig-size=\"1200,600\" data-comments-opened=\"1\" data-image-meta=\"{&quot;aperture&quot;:&quot;9&quot;,&quot;credit&quot;:&quot;&quot;,&quot;camera&quot;:&quot;Canon EOS 5D&quot;,&quot;caption&quot;:&quot;&quot;,&quot;created_timestamp&quot;:&quot;1424183955&quot;,&quot;copyright&quot;:&quot;&quot;,&quot;focal_length&quot;:&quot;17&quot;,&quot;iso&quot;:&quot;400&quot;,&quot;shutter_speed&quot;:&quot;0.005&quot;,&quot;title&quot;:&quot;&quot;,&quot;orientation&quot;:&quot;1&quot;}\" data-image-title=\"SEMUC-08c\" data-image-description=\"\" data-image-caption=\"&lt;p&gt;SEMUC CHAMPEY &lt;\/p&gt;\n\" data-medium-file=\"https:\/\/i0.wp.com\/songkol.com\/WordPress3\/wp-content\/uploads\/2015\/03\/SEMUC-08c.jpg?fit=300%2C150\" data-large-file=\"https:\/\/i0.wp.com\/songkol.com\/WordPress3\/wp-content\/uploads\/2015\/03\/SEMUC-08c.jpg?fit=768%2C384\" loading=\"lazy\" class=\"size-thumbnail wp-image-4839\" src=\"https:\/\/i0.wp.com\/songkol.com\/WordPress3\/wp-content\/uploads\/2015\/03\/SEMUC-08c.jpg?resize=150%2C150\" alt=\"SEMUC CHAMPEY \" width=\"150\" height=\"150\" srcset=\"https:\/\/i0.wp.com\/songkol.com\/WordPress3\/wp-content\/uploads\/2015\/03\/SEMUC-08c.jpg?resize=150%2C150 150w, https:\/\/i0.wp.com\/songkol.com\/WordPress3\/wp-content\/uploads\/2015\/03\/SEMUC-08c.jpg?zoom=2&amp;resize=150%2C150 300w, https:\/\/i0.wp.com\/songkol.com\/WordPress3\/wp-content\/uploads\/2015\/03\/SEMUC-08c.jpg?zoom=3&amp;resize=150%2C150 450w\" sizes=\"(max-width: 150px) 100vw, 150px\" data-recalc-dims=\"1\" \/><p id=\"caption-attachment-4839\" class=\"wp-caption-text\">SEMUC CHAMPEY<\/p><\/div>\n<p>Nous avons bivouaqu\u00e9 \u00e0 l\u2019hotel Recreo : N15.57597 W89.98386<br \/>\nSi les 4&#215;4 pourront emprunter la piste de Lanquin \u00e0 Semuc Champey, en revanche les autres pr\u00e9f\u00e9reront monter dans l\u2019un des nombreux 4&#215;4 qui font la liaison (30 \u00e0 40 min). Vous aurez de meilleurs prix si vous partez de la municipalidad. Mieux vaut arriver \u00e0 Semuc Champey vers 9h avant le flot des touristes, afin d\u2019avoir le temps de faire d&rsquo;abord la petite grimpette jusqu\u2019au mirador puis de redescendre se baigner seul dans les bassins. Possibilit\u00e9 de laisser ses affaires dans des consignes ferm\u00e9es.<br \/>\n<span style=\"color: #993300;\">Des photos par ici :<\/span>\u00a0<a href=\"http:\/\/songkol.com\/WordPress3\/en-route-pour-semuc-champey\/\" rel=\"bookmark\">En route pour Semuc Champey<\/a><\/p>\n<p><strong>&gt; Lago Atitlan : bivouac<\/strong><\/p>\n<div id=\"attachment_4849\" style=\"width: 160px\" class=\"wp-caption alignright\"><img aria-describedby=\"caption-attachment-4849\" data-attachment-id=\"4849\" data-permalink=\"http:\/\/songkol.com\/WordPress3\/blog\/2015\/02\/15\/lac-atitlan-et-santa-elena-la-belle-finca\/atitlan-12\/\" data-orig-file=\"https:\/\/i0.wp.com\/songkol.com\/WordPress3\/wp-content\/uploads\/2015\/03\/ATITLAN-12.jpg?fit=469%2C600\" data-orig-size=\"469,600\" data-comments-opened=\"1\" data-image-meta=\"{&quot;aperture&quot;:&quot;11&quot;,&quot;credit&quot;:&quot;&quot;,&quot;camera&quot;:&quot;Canon EOS 5D&quot;,&quot;caption&quot;:&quot;&quot;,&quot;created_timestamp&quot;:&quot;947114128&quot;,&quot;copyright&quot;:&quot;&quot;,&quot;focal_length&quot;:&quot;17&quot;,&quot;iso&quot;:&quot;200&quot;,&quot;shutter_speed&quot;:&quot;0.004&quot;,&quot;title&quot;:&quot;&quot;,&quot;orientation&quot;:&quot;1&quot;}\" data-image-title=\"ATITLAN-12\" data-image-description=\"\" data-image-caption=\"&lt;p&gt;ATITL\u00c1N &lt;\/p&gt;\n\" data-medium-file=\"https:\/\/i0.wp.com\/songkol.com\/WordPress3\/wp-content\/uploads\/2015\/03\/ATITLAN-12.jpg?fit=235%2C300\" data-large-file=\"https:\/\/i0.wp.com\/songkol.com\/WordPress3\/wp-content\/uploads\/2015\/03\/ATITLAN-12.jpg?fit=469%2C600\" loading=\"lazy\" class=\"size-thumbnail wp-image-4849\" src=\"https:\/\/i0.wp.com\/songkol.com\/WordPress3\/wp-content\/uploads\/2015\/03\/ATITLAN-12.jpg?resize=150%2C150\" alt=\"ATITL\u00c1N \" width=\"150\" height=\"150\" srcset=\"https:\/\/i0.wp.com\/songkol.com\/WordPress3\/wp-content\/uploads\/2015\/03\/ATITLAN-12.jpg?resize=150%2C150 150w, https:\/\/i0.wp.com\/songkol.com\/WordPress3\/wp-content\/uploads\/2015\/03\/ATITLAN-12.jpg?zoom=2&amp;resize=150%2C150 300w, https:\/\/i0.wp.com\/songkol.com\/WordPress3\/wp-content\/uploads\/2015\/03\/ATITLAN-12.jpg?zoom=3&amp;resize=150%2C150 450w\" sizes=\"(max-width: 150px) 100vw, 150px\" data-recalc-dims=\"1\" \/><p id=\"caption-attachment-4849\" class=\"wp-caption-text\">ATITL\u00c1N<\/p><\/div>\n<p>Une alternative au bivouac payant de l\u2019hotel Vision Azul est le parking en bord de lac au point : N14.73611 W91.15745 Si c\u2019est pas le plus beau des bivouacs, on est proche de la ville, face aux volcans et \u00e0 proximit\u00e9 de l\u2019activit\u00e9 matinale des guat\u00e9malt\u00e8ques. Pas d\u2019eau ni d\u2019\u00e9lectricit\u00e9.<br \/>\nIl semble que le parking chez le fran\u00e7ais Pierre (N14.72318 W91.24984) soit une tr\u00e8s bonne option. Nous n\u2019avons eu que de bons \u00e9chos.<br \/>\n<span style=\"color: #993300;\">Des photos du lac par ici :<\/span>\u00a0<a href=\"http:\/\/songkol.com\/WordPress3\/lac-atitlan-et-santa-elena-la-belle-finca\/\" target=\"_blank\" rel=\"noopener\">http:\/\/songkol.com\/WordPress3\/lac-atitlan-et-santa-elena-la-belle-finca\/<\/a><\/p>\n<p><strong>&gt; passage de fronti\u00e8re \u00e0 Las Chimanas<\/strong><br \/>\nNous avons choisi Las Chinamas plut\u00f4t que San Cristobal (qui est sur la Panam) car la route d\u2019acc\u00e8s \u00e9tait r\u00e9put\u00e9e en meilleur \u00e9tat. Attention, cette fronti\u00e8re suppose de passer sur un pont limit\u00e9 \u00e0 8 tonnes.<br \/>\n<span style=\"color: #993300;\">SAN SALVADOR<\/span><br \/>\nN14.01789 W89.90542<br \/>\nRAS<br \/>\n<span style=\"color: #993300;\">GUATEMALA<\/span><br \/>\nN14.02053 W89.90930<br \/>\n&#8211; Migracion : 10 Q$ sans re\u00e7u<br \/>\n&#8211; Aduana : ils font les photocopies dont ils ont besoin. Taxe de 160 Q$. Vignette de l\u2019importation temporaire \u00e0 coller sur le pare-brise.<\/p>\n<p><strong>&gt; Passage de fronti\u00e8re vers le B\u00e9lize<\/strong><br \/>\n<span style=\"color: #993300;\">GUATEMALA<\/span><br \/>\nN17.05760 W89.15047<br \/>\nAu pont qui pr\u00e9c\u00e8de la fronti\u00e8re, taxe de passage dans la ville de Melchor : 50Q<br \/>\n&#8211; Aduana : rendre le doc d\u2019importation temporaire avec l\u2019\u00e9tiquette du pare-brise coll\u00e9e dessus<br \/>\n&#8211; Migracion : taxe de 20Q par adulte<br \/>\nPossibilit\u00e9 de revenir dans les 90 jours de l&rsquo;autorisation de transit \u00e0 condition de faire une photocopie contresign\u00e9e par l&rsquo;aduana pour ne pas payer 160 Q$<br \/>\n<span style=\"color: #993300;\">BELIZE<\/span><br \/>\nN17.05778 W89.14912<br \/>\n&#8211; Fumigacion : 10$BEL<br \/>\n&#8211; Aduana : 30$BEL<br \/>\nAttention : inspection des douaniers qui interdisent fruits, l\u00e9gumes, viande et alcool<br \/>\nAssurance dans des cabanas \u00e0 droite \u00e0 la sortie de la fronti\u00e8re<\/p>\n<h3><span id=\"MEXIQUE\"><span style=\"color: #993300;\">MEXIQUE<\/span><\/span><\/h3>\n<p><span style=\"color: #008000;\"><strong>GUATEMALA, BELIZE, YUCATAN (1 mois)\u00a0: <\/strong>Le pays des Mayas, aux paysages vari\u00e9s qui m\u2019a ravi pour ses vestiges isol\u00e9s dans la nature. <strong>On a aim\u00e9 (dans le d\u00e9sordre)\u00a0:<\/strong> escalader au petit matin les pyramides de Tikal et Palenque. L\u2019imposant El Castillo de Chichen Itza. La vie hors du temps et la plong\u00e9e en apn\u00e9e dans les eaux turquoise de Caye Caulker (B\u00e9lize) et de Tulum (Yucatan). Rencontre avec une communaut\u00e9 Mennonite de Lamanai (B\u00e9lize). Le lac Atitlan, l\u2019un des plus beaux avec les volcans qui le bordent. Les bassins d\u2019eau cristalline de Semuc Champey. Tikal, un site splendide en pleine foret vierge. Antigua, l\u2019une des plus belles villes coloniales du Guatemala. L\u2019architecture et la richesse de l\u2019artisanat indig\u00e8ne \u00e0 Saint-Cristobal-de-las-Casas. Les rituels pa\u00efens dans l\u2019\u00e9glise de San Juan de Chamula. Une rencontre mitig\u00e9e avec des zapatistes \u00e0 Oventic. L\u2019eau limpide et le caract\u00e8re \u00e9nigmatique des c\u00e9notes (Yucatan).<\/span><\/p>\n<p><strong>&gt; route de Tikal \u00e0 Palenque<\/strong><br \/>\nLa fronti\u00e8re de El Ceibo est celle \u00e0 prendre entre Tikal (Guatemala) et Palenque (Mexique) : 400 km de route impeccable, fronti\u00e8re rapide.<br \/>\nGPS :\u00a017.260162, -90.987740<\/p>\n<p><strong>&gt; Chichen Itza : bivouac au cenote de Yokdzonot<\/strong><\/p>\n<div id=\"attachment_5024\" style=\"width: 160px\" class=\"wp-caption alignright\"><img aria-describedby=\"caption-attachment-5024\" data-attachment-id=\"5024\" data-permalink=\"http:\/\/songkol.com\/WordPress3\/preparatifs\/bons-plans-par-pays\/chichen-02a\/\" data-orig-file=\"https:\/\/i0.wp.com\/songkol.com\/WordPress3\/wp-content\/uploads\/2015\/04\/CHICHEN-02a.jpg?fit=600%2C600\" data-orig-size=\"600,600\" data-comments-opened=\"1\" data-image-meta=\"{&quot;aperture&quot;:&quot;16&quot;,&quot;credit&quot;:&quot;&quot;,&quot;camera&quot;:&quot;Canon EOS 5D&quot;,&quot;caption&quot;:&quot;&quot;,&quot;created_timestamp&quot;:&quot;1425547896&quot;,&quot;copyright&quot;:&quot;&quot;,&quot;focal_length&quot;:&quot;17&quot;,&quot;iso&quot;:&quot;400&quot;,&quot;shutter_speed&quot;:&quot;0.002&quot;,&quot;title&quot;:&quot;&quot;,&quot;orientation&quot;:&quot;1&quot;}\" data-image-title=\"CHICHEN-02a\" data-image-description=\"\" data-image-caption=\"&lt;p&gt;CHICHEN ITZA&lt;\/p&gt;\n\" data-medium-file=\"https:\/\/i0.wp.com\/songkol.com\/WordPress3\/wp-content\/uploads\/2015\/04\/CHICHEN-02a.jpg?fit=300%2C300\" data-large-file=\"https:\/\/i0.wp.com\/songkol.com\/WordPress3\/wp-content\/uploads\/2015\/04\/CHICHEN-02a.jpg?fit=600%2C600\" loading=\"lazy\" class=\"size-thumbnail wp-image-5024\" src=\"https:\/\/i0.wp.com\/songkol.com\/WordPress3\/wp-content\/uploads\/2015\/04\/CHICHEN-02a.jpg?resize=150%2C150\" alt=\"CHICHEN ITZA\" width=\"150\" height=\"150\" srcset=\"https:\/\/i0.wp.com\/songkol.com\/WordPress3\/wp-content\/uploads\/2015\/04\/CHICHEN-02a.jpg?resize=150%2C150 150w, https:\/\/i0.wp.com\/songkol.com\/WordPress3\/wp-content\/uploads\/2015\/04\/CHICHEN-02a.jpg?resize=300%2C300 300w, https:\/\/i0.wp.com\/songkol.com\/WordPress3\/wp-content\/uploads\/2015\/04\/CHICHEN-02a.jpg?w=600 600w\" sizes=\"(max-width: 150px) 100vw, 150px\" data-recalc-dims=\"1\" \/><p id=\"caption-attachment-5024\" class=\"wp-caption-text\">CHICHEN ITZA<\/p><\/div>\n<p>Une alternative aux parkings bruyants des h\u00f4tels Stardust et Piramid de Chichen Itza peut \u00eatre d\u2019aller sur le parking du cenote de Yokdzonot \u00e0 15 minutes \u00e0 l\u2019ouest de la ville. La route MEX185 est bonne et toute droite. A quelques m\u00e8tres du bivouac vers le village, possibilit\u00e9 de prendre un repas au parador ecoturistico (jeux pour enfants, toilettes et douches ext\u00e9rieurs !).<br \/>\nPoint GPS : N20.70687 W88.73045<br \/>\n<span style=\"color: #993300;\">Page sur notre blog :<\/span>\u00a0<a href=\"http:\/\/songkol.com\/WordPress3\/leau-fraiche-des-cenotes-et-les-mayas-de-chichen-itza\/\" rel=\"bookmark\">L\u2019eau fra\u00eeche des cenotes et les Mayas de Chichen Itza<\/a><\/p>\n<p><strong>&gt; Mexico City : un permit pour rouler tous les jours<\/strong><br \/>\nLe Pase Turistico permet d\u2019\u00eatre exempt\u00e9 du programme anti-pollution \u00ab\u00a0Hoy dia no circula \u00bb de Mexico Ciudad et les villes autour. Il ne fonctionne que pour les v\u00e9hicules mis en circulation apr\u00e8s 1993. Pour l\u2019obtenir, il suffit de faire les d\u00e9marches sur le site internet suivant et d\u2019afficher le papier derri\u00e8re le pare-brise : <a href=\"http:\/\/www.paseturistico.df.gob.mx\" target=\"_blank\" rel=\"noopener\">http:\/\/www.paseturistico.df.gob.mx<\/a><br \/>\nPour information, nous avons rencontr\u00e9 un couple qui a d\u00fbt payer une amende de 4000pesos car ils circulaient un jour o\u00f9 ils n\u2019auraient pas d\u00fb.<\/p>\n<p><strong>&gt; Passage de fronti\u00e8re depuis le B\u00e9lize \u00e0 Chetumal<\/strong><br \/>\n<span style=\"color: #993300;\">BELIZE :<\/span><br \/>\nN18.48546 W88.39901<br \/>\n&#8211; Taxe de sortie de 75$BEL<br \/>\n<span style=\"color: #993300;\">MEXIQUE :<\/span><br \/>\nN18.50418 W88.39118<br \/>\nB\u00e2timents tous neufs<br \/>\n&#8211; aduana : importation temporaire gratuite pour moins de 7 jours ou sinon 59$USD pour 10 ans. Remplir une fiche recensant les \u00e9quipements inclus dans le v\u00e9hicule (ordi, CB, MP3, air conditionn\u00e9e, four, outils, micro-onde, s\u00e8che linge !\u2026)<br \/>\n&#8211; migracion : 25$USD par passeport pour 180 jours.<\/p>\n<p><strong>&gt; BAJA :\u00a0bivouac isol\u00e9 La Gringa\u00a0dans la bahia Los Angeles<\/strong><\/p>\n<div id=\"attachment_5166\" style=\"width: 160px\" class=\"wp-caption alignright\"><img aria-describedby=\"caption-attachment-5166\" data-attachment-id=\"5166\" data-permalink=\"http:\/\/songkol.com\/WordPress3\/preparatifs\/bons-plans-par-pays\/baja-42\/\" data-orig-file=\"https:\/\/i0.wp.com\/songkol.com\/WordPress3\/wp-content\/uploads\/2015\/04\/BAJA-42.jpg?fit=600%2C600\" data-orig-size=\"600,600\" data-comments-opened=\"1\" data-image-meta=\"{&quot;aperture&quot;:&quot;11&quot;,&quot;credit&quot;:&quot;&quot;,&quot;camera&quot;:&quot;Canon EOS 5D&quot;,&quot;caption&quot;:&quot;&quot;,&quot;created_timestamp&quot;:&quot;1428953795&quot;,&quot;copyright&quot;:&quot;&quot;,&quot;focal_length&quot;:&quot;17&quot;,&quot;iso&quot;:&quot;400&quot;,&quot;shutter_speed&quot;:&quot;0.004&quot;,&quot;title&quot;:&quot;&quot;,&quot;orientation&quot;:&quot;1&quot;}\" data-image-title=\"BAJA-42\" data-image-description=\"\" data-image-caption=\"&lt;p&gt;BAJA CALIFORNIA \/ Bahia Los Angeles &#8211; Bivouac La Gringa&lt;\/p&gt;\n\" data-medium-file=\"https:\/\/i0.wp.com\/songkol.com\/WordPress3\/wp-content\/uploads\/2015\/04\/BAJA-42.jpg?fit=300%2C300\" data-large-file=\"https:\/\/i0.wp.com\/songkol.com\/WordPress3\/wp-content\/uploads\/2015\/04\/BAJA-42.jpg?fit=600%2C600\" loading=\"lazy\" class=\"size-thumbnail wp-image-5166\" src=\"https:\/\/i0.wp.com\/songkol.com\/WordPress3\/wp-content\/uploads\/2015\/04\/BAJA-42.jpg?resize=150%2C150\" alt=\"BAJA CALIFORNIA \/ Bahia Los Angeles - Bivouac La Gringa\" width=\"150\" height=\"150\" srcset=\"https:\/\/i0.wp.com\/songkol.com\/WordPress3\/wp-content\/uploads\/2015\/04\/BAJA-42.jpg?resize=150%2C150 150w, https:\/\/i0.wp.com\/songkol.com\/WordPress3\/wp-content\/uploads\/2015\/04\/BAJA-42.jpg?resize=300%2C300 300w, https:\/\/i0.wp.com\/songkol.com\/WordPress3\/wp-content\/uploads\/2015\/04\/BAJA-42.jpg?w=600 600w\" sizes=\"(max-width: 150px) 100vw, 150px\" data-recalc-dims=\"1\" \/><p id=\"caption-attachment-5166\" class=\"wp-caption-text\">BAJA CALIFORNIA \/ Bahia Los Angeles &#8211; Bivouac La Gringa<\/p><\/div>\n<p>Un bivouac sous les \u00e9toiles comme on les aime. Apr\u00e8s avoir fait le plein d&rsquo;eau et vos courses, partez plein nord par\u00a0une piste sablonneuse mais praticable en camping-car jusqu&rsquo;au bout de la baie. Poisson frais aupr\u00e8s des p\u00eacheurs qui posent les filets devant la plage. Les baleines et les requins marteau passent dans le coin. Ni eau ni \u00e9lectricit\u00e9 sur place.<br \/>\nGPS Bivouac : 29.03811, -113.54951<br \/>\nPage sur notre blog :\u00a0<a href=\"http:\/\/songkol.com\/WordPress3\/ultime-mexique-la-baja-california-et-ses-plages\/\" rel=\"bookmark\">Ultime Mexique, La Baja California et ses plages<\/a><\/p>\n<p><strong>&gt; BAJA :\u00a0bivouac playa Ligui<\/strong><\/p>\n<p>UnGPS bivouac : 25.74146, -111.25788<\/p>\n<p><strong>&gt; BAJA : route vers San Felipe<\/strong><\/p>\n<p>Dans le sens sud-nord, la route BCN5\/MEX5 entre la MEX1 et San Felipe commence par 35km de piste (praticable en CC) puis le goudron tout neuf revient au point :<br \/>\nN29.61256 W114.39653<br \/>\nA San Felipe, nous avons dormis au Pete\u2019s Camp : N31.13453 W114.88951<br \/>\nCamp de retrait\u00e9s am\u00e9ricains. Atmosph\u00e8re paisible. Les amateurs de palourdes profiteront de l\u2019une des plus grandes amplitudes de mar\u00e9e (nous a t-on dit\u2026). Gilles, un perpignanais install\u00e9 dans le coin depuis plusieurs ann\u00e9es, est boulanger \u00e0 proximit\u00e9.<\/p>\n<p><strong>&gt; Passage de fronti\u00e8re \u00e0 Mexicali (Calexico c\u00f4t\u00e9 USA)<\/strong><br \/>\nNe faites pas la m\u00eame erreur que nous. Si vous souhaitez rendre le papier+autocollant de l\u2019importation temporaire mexicaine, ne vous pointez pas au point de passage du centre-ville (N32.66511 W115.49635) mais \u00e0 10km \u00e0 l\u2019Est (N32.67280 W115.38786) qui lui poss\u00e8de un bureau de la Aduana (N32.66933 W115.38888) habilit\u00e9 \u00e0 clore votre importation temporaire.<\/p>\n<h3><span id=\"USA\"><span style=\"color: #993300;\">USA<\/span><\/span><\/h3>\n<p><span style=\"color: #008000;\"><strong>On a aim\u00e9 (dans le d\u00e9sordre) :<\/strong> admirer parmi les plus belles peintures rupestres nord am\u00e9ricaine \u00e0 la Great Gallery (Canyonlands). Le couch\u00e9 du soleil sur le Little painted desert (Winslow). Le sentier escarp\u00e9 et la superbe vue panoramique depuis Angels landing (Zion). Les versants granitiques et les plateaux alpins de Yosemite. La highway 12 , la plus belle route de l\u2019Utah. Camper face aux monolithes rouges de Monument valley et dans la moins connue valley of the Gods. Le Las Vegas d\u2019antan au mus\u00e9e des n\u00e9ons \u00e0 l\u2019air libre. Marcher quelques heures dans l\u2019immensit\u00e9 min\u00e9rale du Grand Canyon. Un picnic \u00ab off the grid \u00bb au Presidio (San Francisco). L\u2019extraordinaire beaut\u00e9 offerte par l\u2019\u00e9rosion dans les districts de Needles et Island in the sky (Canyonlands). Le double O \u00e0 Arches, les chemin\u00e9es de f\u00e9es color\u00e9es de Bryce. Le d\u00e9fil\u00e9 \u00e9poustouflant du lower Antelope Canyon. La rencontre avec un ours au d\u00e9tour d\u2019un sentier (Yosemite).<\/span><\/p>\n<div id=\"attachment_5325\" style=\"width: 160px\" class=\"wp-caption alignright\"><img aria-describedby=\"caption-attachment-5325\" data-attachment-id=\"5325\" data-permalink=\"http:\/\/songkol.com\/WordPress3\/preparatifs\/bons-plans-par-pays\/bryce-01a\/\" data-orig-file=\"https:\/\/i0.wp.com\/songkol.com\/WordPress3\/wp-content\/uploads\/2015\/06\/BRYCE-01a.jpg?fit=1200%2C600\" data-orig-size=\"1200,600\" data-comments-opened=\"1\" data-image-meta=\"{&quot;aperture&quot;:&quot;14&quot;,&quot;credit&quot;:&quot;&quot;,&quot;camera&quot;:&quot;Canon EOS 5D&quot;,&quot;caption&quot;:&quot;&quot;,&quot;created_timestamp&quot;:&quot;1430409561&quot;,&quot;copyright&quot;:&quot;&quot;,&quot;focal_length&quot;:&quot;17&quot;,&quot;iso&quot;:&quot;400&quot;,&quot;shutter_speed&quot;:&quot;0.0025&quot;,&quot;title&quot;:&quot;&quot;,&quot;orientation&quot;:&quot;1&quot;}\" data-image-title=\"BRYCE-01a\" data-image-description=\"\" data-image-caption=\"\" data-medium-file=\"https:\/\/i0.wp.com\/songkol.com\/WordPress3\/wp-content\/uploads\/2015\/06\/BRYCE-01a.jpg?fit=300%2C150\" data-large-file=\"https:\/\/i0.wp.com\/songkol.com\/WordPress3\/wp-content\/uploads\/2015\/06\/BRYCE-01a.jpg?fit=768%2C384\" loading=\"lazy\" class=\"wp-image-5325 size-thumbnail\" src=\"https:\/\/i0.wp.com\/songkol.com\/WordPress3\/wp-content\/uploads\/2015\/06\/BRYCE-01a.jpg?resize=150%2C150\" alt=\"PN Bryce canyon\" width=\"150\" height=\"150\" srcset=\"https:\/\/i0.wp.com\/songkol.com\/WordPress3\/wp-content\/uploads\/2015\/06\/BRYCE-01a.jpg?resize=150%2C150 150w, https:\/\/i0.wp.com\/songkol.com\/WordPress3\/wp-content\/uploads\/2015\/06\/BRYCE-01a.jpg?zoom=2&amp;resize=150%2C150 300w, https:\/\/i0.wp.com\/songkol.com\/WordPress3\/wp-content\/uploads\/2015\/06\/BRYCE-01a.jpg?zoom=3&amp;resize=150%2C150 450w\" sizes=\"(max-width: 150px) 100vw, 150px\" data-recalc-dims=\"1\" \/><p id=\"caption-attachment-5325\" class=\"wp-caption-text\">PN Bryce canyon<\/p><\/div>\n<p><strong>&gt; PN Bryce canyon &#8211; bivouac dans les bois<\/strong><br \/>\nSi le campground NF (N37.60936 W112.26062) ne vous tente pas (30$ avec dump et eau potable), voici ci-dessous les coordonn\u00e9es d\u2019un bivouac dans la Dixie national forest, \u00e0 15 minutes \u00e0 l&rsquo;ouest de l\u2019entr\u00e9e du parc :<br \/>\nN37.62647 W112.22790<br \/>\nAcc\u00e8s facile depuis une piste en tr\u00e8s bon \u00e9tat (East fork road) \u00e0 prendre 13km plus au nord depuis la UT12 (N37.70489 W112.20174).<br \/>\nL\u2019acc\u00e8s au parc peut se faire en rebroussant chemin jusqu\u2019\u00e0 la UT12 ou en continuant la piste du bivouac qui coupe \u00e0 travers champs, entre prairie et for\u00eat. Ne pas oublier de bifurquer vers le nord au carrefour N37.62637 W112.19320, car la piste est ferm\u00e9e \u00e0 N37.62713 W112.18444. Vous d\u00e9boucherez sur la UT63 au niveau de N37.65566 W112.16258<br \/>\n<span style=\"color: #993300;\">Plus d&rsquo;infos sur notre blog :<\/span>\u00a0<a href=\"http:\/\/songkol.com\/WordPress3\/on-ne-sarrete-plus-au-tour-de-bryce-canyon\/\" rel=\"bookmark\">On ne s\u2019arr\u00eate plus: au tour de Bryce canyon!<\/a><\/p>\n<p><strong>&gt; PN Arches : Bivouac \u00e0 la limite du parc<\/strong><\/p>\n<div id=\"attachment_5504\" style=\"width: 160px\" class=\"wp-caption alignright\"><img aria-describedby=\"caption-attachment-5504\" data-attachment-id=\"5504\" data-permalink=\"http:\/\/songkol.com\/WordPress3\/blog\/2015\/05\/21\/les-arches-darches\/arches-02b\/\" data-orig-file=\"https:\/\/i0.wp.com\/songkol.com\/WordPress3\/wp-content\/uploads\/2015\/07\/ARCHES-02b.jpg?fit=452%2C600\" data-orig-size=\"452,600\" data-comments-opened=\"1\" data-image-meta=\"{&quot;aperture&quot;:&quot;10&quot;,&quot;credit&quot;:&quot;&quot;,&quot;camera&quot;:&quot;Canon EOS 5D&quot;,&quot;caption&quot;:&quot;&quot;,&quot;created_timestamp&quot;:&quot;1432306238&quot;,&quot;copyright&quot;:&quot;&quot;,&quot;focal_length&quot;:&quot;17&quot;,&quot;iso&quot;:&quot;200&quot;,&quot;shutter_speed&quot;:&quot;0.005&quot;,&quot;title&quot;:&quot;&quot;,&quot;orientation&quot;:&quot;1&quot;}\" data-image-title=\"ARCHES-02b\" data-image-description=\"\" data-image-caption=\"&lt;p&gt;ARCHES \/ Double Arches&lt;\/p&gt;\n\" data-medium-file=\"https:\/\/i0.wp.com\/songkol.com\/WordPress3\/wp-content\/uploads\/2015\/07\/ARCHES-02b.jpg?fit=226%2C300\" data-large-file=\"https:\/\/i0.wp.com\/songkol.com\/WordPress3\/wp-content\/uploads\/2015\/07\/ARCHES-02b.jpg?fit=452%2C600\" loading=\"lazy\" class=\"size-thumbnail wp-image-5504\" src=\"https:\/\/i0.wp.com\/songkol.com\/WordPress3\/wp-content\/uploads\/2015\/07\/ARCHES-02b.jpg?resize=150%2C150\" alt=\"ARCHES \/ Double Arches\" width=\"150\" height=\"150\" srcset=\"https:\/\/i0.wp.com\/songkol.com\/WordPress3\/wp-content\/uploads\/2015\/07\/ARCHES-02b.jpg?resize=150%2C150 150w, https:\/\/i0.wp.com\/songkol.com\/WordPress3\/wp-content\/uploads\/2015\/07\/ARCHES-02b.jpg?zoom=2&amp;resize=150%2C150 300w, https:\/\/i0.wp.com\/songkol.com\/WordPress3\/wp-content\/uploads\/2015\/07\/ARCHES-02b.jpg?zoom=3&amp;resize=150%2C150 450w\" sizes=\"(max-width: 150px) 100vw, 150px\" data-recalc-dims=\"1\" \/><p id=\"caption-attachment-5504\" class=\"wp-caption-text\">ARCHES \/ Double Arches<\/p><\/div>\n<p>Un bivouac, gratuit, seul dans la pampa, en bordure du parc, sans avoir \u00e0 faire la queue le matin \u00e0 l\u2019entr\u00e9e, c\u2019est possible ! C\u2019est par ici :\u00a0N38.80882 W109.68675<br \/>\nNous l\u2019avons trouv\u00e9 en prenant la piste (tr\u00e8s bonne condition) d\u2019une 15aine de km qui d\u00e9marre dans le parc \u00e0 :\u00a0N38.76835 W109.58867<br \/>\nNous y avons crois\u00e9 des rangers \u00e0 qui de toute \u00e9vidence cela ne posait pas de probl\u00e8mes que nous campions l\u00e0 \u00e0 100m de la limite de leur parc.\u00a0Sinon nombreuses possibilit\u00e9s de campground sur les berges du Colorado, au nord-est et sud-ouest de Moab (22$).<br \/>\n<span style=\"color: #993300;\">Plus d&rsquo;infos sur notre blog :<\/span>\u00a0<a href=\"http:\/\/songkol.com\/WordPress3\/les-arches-darches\/\" rel=\"bookmark\">Les arches d\u2019Arches<\/a><\/p>\n<p><strong>&gt; Commander ses pneus sur internet<\/strong><br \/>\nPlusieurs voyageurs en cc europ\u00e9ens m\u2019avaient pr\u00e9venu de la grande difficult\u00e9 de trouver du 195\/75R16 aux USA. Il suffisait en fait de les commander par internet et de les faire livrer sur son chemin\u2026 Ce que nous avons fait \u00e0 Las Vegas via le site <a href=\"http:\/\/www.tirerack.com\" target=\"_blank\" rel=\"noopener\">http:\/\/www.tirerack.com <\/a><br \/>\nJe recommande de vous mettre en contact avec Porter qui nous a \u00e9t\u00e9 d\u2019une grande aide : <a href=\"mailto:porter@tirerack.com\">porter@tirerack.com<\/a><br \/>\nPour information, l\u2019op\u00e9ration d\u2019achat+pose des 6 pneus nous est revenu moins cher qu\u2019au Mexique.<\/p>\n<p><strong>&gt; Monterey : demandez Eric pour une visite en fran\u00e7ais<\/strong><\/p>\n<div id=\"attachment_5488\" style=\"width: 160px\" class=\"wp-caption alignright\"><img aria-describedby=\"caption-attachment-5488\" data-attachment-id=\"5488\" data-permalink=\"http:\/\/songkol.com\/WordPress3\/blog\/2015\/06\/03\/les-meduses-de-monterey\/monterey-01\/\" data-orig-file=\"https:\/\/i0.wp.com\/songkol.com\/WordPress3\/wp-content\/uploads\/2015\/06\/MONTEREY-01.jpg?fit=1200%2C600\" data-orig-size=\"1200,600\" data-comments-opened=\"1\" data-image-meta=\"{&quot;aperture&quot;:&quot;4&quot;,&quot;credit&quot;:&quot;&quot;,&quot;camera&quot;:&quot;Canon EOS 5D&quot;,&quot;caption&quot;:&quot;&quot;,&quot;created_timestamp&quot;:&quot;1433346671&quot;,&quot;copyright&quot;:&quot;&quot;,&quot;focal_length&quot;:&quot;23&quot;,&quot;iso&quot;:&quot;400&quot;,&quot;shutter_speed&quot;:&quot;0.05&quot;,&quot;title&quot;:&quot;&quot;,&quot;orientation&quot;:&quot;1&quot;}\" data-image-title=\"MONTEREY- 01\" data-image-description=\"\" data-image-caption=\"&lt;p&gt;MONTEREY&lt;\/p&gt;\n\" data-medium-file=\"https:\/\/i0.wp.com\/songkol.com\/WordPress3\/wp-content\/uploads\/2015\/06\/MONTEREY-01.jpg?fit=300%2C150\" data-large-file=\"https:\/\/i0.wp.com\/songkol.com\/WordPress3\/wp-content\/uploads\/2015\/06\/MONTEREY-01.jpg?fit=768%2C384\" loading=\"lazy\" class=\"size-thumbnail wp-image-5488\" src=\"https:\/\/i0.wp.com\/songkol.com\/WordPress3\/wp-content\/uploads\/2015\/06\/MONTEREY-01.jpg?resize=150%2C150\" alt=\"MONTEREY\" width=\"150\" height=\"150\" srcset=\"https:\/\/i0.wp.com\/songkol.com\/WordPress3\/wp-content\/uploads\/2015\/06\/MONTEREY-01.jpg?resize=150%2C150 150w, https:\/\/i0.wp.com\/songkol.com\/WordPress3\/wp-content\/uploads\/2015\/06\/MONTEREY-01.jpg?zoom=2&amp;resize=150%2C150 300w, https:\/\/i0.wp.com\/songkol.com\/WordPress3\/wp-content\/uploads\/2015\/06\/MONTEREY-01.jpg?zoom=3&amp;resize=150%2C150 450w\" sizes=\"(max-width: 150px) 100vw, 150px\" data-recalc-dims=\"1\" \/><p id=\"caption-attachment-5488\" class=\"wp-caption-text\">MONTEREY<\/p><\/div>\n<p>Si vous souhaitez une visite de l\u2019aquarium en fran\u00e7ais, demandez Eric (nom \u00e0 confirmer\u2026) un fran\u00e7ais d\u2019une trentaine d\u2019ann\u00e9e originaire d\u2019Annecy qui vit aux USA depuis 15 ans. Ce passionn\u00e9 de plong\u00e9e sous-marine travaille \u00e0 l\u2019aquarium du mardi au samedi. Il sera ravi de rencontrer les francophones passant par l\u00e0.<br \/>\n<span style=\"color: #993300;\">Plus d&rsquo;infos sur notre blog :<\/span>\u00a0<a href=\"http:\/\/songkol.com\/WordPress3\/les-meduses-de-monterey\/\" rel=\"bookmark\">Les m\u00e9duses de Monterey<\/a><\/p>\n","protected":false},"excerpt":{"rendered":"<p>Nos incontournables par pays avec points GPS. Ces conseils et informations pratiques vous donneront une id\u00e9e des tr\u00e9sors qui vous attendent et \u00e0 quelle sauce vous serez mang\u00e9 aux douanes !<\/p>\n","protected":false},"author":2,"featured_media":0,"parent":61,"menu_order":1,"comment_status":"open","ping_status":"closed","template":"","meta":{"spay_email":""},"jetpack_sharing_enabled":true,"jetpack_shortlink":"https:\/\/wp.me\/P4uy6M-1Ei","jetpack_likes_enabled":true,"_links":{"self":[{"href":"http:\/\/songkol.com\/WordPress3\/wp-json\/wp\/v2\/pages\/6342"}],"collection":[{"href":"http:\/\/songkol.com\/WordPress3\/wp-json\/wp\/v2\/pages"}],"about":[{"href":"http:\/\/songkol.com\/WordPress3\/wp-json\/wp\/v2\/types\/page"}],"author":[{"embeddable":true,"href":"http:\/\/songkol.com\/WordPress3\/wp-json\/wp\/v2\/users\/2"}],"replies":[{"embeddable":true,"href":"http:\/\/songkol.com\/WordPress3\/wp-json\/wp\/v2\/comments?post=6342"}],"version-history":[{"count":64,"href":"http:\/\/songkol.com\/WordPress3\/wp-json\/wp\/v2\/pages\/6342\/revisions"}],"predecessor-version":[{"id":7337,"href":"http:\/\/songkol.com\/WordPress3\/wp-json\/wp\/v2\/pages\/6342\/revisions\/7337"}],"up":[{"embeddable":true,"href":"http:\/\/songkol.com\/WordPress3\/wp-json\/wp\/v2\/pages\/61"}],"wp:attachment":[{"href":"http:\/\/songkol.com\/WordPress3\/wp-json\/wp\/v2\/media?parent=6342"}],"curies":[{"name":"wp","href":"https:\/\/api.w.org\/{rel}","templated":true}]}}