{"id":40,"date":"2015-02-22T12:54:10","date_gmt":"2015-02-22T11:54:10","guid":{"rendered":"http:\/\/songkol.com\/WordPress3\/?page_id=40"},"modified":"2016-08-28T17:40:35","modified_gmt":"2016-08-28T15:40:35","slug":"preparation","status":"publish","type":"page","link":"http:\/\/songkol.com\/WordPress3\/preparation\/","title":{"rendered":"Le v\u00e9hicule"},"content":{"rendered":"<p>Ci-dessous vous trouverez l&rsquo;annonce que nous avions mis en ligne pour la vente. R\u00e9trospectivement, on peut affirmer que c&rsquo;\u00e9tait le bon choix dans la configuration o\u00f9 nous \u00e9tions : famille avec enfants en bas \u00e2ge (1 et 4 ans), besoin d&rsquo;autonomie, possibilit\u00e9 de s&rsquo;engager dans des pistes mais pas d&rsquo;une capacit\u00e9 de franchissement type 4&#215;4, peu de connaissances en m\u00e9canique, moteur&nbsp;sans \u00e9lectronique et peu sensible \u00e0 la mauvaise qualit\u00e9 du diesel,\u2026<\/p>\n<hr>\n<p><strong><span style=\"color: #003300;\">Iveco 35.12 (1999)<\/span><\/strong><br \/>\n<strong><span style=\"color: #003300;\">Propulsion et roues jumel\u00e9es<\/span><\/strong><br \/>\n<strong><span style=\"color: #003300;\">Turbo Diesel (8,3 km\/litre &#8211;&nbsp;19,6 miles\/gallon)<\/span><\/strong><br \/>\n<strong><span style=\"color: #003300;\">Turbo Daily Intercooler<\/span><\/strong><br \/>\n<strong><span style=\"color: #003300;\">2,8 litres<\/span><\/strong><br \/>\n<strong><span style=\"color: #003300;\">Permis de conduire B<br \/>\n<\/span><\/strong><strong><span style=\"color: #003300;\">Achet\u00e9 \u00e0 107 000 km en France et vendu \u00e0 167 000 km en juillet 2015 au Qu\u00e9bec<br \/>\n<\/span><\/strong><strong style=\"line-height: 1.5;\"><span style=\"color: #003300;\">-&gt; nouvel embrayage Iveco install\u00e9 par un garage Iveco (12\/2014) \u00e0&nbsp;130 000 km au compteur<br \/>\n-&gt; parti avec 6 pneus neufs qui ont \u00e9t\u00e9 chang\u00e9s \u00e0 Las Vegas en avril&nbsp;2015 apr\u00e8s 55 000 km depuis Buenos Aires<\/span><\/strong><\/p>\n<p>&gt;&gt;&nbsp;<a title=\"Album photos du camping-car\" href=\"https:\/\/plus.google.com\/photos\/107331746132782791203\/albums\/6020743135695632241?authkey=CNmWiu-P7dDZFA\" target=\"_blank\"><span style=\"color: #ff0000;\"><strong>PHOTOS<\/strong><\/span> ext\u00e9rieur-interieur<\/a>&nbsp;\/ <a title=\"More pictures\" href=\"https:\/\/plus.google.com\/photos\/107331746132782791203\/albums\/6020743135695632241?authkey=CNmWiu-P7dDZFA\" target=\"_blank\"><strong><span style=\"color: #ff0000;\">PICTURES<\/span><\/strong> inside-outside<\/a>&nbsp;(google+)&lt;&lt;<\/p>\n<h2><a title=\"Album photos - pictures\" href=\"https:\/\/plus.google.com\/photos\/107331746132782791203\/albums\/6020743135695632241?authkey=CNmWiu-P7dDZFA\"><img data-attachment-id=\"2244\" data-permalink=\"http:\/\/songkol.com\/WordPress3\/preparation\/img_6034-annonce\/\" data-orig-file=\"https:\/\/i0.wp.com\/songkol.com\/WordPress3\/wp-content\/uploads\/2013\/09\/IMG_6034-annonce.jpg?fit=500%2C333\" data-orig-size=\"500,333\" data-comments-opened=\"1\" data-image-meta=\"{&quot;aperture&quot;:&quot;16&quot;,&quot;credit&quot;:&quot;&quot;,&quot;camera&quot;:&quot;Canon EOS 5D&quot;,&quot;caption&quot;:&quot;&quot;,&quot;created_timestamp&quot;:&quot;1401187129&quot;,&quot;copyright&quot;:&quot;&quot;,&quot;focal_length&quot;:&quot;40&quot;,&quot;iso&quot;:&quot;400&quot;,&quot;shutter_speed&quot;:&quot;0.002&quot;,&quot;title&quot;:&quot;&quot;}\" data-image-title=\"IMG_6034-annonce\" data-image-description=\"\" data-image-caption=\"\" data-medium-file=\"https:\/\/i0.wp.com\/songkol.com\/WordPress3\/wp-content\/uploads\/2013\/09\/IMG_6034-annonce.jpg?fit=300%2C199\" data-large-file=\"https:\/\/i0.wp.com\/songkol.com\/WordPress3\/wp-content\/uploads\/2013\/09\/IMG_6034-annonce.jpg?fit=500%2C333\" loading=\"lazy\" class=\"alignnone wp-image-2244 size-full\" src=\"https:\/\/i0.wp.com\/songkol.com\/WordPress3\/wp-content\/uploads\/2013\/09\/IMG_6034-annonce.jpg?resize=500%2C333\" alt=\"IMG_6034-annonce\" width=\"500\" height=\"333\" srcset=\"https:\/\/i0.wp.com\/songkol.com\/WordPress3\/wp-content\/uploads\/2013\/09\/IMG_6034-annonce.jpg?w=500 500w, https:\/\/i0.wp.com\/songkol.com\/WordPress3\/wp-content\/uploads\/2013\/09\/IMG_6034-annonce.jpg?resize=300%2C199 300w\" sizes=\"(max-width: 500px) 100vw, 500px\" data-recalc-dims=\"1\" \/><\/a><\/h2>\n<h3><span id=\"Points_forts_de_cenbspcamping-car\"><span style=\"color: #800000;\">Points forts de ce&nbsp;camping-car<\/span><\/span><\/h3><div id=\"toc_container\" class=\"toc_wrap_right no_bullets\"><p class=\"toc_title\">Sommaire<\/p><ul class=\"toc_list\"><li><a href=\"#Points_forts_de_cenbspcamping-car\"><span class=\"toc_number toc_depth_1\">1<\/span> Points forts de ce&nbsp;camping-car<\/a><\/li><li><a href=\"#Prix_de_mise_en_vente\"><span class=\"toc_number toc_depth_1\">2<\/span> Prix de mise en vente<\/a><\/li><li><a href=\"#PorteurnbspIveco\"><span class=\"toc_number toc_depth_1\">3<\/span> Porteur&nbsp;(Iveco)<\/a><\/li><li><a href=\"#Couchage\"><span class=\"toc_number toc_depth_1\">4<\/span> Couchage<\/a><\/li><li><a href=\"#Electricite\"><span class=\"toc_number toc_depth_1\">5<\/span> Electricit\u00e9<\/a><\/li><li><a href=\"#CellulenbspMobilvetta_Icaro_S5\"><span class=\"toc_number toc_depth_1\">6<\/span> Cellule&nbsp;(Mobilvetta Icaro S5)<\/a><\/li><li><a href=\"#Exterieur\"><span class=\"toc_number toc_depth_1\">7<\/span> Ext\u00e9rieur<\/a><\/li><li><a href=\"#Equipement_du_vehicule\"><span class=\"toc_number toc_depth_1\">8<\/span> Equipement du v\u00e9hicule<\/a><\/li><li><a href=\"#Dimensions\"><span class=\"toc_number toc_depth_1\">9<\/span> Dimensions<\/a><\/li><li><a href=\"#Photos\"><span class=\"toc_number toc_depth_1\">10<\/span> Photos<\/a><\/li><\/ul><\/div>\n\n<p><strong>1 &#8211;<\/strong> <span style=\"color: #800000;\">la robustesse du <a href=\"https:\/\/fr.wikipedia.org\/wiki\/Sofim\" target=\"_blank\">moteur IVECO Sofim 2,8l<\/a><\/span>&nbsp;: l\u2019un des derniers moteurs sans \u00e9lectronique (1999), tol\u00e9rant \u00e0 la mauvaise qualit\u00e9 du diesel, et surtout l&rsquo;un des plus fiables de ces vingt derni\u00e8res ann\u00e9es sur les utilitaires. C&rsquo;est du tr\u00e8s tr\u00e8s costaud. Un probl\u00e8me d&rsquo;habitacle ne vous plante pas un voyage (sauf grave cas), en revanche, un probl\u00e8me moteur le peut plus rapidement. <span style=\"color: #993300;\">Le turbo a \u00e9t\u00e9 capital<\/span> pour ne perdre que peu de puissance \u00e0 haute altitude (passage sans probl\u00e8me dans le sud Lipez \u00e0 5000m).<strong><br \/>\n<\/strong><strong>2 &#8211;<\/strong> <span style=\"color: #800000;\">la propulsion arri\u00e8re et les roues jumel\u00e9es<\/span> (double roues) : concr\u00e8tement, la majorit\u00e9 du poids&nbsp;du camping-car repose sur les 4 roues arri\u00e8res qui sont motrices. L\u00e0 o\u00f9 la plupart des camping-car traction avant patinent (manque de poids sur les roues avant), celui-ci garde une tr\u00e8s bonne adh\u00e9rence qui lui permet de gravir des pistes raides sans soucis. Et surtout un chassis propulsion est plus r\u00e9sistant. En contrepartie, le camion est plus lourd.<br \/>\n<strong>3 &#8211;<\/strong> <span style=\"color: #800000;\">la hauteur du porte-\u00e0-faux arri\u00e8re plus importante<\/span> que les&nbsp;camping-cars du m\u00eame type. C&rsquo;est un atout majeur pour le franchissement de guets et de rues\/pistes pentues qui se redressent d&rsquo;un coup. Nous n&rsquo;avons jamais accroch\u00e9 l&rsquo;arri\u00e8re depuis le d\u00e9but du voyage. Les Laika Ecovip rencontr\u00e9s en AmSud ont tous des r\u00e9servoirs qui descendent trop bas sous le porte-\u00e0-faux et entre les deux essieux\u2026 Ils raclent\u2026<br \/>\n<strong>4 &#8211;<\/strong> <span style=\"color: #800000;\">les roues jumel\u00e9es arri\u00e8res<\/span> (double roues) sont une s\u00e9curit\u00e9 en cas de crevaison au milieu de nul part ou d\u2019\u00e9clatement \u00e0 90 km\/h sur une nationale. Le pneu jumeau prend le relais du crev\u00e9 le temps de trouver un garage. En contrepartie, une pierre peut se loger entre les roues jumel\u00e9es.<br \/>\n<strong>5&nbsp;&#8211;<\/strong> <span style=\"color: #800000;\">IVECO est repr\u00e9sent\u00e9 en&nbsp;Am\u00e9rique du Sud et centrale :<\/span> les pi\u00e8ces d\u00e9tach\u00e9es sont disponibles sur place. Exp\u00e9rience v\u00e9cue pour le kit d&#8217;embrayage trouv\u00e9 \u00e0 Bogota (Colombie).<br \/>\n<strong>6&nbsp;&#8211;<\/strong> <span style=\"color: #800000;\">l\u2019ind\u00e9pendance \u00e9lectrique du v\u00e9hicule (solaire) :<\/span>&nbsp;panneaux solaires 220 W + 2 batteries cellule d\u00e9charge lente 110 Ah<br \/>\n<strong>7 &#8211;<\/strong> <span style=\"color: #800000;\">les espaces \u00e0 vivre sont bien exploit\u00e9s<\/span>&nbsp;: cuisine en L, 2 lits superpos\u00e9s dans le sens de la route, 2 baies vitr\u00e9es panoramiques de grande taille pour profiter du paysage, &nbsp;d\u2019un cot\u00e9 une table 4 places et de l\u2019autre une table 2 places convertible en banquette-canap\u00e9 tr\u00e8s conviviale, plusieurs coffres de rangement\u2026<\/p>\n<h3><span id=\"Prix_de_mise_en_vente\"><span style=\"color: #800000;\">Prix de mise en vente<\/span><\/span><\/h3>\n<p><strong>Mis en vente \u00e0 19 000 \u20ac&nbsp;<\/strong>et vendu finalement \u00e0 17 000 \u20ac \u00e0 Montr\u00e9al.<\/p>\n<h3><span id=\"PorteurnbspIveco\"><span style=\"color: #800000;\"><strong>Porteur<\/strong><\/span>&nbsp;(Iveco)<\/span><\/h3>\n<p><strong>avril 2015 : 6 pneus neufs<br \/>\n<\/strong><strong>d\u00e9cembre 2014&nbsp;: nouveau&nbsp;kit d&#8217;embrayage IVECO mont\u00e9 par un garage IVECO officiel \u00e0 138.000 km<br \/>\n<\/strong><strong style=\"line-height: 1.5;\"><strong>d\u00e9cembre 2014<\/strong>&nbsp;: ajout d&rsquo;un pare-choc arri\u00e8re viss\u00e9 au&nbsp;ch\u00e2ssis (d\u00e9montable)<\/strong><\/p>\n<p><strong> Vidange huile tous les 8.000 km depuis le d\u00e9but du voyage<\/strong><br \/>\n<strong>Consommation moyenne : 12 litres\/100 km &#8211;&nbsp;19,5 miles\/gallon<\/strong><br \/>\n&#8211;&nbsp;propulsion (roues arri\u00e8res motrices)<br \/>\n&#8211;&nbsp;roues jumel\u00e9es \u00e0 l\u2019arri\u00e8re (deux roues de chaque c\u00f4t\u00e9)<br \/>\n&#8211;&nbsp;moteur Sofim 100 % m\u00e9canique, <strong>sans \u00e9lectronique<\/strong><br \/>\n&#8211;&nbsp;r\u00e9servoir gasoil : 75 litres (650 km avant d&rsquo;entamer la r\u00e9serve)<br \/>\n&#8211;&nbsp;<a href=\"http:\/\/www.euro4x4parts.com\/frp1002\" target=\"_blank\">pr\u00e9filtre d\u00e9canteur diesel GP227<\/a> (type RA500) + <a href=\"http:\/\/euro4x4parts.com\/pieces\/frf1004_element_filtrant_pour_ra500_en_10um.html\" target=\"_blank\">filtres de rechange 10\u00b5m<\/a> (achats octobre 2013)<br \/>\n&#8211;&nbsp;paquets de lames arri\u00e8res reband\u00e9s (7 lames par paquets)<br \/>\n&#8211;&nbsp;<a title=\"Suspension pneumatique\" href=\"http:\/\/www.firestone-france.com\" target=\"_blank\">suspension pneumatique Drive-Rite<\/a> (Firestone)<br \/>\n&#8211;&nbsp;prot\u00e9ge-carter moteur<br \/>\n&#8211;&nbsp;6 pneus Handkoock Dynapro 195\/75R16C<br \/>\n&#8211;&nbsp;1 pneu de secours Michelin Agilis Camping<br \/>\n&#8211;&nbsp;1 roue secours<br \/>\n&#8211;&nbsp;bavette prot\u00e8ge pont arri\u00e8re<\/p>\n<h3><span id=\"Couchage\"><span style=\"color: #800000;\">Couchage<\/span><\/span><\/h3>\n<p>&#8211;&nbsp;4 couchages&nbsp;permanents (double en capucine et deux lits superpos\u00e9s)<br \/>\n&#8211;&nbsp;3 couchages transformables (un lit simple + un lit double)<br \/>\n&#8211;&nbsp;le lit superpos\u00e9 du bas peut \u00eatre rabattu pour agrandir le coffre en dessous<br \/>\n&#8211;&nbsp;filets anti-chute sur les lits superpos\u00e9s<\/p>\n<p><a href=\"https:\/\/i0.wp.com\/songkol.com\/WordPress3\/wp-content\/uploads\/2013\/09\/Capture-d\u2019\u00e9cran-2014-05-20-\u00e0-16.14.01.jpg\"><img data-attachment-id=\"2067\" data-permalink=\"http:\/\/songkol.com\/WordPress3\/preparation\/capture-decran-2014-05-20-a-16-14-01\/\" data-orig-file=\"https:\/\/i0.wp.com\/songkol.com\/WordPress3\/wp-content\/uploads\/2013\/09\/Capture-d\u2019\u00e9cran-2014-05-20-\u00e0-16.14.01.jpg?fit=517%2C331\" data-orig-size=\"517,331\" data-comments-opened=\"1\" data-image-meta=\"{&quot;aperture&quot;:&quot;0&quot;,&quot;credit&quot;:&quot;&quot;,&quot;camera&quot;:&quot;&quot;,&quot;caption&quot;:&quot;&quot;,&quot;created_timestamp&quot;:&quot;0&quot;,&quot;copyright&quot;:&quot;&quot;,&quot;focal_length&quot;:&quot;0&quot;,&quot;iso&quot;:&quot;0&quot;,&quot;shutter_speed&quot;:&quot;0&quot;,&quot;title&quot;:&quot;&quot;}\" data-image-title=\"Capture d\u2019\u00e9cran 2014-05-20 \u00e0 16.14.01\" data-image-description=\"\" data-image-caption=\"\" data-medium-file=\"https:\/\/i0.wp.com\/songkol.com\/WordPress3\/wp-content\/uploads\/2013\/09\/Capture-d\u2019\u00e9cran-2014-05-20-\u00e0-16.14.01.jpg?fit=300%2C192\" data-large-file=\"https:\/\/i0.wp.com\/songkol.com\/WordPress3\/wp-content\/uploads\/2013\/09\/Capture-d\u2019\u00e9cran-2014-05-20-\u00e0-16.14.01.jpg?fit=517%2C331\" loading=\"lazy\" class=\"alignnone size-medium wp-image-2067\" src=\"https:\/\/i0.wp.com\/songkol.com\/WordPress3\/wp-content\/uploads\/2013\/09\/Capture-d\u2019\u00e9cran-2014-05-20-\u00e0-16.14.01.jpg?resize=300%2C192\" alt=\"Capture d\u2019\u00e9cran 2014-05-20 \u00e0 16.14.01\" width=\"300\" height=\"192\" srcset=\"https:\/\/i0.wp.com\/songkol.com\/WordPress3\/wp-content\/uploads\/2013\/09\/Capture-d\u2019\u00e9cran-2014-05-20-\u00e0-16.14.01.jpg?resize=300%2C192 300w, https:\/\/i0.wp.com\/songkol.com\/WordPress3\/wp-content\/uploads\/2013\/09\/Capture-d\u2019\u00e9cran-2014-05-20-\u00e0-16.14.01.jpg?w=517 517w\" sizes=\"(max-width: 300px) 100vw, 300px\" data-recalc-dims=\"1\" \/><\/a><\/p>\n<h3><span id=\"Electricite\"><span style=\"color: #800000;\">Electricit\u00e9<\/span><\/span><\/h3>\n<p>&#8211; 2 panneaux solaires 220 W&nbsp;(achat octobre 2013)<br \/>\n&#8211;&nbsp;2 batteries cellule d\u00e9charge lente 110 Ah (achat octobre 2013)<br \/>\n&#8211;&nbsp;coupleur s\u00e9parateur 3 batteries&nbsp;(achat octobre 2013)<br \/>\n&#8211;&nbsp;convertisseur pur sinus 12\/220 volts 300 watts (achat octobre 2013)<br \/>\n&#8211;&nbsp;\u00e9clairage int\u00e9rieur LED<br \/>\n&#8211;&nbsp;prise allume cigare reli\u00e9e aux batteries cellules<\/p>\n<h3><span id=\"CellulenbspMobilvetta_Icaro_S5\"><span style=\"color: #800000;\">Cellule<\/span>&nbsp;(Mobilvetta Icaro S5)<\/span><\/h3>\n<p><span style=\"color: #000000;\">V\u00e9hicule non-fumeur, remis\u00e9 sous hangar jusqu&rsquo;\u00e0 notre achat<br \/>\n<\/span>&#8211;&nbsp;double dinette (table 2 personnes transformable en banquette, table 4 personnes)<br \/>\n&#8211;&nbsp;2 fen\u00eatres panoramiques<br \/>\n&#8211;&nbsp;2 safe door magnum FIAMA&nbsp;(blocs de s\u00e9curit\u00e9 anti effraction) sur la porte arri\u00e8re et le coffre<br \/>\n&#8211;&nbsp;r\u00e9servoir eau propre : 150 litres<br \/>\n&#8211;&nbsp;moustiquaires-stores occultants aux fen\u00eatres<br \/>\n&#8211;&nbsp;4 lanterneaux (2 salon, 1 cuisine, 1 salle de bain)<br \/>\n&#8211;&nbsp;chauffage route arri\u00e8re IVECO&nbsp;(\u00e9changeur de chaleur branch\u00e9 sur le moteur)<br \/>\n&#8211;&nbsp;chauffage combin\u00e9 air\/eau TRUMATIC&nbsp;C6002 (gaz propane) qui fonctionne jusqu&rsquo;\u00e0 4900m d&rsquo;altitude (test\u00e9 !)<br \/>\n&#8211;&nbsp;2 si\u00e8ges auto MaxiCosy et Recaro&nbsp;(nos enfants ont 6 ans et 2 ans)<br \/>\n&#8211;&nbsp;radio CD Sony XPlod avec prises USB &nbsp;et jack en fa\u00e7ade (option iPod) + t\u00e9l\u00e9commande<\/p>\n<p><strong>cuisine :<\/strong> <a href=\"http:\/\/www.santeduvoyageur.com\/traitement-de-leau\/katadynr-filtre-kd-mono.html\" target=\"_blank\">1 robinet eau filtr\u00e9 avec Katadyn KD Mono 3L\/min<\/a> <strong>sans pompage<\/strong> (<a href=\"http:\/\/www.santeduvoyageur.com\/cartouche-superdyn.html\" target=\"_blank\">cartouche superdyn<\/a>)&nbsp;(achat octobre 2013)<br \/>\n<strong>cuisine :<\/strong>&nbsp;gazini\u00e8re 3 feux \u00e0 allumage manuel<br \/>\n<strong>cuisine :<\/strong>&nbsp;frigo 130 litres Indel \u00e0 compression (12v)&nbsp;(achat octobre 2013)<br \/>\n<strong>cuisine :<\/strong>&nbsp;four gaz&nbsp;\u00e0 allumage manuel<br \/>\n<strong>salle de bain :<\/strong> douche, lavabo<br \/>\n<strong>toilettes\/WC :<\/strong> cuve eaux noires (85 litres) (pas de cassette)<br \/>\n<strong>gaz :<\/strong>&nbsp;compartiment pour 2 bouteilles gaz (argentine et bolivienne)<br \/>\n<strong>gaz :<\/strong> filtre Borel&nbsp;(achat juin&nbsp;1014)<\/p>\n<h3><span id=\"Exterieur\"><span style=\"color: #800000;\">Ext\u00e9rieur<\/span><\/span><\/h3>\n<p>&#8211;&nbsp;marche-pied manuel<br \/>\n&#8211;&nbsp;store FIAMA<br \/>\n&#8211;&nbsp;lumi\u00e8re ext\u00e9rieur<br \/>\n&#8211;&nbsp;1 table + 4 chaises pliables (D\u00e9cathlon) + parasol<\/p>\n<h3><span id=\"Equipement_du_vehicule\"><span style=\"color: #800000;\">Equipement du v\u00e9hicule<\/span><\/span><\/h3>\n<p>&#8211; 3 filtres diesel IVECO<br \/>\n&#8211; 3 filtres huile IVECO<br \/>\n&#8211; 1 filtre air IVECO<br \/>\n&#8211; jeu complet plaquettes de frein<br \/>\n&#8211; kit de distribution IVECO<br \/>\n&#8211;&nbsp;<a href=\"http:\/\/www.revue-technique-auto.fr\/36-rta-iveco\" target=\"_blank\">Revue Diesel technique du porteur Iveco<\/a>&nbsp;(achat octobre 2013)<br \/>\n&#8211;&nbsp;<a href=\"http:\/\/www.paddockspares.com\/fr\/waffle-boards-pair-standard-duty-green-1465-x-308-x-38mm.html\" target=\"_blank\">2 plaques gauffres de d\u00e9sensablement 1465 x 308 x 38mm<\/a>&nbsp;(achat octobre 2013)<br \/>\n&#8211; 2&nbsp;x 20 litres jerrycans plats gasoil COPEC<br \/>\n&#8211;&nbsp;<a href=\"http:\/\/www.euro4x4parts.com\/pieces\/6sa1007_sangle_elastique_kinetic_12t_8m.html\" target=\"_blank\">Sangle \u00e9lastique Kinetic 12T 8m<\/a>&nbsp;(achat octobre 2013)<br \/>\n&#8211;&nbsp;<a href=\"http:\/\/euro4x4parts.com\/pieces\/6sa1033_sangle_double_epaisseur_6m_13t.html\" target=\"_blank\">Sangle double \u00e9paisseur 6m 13T<\/a>&nbsp;(achat octobre 2013)<br \/>\n&#8211;&nbsp;<a href=\"http:\/\/euro4x4parts.com\/pieces\/6ma1006_manille_lyre.html\" target=\"_blank\">2 manilles lyre<\/a>&nbsp;(achat octobre 2013)<br \/>\n&#8211;&nbsp;compresseur 12v&nbsp;(achat juillet 2014)<br \/>\n&#8211;&nbsp;cric bouteille 5 tonnes + 1&nbsp;chandelle (achat octobre 2013)<br \/>\n&#8211;&nbsp;cl\u00e9 FACOM pour d\u00e9montage des roues (avec extension)&nbsp;(achat octobre 2013)<br \/>\n&#8211;&nbsp;pelle am\u00e9ricaine&nbsp;(achat octobre 2013)<br \/>\n&#8211;&nbsp;3 cales pratiques \u00e0 embo\u00eetement autobloquant et superposables<\/p>\n<h3><span id=\"Dimensions\"><span style=\"color: #800000;\">Dimensions<\/span><\/span><\/h3>\n<p>&#8211;&nbsp;largeur : 2,5 m<br \/>\n&#8211;&nbsp;longueur : 6,8 m<br \/>\n&#8211;&nbsp;hauteur : 3 m<br \/>\n&#8211; poids : 3,2 t<\/p>\n<p>Si vous \u00eates int\u00e9ress\u00e9,&nbsp;<a title=\"Contact\" href=\"http:\/\/songkol.com\/WordPress3\/nous-contacter\/\">nous contacter via le formulaire<\/a><\/p>\n<h3><span id=\"Photos\"><span style=\"color: #993300;\">Photos<\/span><\/span><\/h3>\n<div class=\"tiled-gallery type-rectangular tiled-gallery-unresized\" data-original-width=\"768\" data-carousel-extra='{&quot;blog_id&quot;:1,&quot;permalink&quot;:&quot;http:\\\/\\\/songkol.com\\\/WordPress3\\\/preparation\\\/&quot;,&quot;likes_blog_id&quot;:66386300}' itemscope itemtype=\"http:\/\/schema.org\/ImageGallery\" > <div class=\"gallery-row\" style=\"width: 768px; height: 161px;\" data-original-width=\"768\" data-original-height=\"161\" > <div class=\"gallery-group images-1\" style=\"width: 240px; height: 161px;\" data-original-width=\"240\" data-original-height=\"161\" > <div class=\"tiled-gallery-item tiled-gallery-item-small\" itemprop=\"associatedMedia\" itemscope itemtype=\"http:\/\/schema.org\/ImageObject\"> <a href=\"http:\/\/songkol.com\/WordPress3\/cc14\/\" border=\"0\" itemprop=\"url\"> <meta itemprop=\"width\" content=\"236\"> <meta itemprop=\"height\" content=\"157\"> <img data-attachment-id=\"1807\" data-orig-file=\"http:\/\/songkol.com\/WordPress3\/wp-content\/uploads\/2014\/04\/CC14.jpg\" data-orig-size=\"1024,683\" data-comments-opened=\"1\" data-image-meta=\"{&quot;aperture&quot;:&quot;14&quot;,&quot;credit&quot;:&quot;&quot;,&quot;camera&quot;:&quot;Canon EOS 5D&quot;,&quot;caption&quot;:&quot;&quot;,&quot;created_timestamp&quot;:&quot;1391506158&quot;,&quot;copyright&quot;:&quot;&quot;,&quot;focal_length&quot;:&quot;17&quot;,&quot;iso&quot;:&quot;400&quot;,&quot;shutter_speed&quot;:&quot;0.0025&quot;,&quot;title&quot;:&quot;&quot;}\" data-image-title=\"CC14\" data-image-description=\"\" data-medium-file=\"https:\/\/i0.wp.com\/songkol.com\/WordPress3\/wp-content\/uploads\/2014\/04\/CC14.jpg?fit=300%2C200\" data-large-file=\"https:\/\/i0.wp.com\/songkol.com\/WordPress3\/wp-content\/uploads\/2014\/04\/CC14.jpg?fit=768%2C512\" src=\"https:\/\/i0.wp.com\/songkol.com\/WordPress3\/wp-content\/uploads\/2014\/04\/CC14.jpg?w=236&#038;h=157\" width=\"236\" height=\"157\" data-original-width=\"236\" data-original-height=\"157\" itemprop=\"http:\/\/schema.org\/image\" title=\"CC14\" alt=\"CHILI \/ Bivouac au Lago Blanco (Terre de Feu)\" style=\"width: 236px; height: 157px;\" \/> <\/a> <div class=\"tiled-gallery-caption\" itemprop=\"caption description\"> CHILI \/ Bivouac au Lago Blanco (Terre de Feu) <\/div> <\/div> <\/div> <!-- close group --> <div class=\"gallery-group images-1\" style=\"width: 528px; height: 161px;\" data-original-width=\"528\" data-original-height=\"161\" > <div class=\"tiled-gallery-item tiled-gallery-item-large\" itemprop=\"associatedMedia\" itemscope itemtype=\"http:\/\/schema.org\/ImageObject\"> <a href=\"http:\/\/songkol.com\/WordPress3\/copy-pano-lipez33-jpg\/\" border=\"0\" itemprop=\"url\"> <meta itemprop=\"width\" content=\"524\"> <meta itemprop=\"height\" content=\"157\"> <img data-attachment-id=\"3630\" data-orig-file=\"http:\/\/songkol.com\/WordPress3\/wp-content\/uploads\/2014\/09\/copy-pano-Lipez33.jpg\" data-orig-size=\"1500,450\" data-comments-opened=\"1\" data-image-meta=\"{&quot;aperture&quot;:&quot;14&quot;,&quot;credit&quot;:&quot;&quot;,&quot;camera&quot;:&quot;Canon EOS 5D&quot;,&quot;caption&quot;:&quot;&quot;,&quot;created_timestamp&quot;:&quot;1403710133&quot;,&quot;copyright&quot;:&quot;&quot;,&quot;focal_length&quot;:&quot;17&quot;,&quot;iso&quot;:&quot;400&quot;,&quot;shutter_speed&quot;:&quot;0.0025&quot;,&quot;title&quot;:&quot;&quot;}\" data-image-title=\"copy-pano-Lipez33.jpg\" data-image-description=\"&lt;p&gt;http:\/\/songkol.com\/WordPress3\/wp-content\/uploads\/2014\/09\/copy-pano-Lipez33.jpg&lt;\/p&gt; \" data-medium-file=\"https:\/\/i0.wp.com\/songkol.com\/WordPress3\/wp-content\/uploads\/2014\/09\/copy-pano-Lipez33.jpg?fit=300%2C90\" data-large-file=\"https:\/\/i0.wp.com\/songkol.com\/WordPress3\/wp-content\/uploads\/2014\/09\/copy-pano-Lipez33.jpg?fit=768%2C230\" src=\"https:\/\/i0.wp.com\/songkol.com\/WordPress3\/wp-content\/uploads\/2014\/09\/copy-pano-Lipez33.jpg?w=524&#038;h=157\" width=\"524\" height=\"157\" data-original-width=\"524\" data-original-height=\"157\" itemprop=\"http:\/\/schema.org\/image\" title=\"copy-pano-Lipez33.jpg\" alt=\"BOLIVIE \/ Sud Lipez, au nord de Vila Alota\" style=\"width: 524px; height: 157px;\" \/> <\/a> <div class=\"tiled-gallery-caption\" itemprop=\"caption description\"> BOLIVIE \/ Sud Lipez, au nord de Vila Alota <\/div> <\/div> <\/div> <!-- close group --> <\/div> <!-- close row --> <div class=\"gallery-row\" style=\"width: 768px; height: 257px;\" data-original-width=\"768\" data-original-height=\"257\" > <div class=\"gallery-group images-1\" style=\"width: 384px; height: 257px;\" data-original-width=\"384\" data-original-height=\"257\" > <div class=\"tiled-gallery-item tiled-gallery-item-large\" itemprop=\"associatedMedia\" itemscope itemtype=\"http:\/\/schema.org\/ImageObject\"> <a href=\"http:\/\/songkol.com\/WordPress3\/cc07\/\" border=\"0\" itemprop=\"url\"> <meta itemprop=\"width\" content=\"380\"> <meta itemprop=\"height\" content=\"253\"> <img data-attachment-id=\"1801\" data-orig-file=\"http:\/\/songkol.com\/WordPress3\/wp-content\/uploads\/2014\/04\/CC07.jpg\" data-orig-size=\"1024,683\" data-comments-opened=\"1\" data-image-meta=\"{&quot;aperture&quot;:&quot;16&quot;,&quot;credit&quot;:&quot;&quot;,&quot;camera&quot;:&quot;Canon EOS 5D&quot;,&quot;caption&quot;:&quot;&quot;,&quot;created_timestamp&quot;:&quot;1390160012&quot;,&quot;copyright&quot;:&quot;&quot;,&quot;focal_length&quot;:&quot;17&quot;,&quot;iso&quot;:&quot;400&quot;,&quot;shutter_speed&quot;:&quot;0.002&quot;,&quot;title&quot;:&quot;&quot;}\" data-image-title=\"CC07\" data-image-description=\"\" data-medium-file=\"https:\/\/i0.wp.com\/songkol.com\/WordPress3\/wp-content\/uploads\/2014\/04\/CC07.jpg?fit=300%2C200\" data-large-file=\"https:\/\/i0.wp.com\/songkol.com\/WordPress3\/wp-content\/uploads\/2014\/04\/CC07.jpg?fit=768%2C512\" src=\"https:\/\/i0.wp.com\/songkol.com\/WordPress3\/wp-content\/uploads\/2014\/04\/CC07.jpg?w=380&#038;h=253\" width=\"380\" height=\"253\" data-original-width=\"380\" data-original-height=\"253\" itemprop=\"http:\/\/schema.org\/image\" title=\"CC07\" alt=\"ARGENTINE \/ Bivouac face \u00e0 l&#039;estuaire de San Julian\" style=\"width: 380px; height: 253px;\" \/> <\/a> <div class=\"tiled-gallery-caption\" itemprop=\"caption description\"> ARGENTINE \/ Bivouac face \u00e0 l&rsquo;estuaire de San Julian <\/div> <\/div> <\/div> <!-- close group --> <div class=\"gallery-group images-1\" style=\"width: 384px; height: 257px;\" data-original-width=\"384\" data-original-height=\"257\" > <div class=\"tiled-gallery-item tiled-gallery-item-large\" itemprop=\"associatedMedia\" itemscope itemtype=\"http:\/\/schema.org\/ImageObject\"> <a href=\"http:\/\/songkol.com\/WordPress3\/cc25\/\" border=\"0\" itemprop=\"url\"> <meta itemprop=\"width\" content=\"380\"> <meta itemprop=\"height\" content=\"253\"> <img data-attachment-id=\"1817\" data-orig-file=\"http:\/\/songkol.com\/WordPress3\/wp-content\/uploads\/2014\/04\/CC25.jpg\" data-orig-size=\"1024,683\" data-comments-opened=\"1\" data-image-meta=\"{&quot;aperture&quot;:&quot;10&quot;,&quot;credit&quot;:&quot;&quot;,&quot;camera&quot;:&quot;Canon EOS 5D&quot;,&quot;caption&quot;:&quot;&quot;,&quot;created_timestamp&quot;:&quot;1395656079&quot;,&quot;copyright&quot;:&quot;&quot;,&quot;focal_length&quot;:&quot;17&quot;,&quot;iso&quot;:&quot;800&quot;,&quot;shutter_speed&quot;:&quot;0.004&quot;,&quot;title&quot;:&quot;&quot;}\" data-image-title=\"CC25\" data-image-description=\"\" data-medium-file=\"https:\/\/i0.wp.com\/songkol.com\/WordPress3\/wp-content\/uploads\/2014\/04\/CC25.jpg?fit=300%2C200\" data-large-file=\"https:\/\/i0.wp.com\/songkol.com\/WordPress3\/wp-content\/uploads\/2014\/04\/CC25.jpg?fit=768%2C512\" src=\"https:\/\/i0.wp.com\/songkol.com\/WordPress3\/wp-content\/uploads\/2014\/04\/CC25.jpg?w=380&#038;h=253\" width=\"380\" height=\"253\" data-original-width=\"380\" data-original-height=\"253\" itemprop=\"http:\/\/schema.org\/image\" title=\"CC25\" alt=\"CHILI \/ Bivouac dans la for\u00eat de Termas Geometricas\" style=\"width: 380px; height: 253px;\" \/> <\/a> <div class=\"tiled-gallery-caption\" itemprop=\"caption description\"> CHILI \/ Bivouac dans la for\u00eat de Termas Geometricas <\/div> <\/div> <\/div> <!-- close group --> <\/div> <!-- close row --> <div class=\"gallery-row\" style=\"width: 768px; height: 233px;\" data-original-width=\"768\" data-original-height=\"233\" > <div class=\"gallery-group images-1\" style=\"width: 768px; height: 233px;\" data-original-width=\"768\" data-original-height=\"233\" > <div class=\"tiled-gallery-item tiled-gallery-item-large\" itemprop=\"associatedMedia\" itemscope itemtype=\"http:\/\/schema.org\/ImageObject\"> <a href=\"http:\/\/songkol.com\/WordPress3\/copy-pano-lipez20-jpg\/\" border=\"0\" itemprop=\"url\"> <meta itemprop=\"width\" content=\"764\"> <meta itemprop=\"height\" content=\"229\"> <img data-attachment-id=\"3631\" data-orig-file=\"http:\/\/songkol.com\/WordPress3\/wp-content\/uploads\/2014\/09\/copy-pano-Lipez20.jpg\" data-orig-size=\"1500,450\" data-comments-opened=\"1\" data-image-meta=\"{&quot;aperture&quot;:&quot;20&quot;,&quot;credit&quot;:&quot;&quot;,&quot;camera&quot;:&quot;Canon EOS 5D&quot;,&quot;caption&quot;:&quot;&quot;,&quot;created_timestamp&quot;:&quot;1403627193&quot;,&quot;copyright&quot;:&quot;&quot;,&quot;focal_length&quot;:&quot;17&quot;,&quot;iso&quot;:&quot;800&quot;,&quot;shutter_speed&quot;:&quot;0.00125&quot;,&quot;title&quot;:&quot;&quot;}\" data-image-title=\"copy-pano-Lipez20.jpg\" data-image-description=\"&lt;p&gt;http:\/\/songkol.com\/WordPress3\/wp-content\/uploads\/2014\/09\/copy-pano-Lipez20.jpg&lt;\/p&gt; \" data-medium-file=\"https:\/\/i0.wp.com\/songkol.com\/WordPress3\/wp-content\/uploads\/2014\/09\/copy-pano-Lipez20.jpg?fit=300%2C90\" data-large-file=\"https:\/\/i0.wp.com\/songkol.com\/WordPress3\/wp-content\/uploads\/2014\/09\/copy-pano-Lipez20.jpg?fit=768%2C230\" src=\"https:\/\/i0.wp.com\/songkol.com\/WordPress3\/wp-content\/uploads\/2014\/09\/copy-pano-Lipez20.jpg?w=764&#038;h=229\" width=\"764\" height=\"229\" data-original-width=\"764\" data-original-height=\"229\" itemprop=\"http:\/\/schema.org\/image\" title=\"copy-pano-Lipez20.jpg\" alt=\"BOLIVIE \/ Sud Lipez, peu apr\u00e8s la laguna Colorada\" style=\"width: 764px; height: 229px;\" \/> <\/a> <div class=\"tiled-gallery-caption\" itemprop=\"caption description\"> BOLIVIE \/ Sud Lipez, peu apr\u00e8s la laguna Colorada <\/div> <\/div> <\/div> <!-- close group --> <\/div> <!-- close row --> <div class=\"gallery-row\" style=\"width: 768px; height: 161px;\" data-original-width=\"768\" data-original-height=\"161\" > <div class=\"gallery-group images-1\" style=\"width: 240px; height: 161px;\" data-original-width=\"240\" data-original-height=\"161\" > <div class=\"tiled-gallery-item tiled-gallery-item-small\" itemprop=\"associatedMedia\" itemscope itemtype=\"http:\/\/schema.org\/ImageObject\"> <a href=\"http:\/\/songkol.com\/WordPress3\/cc28\/\" border=\"0\" itemprop=\"url\"> <meta itemprop=\"width\" content=\"236\"> <meta itemprop=\"height\" content=\"157\"> <img data-attachment-id=\"1820\" data-orig-file=\"http:\/\/songkol.com\/WordPress3\/wp-content\/uploads\/2014\/04\/CC28.jpg\" data-orig-size=\"1024,683\" data-comments-opened=\"1\" data-image-meta=\"{&quot;aperture&quot;:&quot;10&quot;,&quot;credit&quot;:&quot;&quot;,&quot;camera&quot;:&quot;Canon EOS 5D&quot;,&quot;caption&quot;:&quot;&quot;,&quot;created_timestamp&quot;:&quot;1395772547&quot;,&quot;copyright&quot;:&quot;&quot;,&quot;focal_length&quot;:&quot;17&quot;,&quot;iso&quot;:&quot;400&quot;,&quot;shutter_speed&quot;:&quot;0.005&quot;,&quot;title&quot;:&quot;&quot;}\" data-image-title=\"CC28\" data-image-description=\"\" data-medium-file=\"https:\/\/i0.wp.com\/songkol.com\/WordPress3\/wp-content\/uploads\/2014\/04\/CC28.jpg?fit=300%2C200\" data-large-file=\"https:\/\/i0.wp.com\/songkol.com\/WordPress3\/wp-content\/uploads\/2014\/04\/CC28.jpg?fit=768%2C512\" src=\"https:\/\/i0.wp.com\/songkol.com\/WordPress3\/wp-content\/uploads\/2014\/04\/CC28.jpg?w=236&#038;h=157\" width=\"236\" height=\"157\" data-original-width=\"236\" data-original-height=\"157\" itemprop=\"http:\/\/schema.org\/image\" title=\"CC28\" alt=\"CHILI \/ Bivouac au centre \u00e9questre Huepil Malal (Pucon)\" style=\"width: 236px; height: 157px;\" \/> <\/a> <div class=\"tiled-gallery-caption\" itemprop=\"caption description\"> CHILI \/ Bivouac au centre \u00e9questre Huepil Malal (Pucon) <\/div> <\/div> <\/div> <!-- close group --> <div class=\"gallery-group images-1\" style=\"width: 528px; height: 161px;\" data-original-width=\"528\" data-original-height=\"161\" > <div class=\"tiled-gallery-item tiled-gallery-item-large\" itemprop=\"associatedMedia\" itemscope itemtype=\"http:\/\/schema.org\/ImageObject\"> <a href=\"http:\/\/songkol.com\/WordPress3\/copy-pano-lipez63-jpg\/\" border=\"0\" itemprop=\"url\"> <meta itemprop=\"width\" content=\"524\"> <meta itemprop=\"height\" content=\"157\"> <img data-attachment-id=\"3636\" data-orig-file=\"http:\/\/songkol.com\/WordPress3\/wp-content\/uploads\/2014\/09\/copy-pano-Lipez63.jpg\" data-orig-size=\"1500,450\" data-comments-opened=\"1\" data-image-meta=\"{&quot;aperture&quot;:&quot;13&quot;,&quot;credit&quot;:&quot;&quot;,&quot;camera&quot;:&quot;Canon EOS 5D&quot;,&quot;caption&quot;:&quot;&quot;,&quot;created_timestamp&quot;:&quot;1403807678&quot;,&quot;copyright&quot;:&quot;&quot;,&quot;focal_length&quot;:&quot;17&quot;,&quot;iso&quot;:&quot;400&quot;,&quot;shutter_speed&quot;:&quot;0.003125&quot;,&quot;title&quot;:&quot;&quot;}\" data-image-title=\"copy-pano-Lipez63.jpg\" data-image-description=\"&lt;p&gt;http:\/\/songkol.com\/WordPress3\/wp-content\/uploads\/2014\/09\/copy-pano-Lipez63.jpg&lt;\/p&gt; \" data-medium-file=\"https:\/\/i0.wp.com\/songkol.com\/WordPress3\/wp-content\/uploads\/2014\/09\/copy-pano-Lipez63.jpg?fit=300%2C90\" data-large-file=\"https:\/\/i0.wp.com\/songkol.com\/WordPress3\/wp-content\/uploads\/2014\/09\/copy-pano-Lipez63.jpg?fit=768%2C230\" src=\"https:\/\/i0.wp.com\/songkol.com\/WordPress3\/wp-content\/uploads\/2014\/09\/copy-pano-Lipez63.jpg?w=524&#038;h=157\" width=\"524\" height=\"157\" data-original-width=\"524\" data-original-height=\"157\" itemprop=\"http:\/\/schema.org\/image\" title=\"copy-pano-Lipez63.jpg\" alt=\"BOLIVIE \/ Isla Pescado sur le salar de Uyuni\" style=\"width: 524px; height: 157px;\" \/> <\/a> <div class=\"tiled-gallery-caption\" itemprop=\"caption description\"> BOLIVIE \/ Isla Pescado sur le salar de Uyuni <\/div> <\/div> <\/div> <!-- close group --> <\/div> <!-- close row --> <div class=\"gallery-row\" style=\"width: 768px; height: 257px;\" data-original-width=\"768\" data-original-height=\"257\" > <div class=\"gallery-group images-1\" style=\"width: 384px; height: 257px;\" data-original-width=\"384\" data-original-height=\"257\" > <div class=\"tiled-gallery-item tiled-gallery-item-large\" itemprop=\"associatedMedia\" itemscope itemtype=\"http:\/\/schema.org\/ImageObject\"> <a href=\"http:\/\/songkol.com\/WordPress3\/cc02\/\" border=\"0\" itemprop=\"url\"> <meta itemprop=\"width\" content=\"380\"> <meta itemprop=\"height\" content=\"253\"> <img data-attachment-id=\"1796\" data-orig-file=\"http:\/\/songkol.com\/WordPress3\/wp-content\/uploads\/2014\/04\/CC02.jpg\" data-orig-size=\"1024,683\" data-comments-opened=\"1\" data-image-meta=\"{&quot;aperture&quot;:&quot;5.6&quot;,&quot;credit&quot;:&quot;&quot;,&quot;camera&quot;:&quot;Canon EOS 5D&quot;,&quot;caption&quot;:&quot;&quot;,&quot;created_timestamp&quot;:&quot;1388153131&quot;,&quot;copyright&quot;:&quot;&quot;,&quot;focal_length&quot;:&quot;17&quot;,&quot;iso&quot;:&quot;400&quot;,&quot;shutter_speed&quot;:&quot;0.00025&quot;,&quot;title&quot;:&quot;&quot;}\" data-image-title=\"CC02\" data-image-description=\"\" data-medium-file=\"https:\/\/i0.wp.com\/songkol.com\/WordPress3\/wp-content\/uploads\/2014\/04\/CC02.jpg?fit=300%2C200\" data-large-file=\"https:\/\/i0.wp.com\/songkol.com\/WordPress3\/wp-content\/uploads\/2014\/04\/CC02.jpg?fit=768%2C512\" src=\"https:\/\/i0.wp.com\/songkol.com\/WordPress3\/wp-content\/uploads\/2014\/04\/CC02.jpg?w=380&#038;h=253\" width=\"380\" height=\"253\" data-original-width=\"380\" data-original-height=\"253\" itemprop=\"http:\/\/schema.org\/image\" title=\"CC02\" alt=\"ARGENTINE \/ Bivouac sur la plage de San Antonio de Este\" style=\"width: 380px; height: 253px;\" \/> <\/a> <div class=\"tiled-gallery-caption\" itemprop=\"caption description\"> ARGENTINE \/ Bivouac sur la plage de San Antonio de Este <\/div> <\/div> <\/div> <!-- close group --> <div class=\"gallery-group images-1\" style=\"width: 384px; height: 257px;\" data-original-width=\"384\" data-original-height=\"257\" > <div class=\"tiled-gallery-item tiled-gallery-item-large\" itemprop=\"associatedMedia\" itemscope itemtype=\"http:\/\/schema.org\/ImageObject\"> <a href=\"http:\/\/songkol.com\/WordPress3\/cc03\/\" border=\"0\" itemprop=\"url\"> <meta itemprop=\"width\" content=\"380\"> <meta itemprop=\"height\" content=\"253\"> <img data-attachment-id=\"1797\" data-orig-file=\"http:\/\/songkol.com\/WordPress3\/wp-content\/uploads\/2014\/04\/CC03.jpg\" data-orig-size=\"1024,683\" data-comments-opened=\"1\" data-image-meta=\"{&quot;aperture&quot;:&quot;13&quot;,&quot;credit&quot;:&quot;&quot;,&quot;camera&quot;:&quot;Canon EOS 5D&quot;,&quot;caption&quot;:&quot;&quot;,&quot;created_timestamp&quot;:&quot;1388153199&quot;,&quot;copyright&quot;:&quot;&quot;,&quot;focal_length&quot;:&quot;17&quot;,&quot;iso&quot;:&quot;400&quot;,&quot;shutter_speed&quot;:&quot;0.003125&quot;,&quot;title&quot;:&quot;&quot;}\" data-image-title=\"CC03\" data-image-description=\"\" data-medium-file=\"https:\/\/i0.wp.com\/songkol.com\/WordPress3\/wp-content\/uploads\/2014\/04\/CC03.jpg?fit=300%2C200\" data-large-file=\"https:\/\/i0.wp.com\/songkol.com\/WordPress3\/wp-content\/uploads\/2014\/04\/CC03.jpg?fit=768%2C512\" src=\"https:\/\/i0.wp.com\/songkol.com\/WordPress3\/wp-content\/uploads\/2014\/04\/CC03.jpg?w=380&#038;h=253\" width=\"380\" height=\"253\" data-original-width=\"380\" data-original-height=\"253\" itemprop=\"http:\/\/schema.org\/image\" title=\"CC03\" alt=\"ARGENTINE \/ San Antonio de Este\" style=\"width: 380px; height: 253px;\" \/> <\/a> <div class=\"tiled-gallery-caption\" itemprop=\"caption description\"> ARGENTINE \/ San Antonio de Este <\/div> <\/div> <\/div> <!-- close group --> <\/div> <!-- close row --> <div class=\"gallery-row\" style=\"width: 768px; height: 386px;\" data-original-width=\"768\" data-original-height=\"386\" > <div class=\"gallery-group images-1\" style=\"width: 768px; height: 386px;\" data-original-width=\"768\" data-original-height=\"386\" > <div class=\"tiled-gallery-item tiled-gallery-item-large\" itemprop=\"associatedMedia\" itemscope itemtype=\"http:\/\/schema.org\/ImageObject\"> <a href=\"http:\/\/songkol.com\/WordPress3\/cc05\/\" border=\"0\" itemprop=\"url\"> <meta itemprop=\"width\" content=\"764\"> <meta itemprop=\"height\" content=\"382\"> <img data-attachment-id=\"1799\" data-orig-file=\"http:\/\/songkol.com\/WordPress3\/wp-content\/uploads\/2014\/04\/CC05.jpg\" data-orig-size=\"1024,512\" data-comments-opened=\"1\" data-image-meta=\"{&quot;aperture&quot;:&quot;13&quot;,&quot;credit&quot;:&quot;&quot;,&quot;camera&quot;:&quot;Canon EOS 5D&quot;,&quot;caption&quot;:&quot;&quot;,&quot;created_timestamp&quot;:&quot;1390037761&quot;,&quot;copyright&quot;:&quot;&quot;,&quot;focal_length&quot;:&quot;40&quot;,&quot;iso&quot;:&quot;800&quot;,&quot;shutter_speed&quot;:&quot;0.000625&quot;,&quot;title&quot;:&quot;&quot;}\" data-image-title=\"CC05\" data-image-description=\"\" data-medium-file=\"https:\/\/i0.wp.com\/songkol.com\/WordPress3\/wp-content\/uploads\/2014\/04\/CC05.jpg?fit=300%2C150\" data-large-file=\"https:\/\/i0.wp.com\/songkol.com\/WordPress3\/wp-content\/uploads\/2014\/04\/CC05.jpg?fit=768%2C384\" src=\"https:\/\/i0.wp.com\/songkol.com\/WordPress3\/wp-content\/uploads\/2014\/04\/CC05.jpg?w=764&#038;h=382\" width=\"764\" height=\"382\" data-original-width=\"764\" data-original-height=\"382\" itemprop=\"http:\/\/schema.org\/image\" title=\"CC05\" alt=\"ARGENTINE \/ Bivouac \u00e0 l&#039;entr\u00e9e du PN Bosque Petrificado\" style=\"width: 764px; height: 382px;\" \/> <\/a> <div class=\"tiled-gallery-caption\" itemprop=\"caption description\"> ARGENTINE \/ Bivouac \u00e0 l&rsquo;entr\u00e9e du PN Bosque Petrificado <\/div> <\/div> <\/div> <!-- close group --> <\/div> <!-- close row --> <div class=\"gallery-row\" style=\"width: 768px; height: 257px;\" data-original-width=\"768\" data-original-height=\"257\" > <div class=\"gallery-group images-1\" style=\"width: 384px; height: 257px;\" data-original-width=\"384\" data-original-height=\"257\" > <div class=\"tiled-gallery-item tiled-gallery-item-large\" itemprop=\"associatedMedia\" itemscope itemtype=\"http:\/\/schema.org\/ImageObject\"> <a href=\"http:\/\/songkol.com\/WordPress3\/cc06\/\" border=\"0\" itemprop=\"url\"> <meta itemprop=\"width\" content=\"380\"> <meta itemprop=\"height\" content=\"253\"> <img data-attachment-id=\"1800\" data-orig-file=\"http:\/\/songkol.com\/WordPress3\/wp-content\/uploads\/2014\/04\/CC06.jpg\" data-orig-size=\"1024,683\" data-comments-opened=\"1\" data-image-meta=\"{&quot;aperture&quot;:&quot;5.6&quot;,&quot;credit&quot;:&quot;&quot;,&quot;camera&quot;:&quot;Canon EOS 5D&quot;,&quot;caption&quot;:&quot;&quot;,&quot;created_timestamp&quot;:&quot;1390044389&quot;,&quot;copyright&quot;:&quot;&quot;,&quot;focal_length&quot;:&quot;17&quot;,&quot;iso&quot;:&quot;400&quot;,&quot;shutter_speed&quot;:&quot;0.00015625&quot;,&quot;title&quot;:&quot;&quot;}\" data-image-title=\"CC06\" data-image-description=\"\" data-medium-file=\"https:\/\/i0.wp.com\/songkol.com\/WordPress3\/wp-content\/uploads\/2014\/04\/CC06.jpg?fit=300%2C200\" data-large-file=\"https:\/\/i0.wp.com\/songkol.com\/WordPress3\/wp-content\/uploads\/2014\/04\/CC06.jpg?fit=768%2C512\" src=\"https:\/\/i0.wp.com\/songkol.com\/WordPress3\/wp-content\/uploads\/2014\/04\/CC06.jpg?w=380&#038;h=253\" width=\"380\" height=\"253\" data-original-width=\"380\" data-original-height=\"253\" itemprop=\"http:\/\/schema.org\/image\" title=\"CC06\" alt=\"ARGENTINE \/ Sur la route vers le PN Bosque Petrificado\" style=\"width: 380px; height: 253px;\" \/> <\/a> <div class=\"tiled-gallery-caption\" itemprop=\"caption description\"> ARGENTINE \/ Sur la route vers le PN Bosque Petrificado <\/div> <\/div> <\/div> <!-- close group --> <div class=\"gallery-group images-1\" style=\"width: 384px; height: 257px;\" data-original-width=\"384\" data-original-height=\"257\" > <div class=\"tiled-gallery-item tiled-gallery-item-large\" itemprop=\"associatedMedia\" itemscope itemtype=\"http:\/\/schema.org\/ImageObject\"> <a href=\"http:\/\/songkol.com\/WordPress3\/cc09\/\" border=\"0\" itemprop=\"url\"> <meta itemprop=\"width\" content=\"380\"> <meta itemprop=\"height\" content=\"253\"> <img data-attachment-id=\"1803\" data-orig-file=\"http:\/\/songkol.com\/WordPress3\/wp-content\/uploads\/2014\/04\/CC09.jpg\" data-orig-size=\"1024,683\" data-comments-opened=\"1\" data-image-meta=\"{&quot;aperture&quot;:&quot;5.6&quot;,&quot;credit&quot;:&quot;&quot;,&quot;camera&quot;:&quot;Canon EOS 5D&quot;,&quot;caption&quot;:&quot;&quot;,&quot;created_timestamp&quot;:&quot;1390648873&quot;,&quot;copyright&quot;:&quot;&quot;,&quot;focal_length&quot;:&quot;17&quot;,&quot;iso&quot;:&quot;400&quot;,&quot;shutter_speed&quot;:&quot;0.00025&quot;,&quot;title&quot;:&quot;&quot;}\" data-image-title=\"CC09\" data-image-description=\"\" data-medium-file=\"https:\/\/i0.wp.com\/songkol.com\/WordPress3\/wp-content\/uploads\/2014\/04\/CC09.jpg?fit=300%2C200\" data-large-file=\"https:\/\/i0.wp.com\/songkol.com\/WordPress3\/wp-content\/uploads\/2014\/04\/CC09.jpg?fit=768%2C512\" src=\"https:\/\/i0.wp.com\/songkol.com\/WordPress3\/wp-content\/uploads\/2014\/04\/CC09.jpg?w=380&#038;h=253\" width=\"380\" height=\"253\" data-original-width=\"380\" data-original-height=\"253\" itemprop=\"http:\/\/schema.org\/image\" title=\"CC09\" alt=\"ARGENTINE \/ Bivouac PN Tierra del Fuego\" style=\"width: 380px; height: 253px;\" \/> <\/a> <div class=\"tiled-gallery-caption\" itemprop=\"caption description\"> ARGENTINE \/ Bivouac PN Tierra del Fuego <\/div> <\/div> <\/div> <!-- close group --> <\/div> <!-- close row --> <div class=\"gallery-row\" style=\"width: 768px; height: 258px;\" data-original-width=\"768\" data-original-height=\"258\" > <div class=\"gallery-group images-1\" style=\"width: 768px; height: 258px;\" data-original-width=\"768\" data-original-height=\"258\" > <div class=\"tiled-gallery-item tiled-gallery-item-large\" itemprop=\"associatedMedia\" itemscope itemtype=\"http:\/\/schema.org\/ImageObject\"> <a href=\"http:\/\/songkol.com\/WordPress3\/cc10\/\" border=\"0\" itemprop=\"url\"> <meta itemprop=\"width\" content=\"764\"> <meta itemprop=\"height\" content=\"254\"> <img data-attachment-id=\"1804\" data-orig-file=\"http:\/\/songkol.com\/WordPress3\/wp-content\/uploads\/2014\/04\/CC10.jpg\" data-orig-size=\"1024,341\" data-comments-opened=\"1\" data-image-meta=\"{&quot;aperture&quot;:&quot;6.3&quot;,&quot;credit&quot;:&quot;&quot;,&quot;camera&quot;:&quot;Canon EOS 5D&quot;,&quot;caption&quot;:&quot;&quot;,&quot;created_timestamp&quot;:&quot;1390986301&quot;,&quot;copyright&quot;:&quot;&quot;,&quot;focal_length&quot;:&quot;40&quot;,&quot;iso&quot;:&quot;400&quot;,&quot;shutter_speed&quot;:&quot;0.000625&quot;,&quot;title&quot;:&quot;&quot;}\" data-image-title=\"CC10\" data-image-description=\"\" data-medium-file=\"https:\/\/i0.wp.com\/songkol.com\/WordPress3\/wp-content\/uploads\/2014\/04\/CC10.jpg?fit=300%2C99\" data-large-file=\"https:\/\/i0.wp.com\/songkol.com\/WordPress3\/wp-content\/uploads\/2014\/04\/CC10.jpg?fit=768%2C256\" src=\"https:\/\/i0.wp.com\/songkol.com\/WordPress3\/wp-content\/uploads\/2014\/04\/CC10.jpg?w=764&#038;h=254\" width=\"764\" height=\"254\" data-original-width=\"764\" data-original-height=\"254\" itemprop=\"http:\/\/schema.org\/image\" title=\"CC10\" alt=\"ARGENTINE \/ Bivouac en face de Puerto Williams (canal de Beagle)\" style=\"width: 764px; height: 254px;\" \/> <\/a> <div class=\"tiled-gallery-caption\" itemprop=\"caption description\"> ARGENTINE \/ Bivouac en face de Puerto Williams (canal de Beagle) <\/div> <\/div> <\/div> <!-- close group --> <\/div> <!-- close row --> <div class=\"gallery-row\" style=\"width: 768px; height: 343px;\" data-original-width=\"768\" data-original-height=\"343\" > <div class=\"gallery-group images-1\" style=\"width: 513px; height: 343px;\" data-original-width=\"513\" data-original-height=\"343\" > <div class=\"tiled-gallery-item tiled-gallery-item-large\" itemprop=\"associatedMedia\" itemscope itemtype=\"http:\/\/schema.org\/ImageObject\"> <a href=\"http:\/\/songkol.com\/WordPress3\/cc11\/\" border=\"0\" itemprop=\"url\"> <meta itemprop=\"width\" content=\"509\"> <meta itemprop=\"height\" content=\"339\"> <img data-attachment-id=\"1805\" data-orig-file=\"http:\/\/songkol.com\/WordPress3\/wp-content\/uploads\/2014\/04\/CC11.jpg\" data-orig-size=\"1024,683\" data-comments-opened=\"1\" data-image-meta=\"{&quot;aperture&quot;:&quot;5.6&quot;,&quot;credit&quot;:&quot;&quot;,&quot;camera&quot;:&quot;Canon EOS 5D&quot;,&quot;caption&quot;:&quot;&quot;,&quot;created_timestamp&quot;:&quot;1391095881&quot;,&quot;copyright&quot;:&quot;&quot;,&quot;focal_length&quot;:&quot;17&quot;,&quot;iso&quot;:&quot;400&quot;,&quot;shutter_speed&quot;:&quot;0.0003125&quot;,&quot;title&quot;:&quot;&quot;}\" data-image-title=\"CC11\" data-image-description=\"\" data-medium-file=\"https:\/\/i0.wp.com\/songkol.com\/WordPress3\/wp-content\/uploads\/2014\/04\/CC11.jpg?fit=300%2C200\" data-large-file=\"https:\/\/i0.wp.com\/songkol.com\/WordPress3\/wp-content\/uploads\/2014\/04\/CC11.jpg?fit=768%2C512\" src=\"https:\/\/i0.wp.com\/songkol.com\/WordPress3\/wp-content\/uploads\/2014\/04\/CC11.jpg?w=509&#038;h=339\" width=\"509\" height=\"339\" data-original-width=\"509\" data-original-height=\"339\" itemprop=\"http:\/\/schema.org\/image\" title=\"CC11\" alt=\"ARGENTINE \/ Canal de Beagle\" style=\"width: 509px; height: 339px;\" \/> <\/a> <div class=\"tiled-gallery-caption\" itemprop=\"caption description\"> ARGENTINE \/ Canal de Beagle <\/div> <\/div> <\/div> <!-- close group --> <div class=\"gallery-group images-2\" style=\"width: 255px; height: 343px;\" data-original-width=\"255\" data-original-height=\"343\" > <div class=\"tiled-gallery-item tiled-gallery-item-large\" itemprop=\"associatedMedia\" itemscope itemtype=\"http:\/\/schema.org\/ImageObject\"> <a href=\"http:\/\/songkol.com\/WordPress3\/cc17\/\" border=\"0\" itemprop=\"url\"> <meta itemprop=\"width\" content=\"251\"> <meta itemprop=\"height\" content=\"167\"> <img data-attachment-id=\"1810\" data-orig-file=\"http:\/\/songkol.com\/WordPress3\/wp-content\/uploads\/2014\/04\/CC17.jpg\" data-orig-size=\"1024,683\" data-comments-opened=\"1\" data-image-meta=\"{&quot;aperture&quot;:&quot;18&quot;,&quot;credit&quot;:&quot;&quot;,&quot;camera&quot;:&quot;Canon EOS 5D&quot;,&quot;caption&quot;:&quot;&quot;,&quot;created_timestamp&quot;:&quot;1391966703&quot;,&quot;copyright&quot;:&quot;&quot;,&quot;focal_length&quot;:&quot;17&quot;,&quot;iso&quot;:&quot;400&quot;,&quot;shutter_speed&quot;:&quot;0.0015625&quot;,&quot;title&quot;:&quot;&quot;}\" data-image-title=\"CC17\" data-image-description=\"\" data-medium-file=\"https:\/\/i0.wp.com\/songkol.com\/WordPress3\/wp-content\/uploads\/2014\/04\/CC17.jpg?fit=300%2C200\" data-large-file=\"https:\/\/i0.wp.com\/songkol.com\/WordPress3\/wp-content\/uploads\/2014\/04\/CC17.jpg?fit=768%2C512\" src=\"https:\/\/i0.wp.com\/songkol.com\/WordPress3\/wp-content\/uploads\/2014\/04\/CC17.jpg?w=251&#038;h=167\" width=\"251\" height=\"167\" data-original-width=\"251\" data-original-height=\"167\" itemprop=\"http:\/\/schema.org\/image\" title=\"CC17\" alt=\"CHILI \/ Bivouac \u00e0 la Laguna Azul (PN Torres del Paine)\" style=\"width: 251px; height: 167px;\" \/> <\/a> <div class=\"tiled-gallery-caption\" itemprop=\"caption description\"> CHILI \/ Bivouac \u00e0 la Laguna Azul (PN Torres del Paine) <\/div> <\/div> <div class=\"tiled-gallery-item tiled-gallery-item-large\" itemprop=\"associatedMedia\" itemscope itemtype=\"http:\/\/schema.org\/ImageObject\"> <a href=\"http:\/\/songkol.com\/WordPress3\/cc18\/\" border=\"0\" itemprop=\"url\"> <meta itemprop=\"width\" content=\"251\"> <meta itemprop=\"height\" content=\"168\"> <img data-attachment-id=\"1812\" data-orig-file=\"http:\/\/songkol.com\/WordPress3\/wp-content\/uploads\/2014\/04\/CC18.jpg\" data-orig-size=\"1024,683\" data-comments-opened=\"1\" data-image-meta=\"{&quot;aperture&quot;:&quot;14&quot;,&quot;credit&quot;:&quot;&quot;,&quot;camera&quot;:&quot;Canon EOS 5D&quot;,&quot;caption&quot;:&quot;&quot;,&quot;created_timestamp&quot;:&quot;1392146001&quot;,&quot;copyright&quot;:&quot;&quot;,&quot;focal_length&quot;:&quot;17&quot;,&quot;iso&quot;:&quot;400&quot;,&quot;shutter_speed&quot;:&quot;0.002&quot;,&quot;title&quot;:&quot;&quot;}\" data-image-title=\"CC18\" data-image-description=\"\" data-medium-file=\"https:\/\/i0.wp.com\/songkol.com\/WordPress3\/wp-content\/uploads\/2014\/04\/CC18.jpg?fit=300%2C200\" data-large-file=\"https:\/\/i0.wp.com\/songkol.com\/WordPress3\/wp-content\/uploads\/2014\/04\/CC18.jpg?fit=768%2C512\" src=\"https:\/\/i0.wp.com\/songkol.com\/WordPress3\/wp-content\/uploads\/2014\/04\/CC18.jpg?w=251&#038;h=168\" width=\"251\" height=\"168\" data-original-width=\"251\" data-original-height=\"168\" itemprop=\"http:\/\/schema.org\/image\" title=\"CC18\" alt=\"CHILI \/ Lago Pehoe (PN Torres del Paine)\" style=\"width: 251px; height: 168px;\" \/> <\/a> <div class=\"tiled-gallery-caption\" itemprop=\"caption description\"> CHILI \/ Lago Pehoe (PN Torres del Paine) <\/div> <\/div> <\/div> <!-- close group --> <\/div> <!-- close row --> <div class=\"gallery-row\" style=\"width: 768px; height: 161px;\" data-original-width=\"768\" data-original-height=\"161\" > <div class=\"gallery-group images-1\" style=\"width: 240px; height: 161px;\" data-original-width=\"240\" data-original-height=\"161\" > <div class=\"tiled-gallery-item tiled-gallery-item-small\" itemprop=\"associatedMedia\" itemscope itemtype=\"http:\/\/schema.org\/ImageObject\"> <a href=\"http:\/\/songkol.com\/WordPress3\/cc34\/\" border=\"0\" itemprop=\"url\"> <meta itemprop=\"width\" content=\"236\"> <meta itemprop=\"height\" content=\"157\"> <img data-attachment-id=\"1826\" data-orig-file=\"http:\/\/songkol.com\/WordPress3\/wp-content\/uploads\/2014\/04\/CC34.jpg\" data-orig-size=\"1024,683\" data-comments-opened=\"1\" data-image-meta=\"{&quot;aperture&quot;:&quot;18&quot;,&quot;credit&quot;:&quot;&quot;,&quot;camera&quot;:&quot;Canon EOS 5D&quot;,&quot;caption&quot;:&quot;&quot;,&quot;created_timestamp&quot;:&quot;1397905404&quot;,&quot;copyright&quot;:&quot;&quot;,&quot;focal_length&quot;:&quot;17&quot;,&quot;iso&quot;:&quot;800&quot;,&quot;shutter_speed&quot;:&quot;0.00125&quot;,&quot;title&quot;:&quot;&quot;}\" data-image-title=\"CC34\" data-image-description=\"\" data-medium-file=\"https:\/\/i0.wp.com\/songkol.com\/WordPress3\/wp-content\/uploads\/2014\/04\/CC34.jpg?fit=300%2C200\" data-large-file=\"https:\/\/i0.wp.com\/songkol.com\/WordPress3\/wp-content\/uploads\/2014\/04\/CC34.jpg?fit=768%2C512\" src=\"https:\/\/i0.wp.com\/songkol.com\/WordPress3\/wp-content\/uploads\/2014\/04\/CC34.jpg?w=236&#038;h=157\" width=\"236\" height=\"157\" data-original-width=\"236\" data-original-height=\"157\" itemprop=\"http:\/\/schema.org\/image\" title=\"CC34\" alt=\"CHILI-ARGENTINE \/ Paso Agua Negra (4780 m)\" style=\"width: 236px; height: 157px;\" \/> <\/a> <div class=\"tiled-gallery-caption\" itemprop=\"caption description\"> CHILI-ARGENTINE \/ Paso Agua Negra (4780 m) <\/div> <\/div> <\/div> <!-- close group --> <div class=\"gallery-group images-1\" style=\"width: 528px; height: 161px;\" data-original-width=\"528\" data-original-height=\"161\" > <div class=\"tiled-gallery-item tiled-gallery-item-large\" itemprop=\"associatedMedia\" itemscope itemtype=\"http:\/\/schema.org\/ImageObject\"> <a href=\"http:\/\/songkol.com\/WordPress3\/copy-pano-lipezlio3-jpg\/\" border=\"0\" itemprop=\"url\"> <meta itemprop=\"width\" content=\"524\"> <meta itemprop=\"height\" content=\"157\"> <img data-attachment-id=\"3626\" data-orig-file=\"http:\/\/songkol.com\/WordPress3\/wp-content\/uploads\/2014\/09\/copy-pano-lipezLio3.jpg\" data-orig-size=\"1500,450\" data-comments-opened=\"1\" data-image-meta=\"{&quot;aperture&quot;:&quot;18&quot;,&quot;credit&quot;:&quot;&quot;,&quot;camera&quot;:&quot;Canon EOS 5D&quot;,&quot;caption&quot;:&quot;&quot;,&quot;created_timestamp&quot;:&quot;1404052520&quot;,&quot;copyright&quot;:&quot;&quot;,&quot;focal_length&quot;:&quot;40&quot;,&quot;iso&quot;:&quot;400&quot;,&quot;shutter_speed&quot;:&quot;0.0015625&quot;,&quot;title&quot;:&quot;&quot;}\" data-image-title=\"copy-pano-lipezLio3.jpg\" data-image-description=\"&lt;p&gt;http:\/\/songkol.com\/WordPress3\/wp-content\/uploads\/2014\/09\/copy-pano-lipezLio3.jpg&lt;\/p&gt; \" data-medium-file=\"https:\/\/i0.wp.com\/songkol.com\/WordPress3\/wp-content\/uploads\/2014\/09\/copy-pano-lipezLio3.jpg?fit=300%2C90\" data-large-file=\"https:\/\/i0.wp.com\/songkol.com\/WordPress3\/wp-content\/uploads\/2014\/09\/copy-pano-lipezLio3.jpg?fit=768%2C230\" src=\"https:\/\/i0.wp.com\/songkol.com\/WordPress3\/wp-content\/uploads\/2014\/09\/copy-pano-lipezLio3.jpg?w=524&#038;h=157\" width=\"524\" height=\"157\" data-original-width=\"524\" data-original-height=\"157\" itemprop=\"http:\/\/schema.org\/image\" title=\"copy-pano-lipezLio3.jpg\" alt=\"BOLIVIE \/ Salar de Uyuni\" style=\"width: 524px; height: 157px;\" \/> <\/a> <div class=\"tiled-gallery-caption\" itemprop=\"caption description\"> BOLIVIE \/ Salar de Uyuni <\/div> <\/div> <\/div> <!-- close group --> <\/div> <!-- close row --> <\/div>\n","protected":false},"excerpt":{"rendered":"<p>Ci-dessous vous trouverez l&rsquo;annonce que nous avions mis en ligne pour la vente. R\u00e9trospectivement, on peut affirmer que c&rsquo;\u00e9tait le bon choix dans la configuration o\u00f9 nous \u00e9tions : famille avec enfants en bas \u00e2ge (1 et 4 ans), besoin d&rsquo;autonomie, possibilit\u00e9 de s&rsquo;engager dans des pistes mais pas d&rsquo;une capacit\u00e9 de franchissement type 4&#215;4, [&hellip;]<\/p>\n","protected":false},"author":2,"featured_media":0,"parent":0,"menu_order":3,"comment_status":"closed","ping_status":"closed","template":"","meta":{"spay_email":""},"jetpack_sharing_enabled":true,"jetpack_shortlink":"https:\/\/wp.me\/P4uy6M-E","jetpack_likes_enabled":true,"_links":{"self":[{"href":"http:\/\/songkol.com\/WordPress3\/wp-json\/wp\/v2\/pages\/40"}],"collection":[{"href":"http:\/\/songkol.com\/WordPress3\/wp-json\/wp\/v2\/pages"}],"about":[{"href":"http:\/\/songkol.com\/WordPress3\/wp-json\/wp\/v2\/types\/page"}],"author":[{"embeddable":true,"href":"http:\/\/songkol.com\/WordPress3\/wp-json\/wp\/v2\/users\/2"}],"replies":[{"embeddable":true,"href":"http:\/\/songkol.com\/WordPress3\/wp-json\/wp\/v2\/comments?post=40"}],"version-history":[{"count":143,"href":"http:\/\/songkol.com\/WordPress3\/wp-json\/wp\/v2\/pages\/40\/revisions"}],"predecessor-version":[{"id":6994,"href":"http:\/\/songkol.com\/WordPress3\/wp-json\/wp\/v2\/pages\/40\/revisions\/6994"}],"wp:attachment":[{"href":"http:\/\/songkol.com\/WordPress3\/wp-json\/wp\/v2\/media?parent=40"}],"curies":[{"name":"wp","href":"https:\/\/api.w.org\/{rel}","templated":true}]}}